{"id":31105,"date":"2017-08-22T11:43:21","date_gmt":"2017-08-22T11:43:21","guid":{"rendered":"http:\/\/s675738058.mialojamiento.es\/PRUEBAS\/quienes-somos-2\/nuestro-equipo\/"},"modified":"2025-09-24T08:42:01","modified_gmt":"2025-09-24T08:42:01","slug":"nuestro-equipo","status":"publish","type":"page","link":"https:\/\/www.estudiodecomunicacion.com\/en\/about-us\/nuestro-equipo\/","title":{"rendered":"Who we are"},"content":{"rendered":"<div class=\"wpb-content-wrapper\"><p>[vc_row rt_row_background_width=&#8221;default&#8221; rt_row_style=&#8221;default-style&#8221; rt_row_borders=&#8221;&#8221; rt_row_paddings=&#8221;true&#8221; rt_bg_effect=&#8221;classic&#8221; rt_bg_image_repeat=&#8221;repeat&#8221; rt_bg_size=&#8221;cover&#8221; rt_bg_position=&#8221;right top&#8221; rt_bg_attachment=&#8221;scroll&#8221; rt_bg_video_format=&#8221;self-hosted&#8221;][vc_column rt_wrp_col_paddings=&#8221;false&#8221; rt_border_top=&#8221;&#8221; rt_border_bottom=&#8221;&#8221; rt_border_left=&#8221;&#8221; rt_border_right=&#8221;&#8221; rt_border_top_mobile=&#8221;&#8221; rt_border_bottom_mobile=&#8221;&#8221; rt_border_left_mobile=&#8221;&#8221; rt_border_right_mobile=&#8221;&#8221; rt_bg_image_repeat=&#8221;repeat&#8221; rt_bg_size=&#8221;auto auto&#8221; rt_bg_position=&#8221;right top&#8221; rt_bg_attachment=&#8221;scroll&#8221;]<div class=\"rt_heading_wrapper style-7\">\n\t\t\t\t\t\t<h1 class=\"rt_heading  aligncenter style-7\" >Our professional team<\/h1>\n\t\t\t\t\t<\/div>[\/vc_column][\/vc_row][vc_row rt_row_background_width=&#8221;default&#8221; rt_row_style=&#8221;default-style&#8221; rt_row_borders=&#8221;&#8221; rt_row_paddings=&#8221;true&#8221; rt_bg_effect=&#8221;classic&#8221; rt_bg_image_repeat=&#8221;repeat&#8221; rt_bg_size=&#8221;cover&#8221; rt_bg_position=&#8221;right top&#8221; rt_bg_attachment=&#8221;scroll&#8221; rt_bg_video_format=&#8221;self-hosted&#8221;][vc_column width=&#8221;1\/2&#8243; rt_wrp_col_paddings=&#8221;false&#8221; rt_border_top=&#8221;&#8221; rt_border_bottom=&#8221;&#8221; rt_border_left=&#8221;&#8221; rt_border_right=&#8221;&#8221; rt_border_top_mobile=&#8221;&#8221; rt_border_bottom_mobile=&#8221;&#8221; rt_border_left_mobile=&#8221;&#8221; rt_border_right_mobile=&#8221;&#8221; rt_bg_image_repeat=&#8221;repeat&#8221; rt_bg_size=&#8221;auto auto&#8221; rt_bg_position=&#8221;right top&#8221; rt_bg_attachment=&#8221;scroll&#8221;][vc_column_text]At Estudio de Comunicaci\u00f3n, we have a team of 160 professionals in Spain, Argentina, Portugal, and Mexico, who share the same methodology and work philosophy. We are integrated by consultants, public relations and advertising experts, analysts, journalists, designers, etc. A great deal of our professionals has over 10 years of experience within the company as well as previous experience in leading Information Media companies and Communications Departments, and are also fluent in various languages.<\/p>\n<p>Our team\u2019s long career within the Firm guarantees that our professionals have a proven experience with the Firm\u2019s know-how. Each member of the team is part of Estudio de Comunicacion, and is, in this way, nurtured by its working methods; our professionals both represent the Firm\u2019s experience and are at the forefront of our operations, passing their knowledge onto the new generations.[\/vc_column_text][\/vc_column][vc_column width=&#8221;1\/2&#8243; rt_wrp_col_paddings=&#8221;false&#8221; rt_border_top=&#8221;&#8221; rt_border_bottom=&#8221;&#8221; rt_border_left=&#8221;&#8221; rt_border_right=&#8221;&#8221; rt_border_top_mobile=&#8221;&#8221; rt_border_bottom_mobile=&#8221;&#8221; rt_border_left_mobile=&#8221;&#8221; rt_border_right_mobile=&#8221;&#8221; rt_bg_image_repeat=&#8221;repeat&#8221; rt_bg_size=&#8221;auto auto&#8221; rt_bg_position=&#8221;right top&#8221; rt_bg_attachment=&#8221;scroll&#8221;]<img loading=\"lazy\" decoding=\"async\" src=\"https:\/\/www.estudiodecomunicacion.com\/wp-content\/uploads\/2017\/08\/161219IMA-ESTUDIO-Foto-Grupo-Castellana-1024x683.jpg\" width=\"1024\" height=\"683\" alt=\"\" class=\"alignleft\" \/>[\/vc_column][\/vc_row][vc_row rt_row_background_width=&#8221;default&#8221; rt_row_style=&#8221;default-style&#8221; rt_row_borders=&#8221;&#8221; rt_row_paddings=&#8221;true&#8221; rt_bg_effect=&#8221;classic&#8221; rt_bg_image_repeat=&#8221;repeat&#8221; rt_bg_size=&#8221;cover&#8221; rt_bg_position=&#8221;right top&#8221; rt_bg_attachment=&#8221;scroll&#8221; rt_bg_video_format=&#8221;self-hosted&#8221;][vc_column rt_wrp_col_paddings=&#8221;false&#8221; rt_border_top=&#8221;&#8221; rt_border_bottom=&#8221;&#8221; rt_border_left=&#8221;&#8221; rt_border_right=&#8221;&#8221; rt_border_top_mobile=&#8221;&#8221; rt_border_bottom_mobile=&#8221;&#8221; rt_border_left_mobile=&#8221;&#8221; rt_border_right_mobile=&#8221;&#8221; rt_bg_image_repeat=&#8221;repeat&#8221; rt_bg_size=&#8221;auto auto&#8221; rt_bg_position=&#8221;right top&#8221; rt_bg_attachment=&#8221;scroll&#8221;]<div class=\"rt_heading_wrapper style-7\">\n\t\t\t\t\t\t<h1 class=\"rt_heading  aligncenter style-7\" >Executive team<\/h1>\n\t\t\t\t\t<\/div>[\/vc_column][\/vc_row][vc_row rt_row_background_width=&#8221;default&#8221; rt_row_style=&#8221;default-style&#8221; rt_row_borders=&#8221;&#8221; rt_row_paddings=&#8221;true&#8221; rt_bg_effect=&#8221;classic&#8221; rt_bg_image_repeat=&#8221;repeat&#8221; rt_bg_size=&#8221;cover&#8221; rt_bg_position=&#8221;right top&#8221; rt_bg_attachment=&#8221;scroll&#8221; rt_bg_video_format=&#8221;self-hosted&#8221;][vc_column rt_wrp_col_paddings=&#8221;false&#8221; rt_border_top=&#8221;&#8221; rt_border_bottom=&#8221;&#8221; rt_border_left=&#8221;&#8221; rt_border_right=&#8221;&#8221; rt_border_top_mobile=&#8221;&#8221; rt_border_bottom_mobile=&#8221;&#8221; rt_border_left_mobile=&#8221;&#8221; rt_border_right_mobile=&#8221;&#8221; rt_bg_image_repeat=&#8221;repeat&#8221; rt_bg_size=&#8221;auto auto&#8221; rt_bg_position=&#8221;right top&#8221; rt_bg_attachment=&#8221;scroll&#8221;]<div class=\"rt_heading_wrapper style-7\">\n\t\t\t\t\t\t<h2 class=\"rt_heading  aligncenter style-7\" >Founding Partners<\/h2>\n\t\t\t\t\t<\/div>[\/vc_column][\/vc_row][vc_row rt_row_background_width=&#8221;default&#8221; rt_row_style=&#8221;default-style&#8221; rt_row_borders=&#8221;&#8221; rt_row_paddings=&#8221;true&#8221; rt_bg_effect=&#8221;classic&#8221; rt_bg_image_repeat=&#8221;repeat&#8221; rt_bg_size=&#8221;cover&#8221; rt_bg_position=&#8221;right top&#8221; rt_bg_attachment=&#8221;scroll&#8221; rt_bg_video_format=&#8221;self-hosted&#8221;][vc_column rt_wrp_col_paddings=&#8221;false&#8221; rt_border_top=&#8221;&#8221; rt_border_bottom=&#8221;&#8221; rt_border_left=&#8221;&#8221; rt_border_right=&#8221;&#8221; rt_border_top_mobile=&#8221;&#8221; rt_border_bottom_mobile=&#8221;&#8221; rt_border_left_mobile=&#8221;&#8221; rt_border_right_mobile=&#8221;&#8221; rt_bg_image_repeat=&#8221;repeat&#8221; rt_bg_size=&#8221;auto auto&#8221; rt_bg_position=&#8221;right top&#8221; rt_bg_attachment=&#8221;scroll&#8221;][vc_row_inner rt_row_style=&#8221;global-style&#8221; rt_row_borders=&#8221;&#8221; rt_row_paddings=&#8221;true&#8221; rt_bg_effect=&#8221;classic&#8221; rt_bg_image_repeat=&#8221;repeat&#8221; rt_bg_size=&#8221;cover&#8221; rt_bg_position=&#8221;right top&#8221; rt_bg_attachment=&#8221;scroll&#8221; rt_bg_video_format=&#8221;self-hosted&#8221;][vc_column_inner rt_wrp_col_paddings=&#8221;false&#8221; rt_border_top=&#8221;&#8221; rt_border_bottom=&#8221;&#8221; rt_border_left=&#8221;&#8221; rt_border_right=&#8221;&#8221; rt_border_top_mobile=&#8221;&#8221; rt_border_bottom_mobile=&#8221;&#8221; rt_border_left_mobile=&#8221;&#8221; rt_border_right_mobile=&#8221;&#8221; rt_bg_image_repeat=&#8221;repeat&#8221; rt_bg_size=&#8221;auto auto&#8221; rt_bg_position=&#8221;right top&#8221; rt_bg_attachment=&#8221;scroll&#8221;]<section id=\"staff-215261\" class=\"team border_grid clearfix  \"><div class=\"row clearfix\"><div class=\"col col-sm-6\">\n\n \n<div class=\"loop post-31596 staff type-staff status-publish has-post-thumbnail hentry\" id=\"person-31596\">\t\n\t\t<div class=\"person_image\">\n\t\t<div class=\"person_image_wrapper\">\n\t\t\t\n\t\t\t\t\t\t\t<a href=\"https:\/\/www.estudiodecomunicacion.com\/en\/equipo\/ladislado-azcona-presidente\/\"><img decoding=\"async\" src=\"https:\/\/www.estudiodecomunicacion.com\/wp-content\/uploads\/2018\/04\/180305IMA-ESTUDIO-Ladislao-Azcona-para-web-e1622714416224.jpg\" alt=\"Estudio de Comunicaci\u00f3n - Ladislao Azcona - Presidente\" class=\"\" \/><\/a>\n\t\t\t\t\t\t\n\t\t<\/div>\n\t<\/div>\n\t\n\t\t\t<h5 class=\"person_name\"><a href=\"https:\/\/www.estudiodecomunicacion.com\/en\/equipo\/ladislado-azcona-presidente\/\">Ladislao Azcona<\/a><\/h5>\n\t\n\t\n\t<div class=\"profile\">\n\t\tFounding Partner\t<\/div> \n\n\t\t\n<\/div>\n<\/div>\n<div class=\"col col-sm-6\">\n\n \n<div class=\"loop post-31597 staff type-staff status-publish has-post-thumbnail hentry\" id=\"person-31597\">\t\n\t\t<div class=\"person_image\">\n\t\t<div class=\"person_image_wrapper\">\n\t\t\t\n\t\t\t\t\t\t\t<a href=\"https:\/\/www.estudiodecomunicacion.com\/en\/equipo\/benito-berceruelo-consejero-delegado\/\"><img decoding=\"async\" src=\"https:\/\/www.estudiodecomunicacion.com\/wp-content\/uploads\/2018\/03\/180305IMA-ESTUDIO-Benito-Berceruelo.jpg\" alt=\"Estudio de Comunicaci\u00f3n - Benito Berceruelo, Consejero Delegado de Estudio de Comunicaci\u00f3n\" class=\"\" \/><\/a>\n\t\t\t\t\t\t\n\t\t<\/div>\n\t<\/div>\n\t\n\t\t\t<h5 class=\"person_name\"><a href=\"https:\/\/www.estudiodecomunicacion.com\/en\/equipo\/benito-berceruelo-consejero-delegado\/\">Benito Berceruelo<\/a><\/h5>\n\t\n\t\n\t<div class=\"profile\">\n\t\tFounding Partner and CEO\t<\/div> \n\n\t<div class=\"person_links_wrapper\"><ul class=\"social_media\"><li class=\"twitter\"><a class=\"icon-twitter\" target=\"_blank\" href=\"https:\/\/twitter.com\/BBerceruelo\" title=\"X\"><span>S\u00edgueme en Twitter<\/span><\/a><\/li><\/ul><\/div>\t\n<\/div>\n<\/div>\n<\/div><\/section>[\/vc_column_inner][\/vc_row_inner][\/vc_column][\/vc_row][vc_row rt_row_background_width=&#8221;default&#8221; rt_row_style=&#8221;default-style&#8221; rt_row_borders=&#8221;&#8221; rt_row_paddings=&#8221;true&#8221; rt_bg_effect=&#8221;classic&#8221; rt_bg_image_repeat=&#8221;repeat&#8221; rt_bg_size=&#8221;cover&#8221; rt_bg_position=&#8221;right top&#8221; rt_bg_attachment=&#8221;scroll&#8221; rt_bg_video_format=&#8221;self-hosted&#8221;][vc_column rt_wrp_col_paddings=&#8221;false&#8221; rt_border_top=&#8221;&#8221; rt_border_bottom=&#8221;&#8221; rt_border_left=&#8221;&#8221; rt_border_right=&#8221;&#8221; rt_border_top_mobile=&#8221;&#8221; rt_border_bottom_mobile=&#8221;&#8221; rt_border_left_mobile=&#8221;&#8221; rt_border_right_mobile=&#8221;&#8221; rt_bg_image_repeat=&#8221;repeat&#8221; rt_bg_size=&#8221;auto auto&#8221; rt_bg_position=&#8221;right top&#8221; rt_bg_attachment=&#8221;scroll&#8221;]<div class=\"rt_heading_wrapper style-7\">\n\t\t\t\t\t\t<h2 class=\"rt_heading  aligncenter style-7\" >Partners<\/h2>\n\t\t\t\t\t<\/div>[\/vc_column][\/vc_row][vc_row rt_row_background_width=&#8221;default&#8221; rt_row_style=&#8221;default-style&#8221; rt_row_borders=&#8221;&#8221; rt_row_paddings=&#8221;true&#8221; rt_bg_effect=&#8221;classic&#8221; rt_bg_image_repeat=&#8221;repeat&#8221; rt_bg_size=&#8221;cover&#8221; rt_bg_position=&#8221;right top&#8221; rt_bg_attachment=&#8221;scroll&#8221; rt_bg_video_format=&#8221;self-hosted&#8221;][vc_column rt_wrp_col_paddings=&#8221;false&#8221; rt_border_top=&#8221;&#8221; rt_border_bottom=&#8221;&#8221; rt_border_left=&#8221;&#8221; rt_border_right=&#8221;&#8221; rt_border_top_mobile=&#8221;&#8221; rt_border_bottom_mobile=&#8221;&#8221; rt_border_left_mobile=&#8221;&#8221; rt_border_right_mobile=&#8221;&#8221; rt_bg_image_repeat=&#8221;repeat&#8221; rt_bg_size=&#8221;auto auto&#8221; rt_bg_position=&#8221;right top&#8221; rt_bg_attachment=&#8221;scroll&#8221;]<section id=\"staff-116070\" class=\"team border_grid clearfix  \"><div class=\"row clearfix\"><div class=\"col col-sm-6\">\n\n \n<div class=\"loop post-31606 staff type-staff status-publish has-post-thumbnail hentry\" id=\"person-31606\">\t\n\t\t<div class=\"person_image\">\n\t\t<div class=\"person_image_wrapper\">\n\t\t\t\n\t\t\t\t\t\t\t<a href=\"https:\/\/www.estudiodecomunicacion.com\/en\/equipo\/sonia-diaz-socia\/\"><img decoding=\"async\" src=\"https:\/\/www.estudiodecomunicacion.com\/wp-content\/uploads\/2014\/02\/180305IMA-ESTUDIO-Sonia-Diaz-e1622714256325.jpg\" alt=\"Estudio de Comunicaci\u00f3n - Sonia D\u00edaz- Socia\" class=\"\" \/><\/a>\n\t\t\t\t\t\t\n\t\t<\/div>\n\t<\/div>\n\t\n\t\t\t<h5 class=\"person_name\"><a href=\"https:\/\/www.estudiodecomunicacion.com\/en\/equipo\/sonia-diaz-socia\/\">Sonia D\u00edaz<\/a><\/h5>\n\t\n\t\n\t<div class=\"profile\">\n\t\tPartner\t<\/div> \n\n\t<div class=\"person_links_wrapper\"><ul class=\"social_media\"><li class=\"mail\"><a class=\"icon-mail\" target=\"_self\" href=\"mailto:sdiaz@estudiodecomunicacion.com\" title=\"Email\"><span>Email<\/span><\/a><\/li><li class=\"twitter\"><a class=\"icon-twitter\" target=\"_blank\" href=\"https:\/\/twitter.com\/sonia_diazg\" title=\"X\"><span>Follow on Twitter<\/span><\/a><\/li><li class=\"linkedin\"><a class=\"icon-linkedin\" target=\"_blank\" href=\"https:\/\/www.linkedin.com\/in\/sonia-d%C3%ADaz-10050612\/\" title=\"Linkedin\"><span>Linkedin<\/span><\/a><\/li><\/ul><\/div>\t\n<\/div>\n<\/div>\n<div class=\"col col-sm-6\">\n\n \n<div class=\"loop post-31605 staff type-staff status-publish has-post-thumbnail hentry\" id=\"person-31605\">\t\n\t\t<div class=\"person_image\">\n\t\t<div class=\"person_image_wrapper\">\n\t\t\t\n\t\t\t\t\t\t\t<a href=\"https:\/\/www.estudiodecomunicacion.com\/en\/equipo\/juan-frances-socio\/\"><img decoding=\"async\" src=\"https:\/\/www.estudiodecomunicacion.com\/wp-content\/uploads\/2014\/02\/Juan-Frances2024-1-scaled-640x640.jpg\" alt=\"\" class=\"\" \/><\/a>\n\t\t\t\t\t\t\n\t\t<\/div>\n\t<\/div>\n\t\n\t\t\t<h5 class=\"person_name\"><a href=\"https:\/\/www.estudiodecomunicacion.com\/en\/equipo\/juan-frances-socio\/\">Juan Franc\u00e9s<\/a><\/h5>\n\t\n\t\n\t<div class=\"profile\">\n\t\tPartner\t<\/div> \n\n\t<div class=\"person_links_wrapper\"><ul class=\"social_media\"><li class=\"mail\"><a class=\"icon-mail\" target=\"_self\" href=\"mailto:jfrances@estudiodecomunicacion.com\" title=\"Email\"><span>Email<\/span><\/a><\/li><li class=\"twitter\"><a class=\"icon-twitter\" target=\"_blank\" href=\"https:\/\/twitter.com\/juanafrances?lang=es\" title=\"X\"><span>Follow on Twitter<\/span><\/a><\/li><li class=\"linkedin\"><a class=\"icon-linkedin\" target=\"_blank\" href=\"https:\/\/www.linkedin.com\/in\/juanfrances\/\" title=\"Linkedin\"><span>Follow on Linkedin<\/span><\/a><\/li><\/ul><\/div>\t\n<\/div>\n<\/div>\n<\/div><div class=\"row clearfix\"><div class=\"col col-sm-6\">\n\n \n<div class=\"loop post-31603 staff type-staff status-publish has-post-thumbnail hentry\" id=\"person-31603\">\t\n\t\t<div class=\"person_image\">\n\t\t<div class=\"person_image_wrapper\">\n\t\t\t\n\t\t\t\t\t\t\t<a href=\"https:\/\/www.estudiodecomunicacion.com\/en\/equipo\/pablo-gonzalo-socio-comunicacion-interna\/\"><img decoding=\"async\" src=\"https:\/\/www.estudiodecomunicacion.com\/wp-content\/uploads\/2018\/04\/180305IMA-ESTUDIO-Pablo-Gonzalo.jpg\" alt=\"Estudio de Comunicaci\u00f3n - Pablo Gonzalo - Socio\" class=\"\" \/><\/a>\n\t\t\t\t\t\t\n\t\t<\/div>\n\t<\/div>\n\t\n\t\t\t<h5 class=\"person_name\"><a href=\"https:\/\/www.estudiodecomunicacion.com\/en\/equipo\/pablo-gonzalo-socio-comunicacion-interna\/\">Pablo Gonzalo<\/a><\/h5>\n\t\n\t\n\t<div class=\"profile\">\n\t\tPartner\t<\/div> \n\n\t<div class=\"person_links_wrapper\"><ul class=\"social_media\"><li class=\"mail\"><a class=\"icon-mail\" target=\"_self\" href=\"mailto:pgonzalo@estudiodecomunicacion.com\" title=\"Email\"><span>Email<\/span><\/a><\/li><li class=\"twitter\"><a class=\"icon-twitter\" target=\"_blank\" href=\"https:\/\/twitter.com\/pablo_gonzalo\" title=\"X\"><span>Follow on Twitter<\/span><\/a><\/li><li class=\"linkedin\"><a class=\"icon-linkedin\" target=\"_blank\" href=\"https:\/\/www.linkedin.com\/in\/pablogonzalomolina\/\" title=\"Linkedin\"><span>Follow on Linkedin<\/span><\/a><\/li><\/ul><\/div>\t\n<\/div>\n<\/div>\n<div class=\"col col-sm-6\">\n\n \n<div class=\"loop post-31598 staff type-staff status-publish has-post-thumbnail hentry\" id=\"person-31598\">\t\n\t\t<div class=\"person_image\">\n\t\t<div class=\"person_image_wrapper\">\n\t\t\t\n\t\t\t\t\t\t\t<a href=\"https:\/\/www.estudiodecomunicacion.com\/en\/equipo\/inaki-torres-socio\/\"><img decoding=\"async\" src=\"https:\/\/www.estudiodecomunicacion.com\/wp-content\/uploads\/2014\/02\/180305IMA-ESTUDIO-I\u00f1aki-Torres.jpg\" alt=\"Socio de Estudio de Comunciaci\u00f3n\" class=\"\" \/><\/a>\n\t\t\t\t\t\t\n\t\t<\/div>\n\t<\/div>\n\t\n\t\t\t<h5 class=\"person_name\"><a href=\"https:\/\/www.estudiodecomunicacion.com\/en\/equipo\/inaki-torres-socio\/\">I\u00f1aki Torres<\/a><\/h5>\n\t\n\t\n\t<div class=\"profile\">\n\t\tPartner\t<\/div> \n\n\t<div class=\"person_links_wrapper\"><ul class=\"social_media\"><li class=\"mail\"><a class=\"icon-mail\" target=\"_self\" href=\"mailto:itorres@estudiodecomunicacion.com\" title=\"Email\"><span>Email<\/span><\/a><\/li><li class=\"twitter\"><a class=\"icon-twitter\" target=\"_blank\" href=\"https:\/\/twitter.com\/inaki_torres\" title=\"X\"><span>Follow on Twitter<\/span><\/a><\/li><li class=\"linkedin\"><a class=\"icon-linkedin\" target=\"_blank\" href=\"https:\/\/www.linkedin.com\/in\/inakitorres\/\" title=\"Linkedin\"><span>Follow on Linkedin<\/span><\/a><\/li><\/ul><\/div>\t\n<\/div>\n<\/div>\n<\/div><div class=\"row clearfix\"><div class=\"col col-sm-6\">\n\n \n<div class=\"loop post-31580 staff type-staff status-publish has-post-thumbnail hentry\" id=\"person-31580\">\t\n\t\t<div class=\"person_image\">\n\t\t<div class=\"person_image_wrapper\">\n\t\t\t\n\t\t\t\t\t\t\t<a href=\"https:\/\/www.estudiodecomunicacion.com\/en\/equipo\/juana-pulido-associated\/\"><img decoding=\"async\" src=\"https:\/\/www.estudiodecomunicacion.com\/wp-content\/uploads\/2018\/04\/180305IMA-ESTUDIO-Juana-Pulido.jpg\" alt=\"Estudio de comunicaci\u00f3n - Juana Pulido - directora\" class=\"\" \/><\/a>\n\t\t\t\t\t\t\n\t\t<\/div>\n\t<\/div>\n\t\n\t\t\t<h5 class=\"person_name\"><a href=\"https:\/\/www.estudiodecomunicacion.com\/en\/equipo\/juana-pulido-associated\/\">Juana Pulido<\/a><\/h5>\n\t\n\t\n\t<div class=\"profile\">\n\t\tPartner\t<\/div> \n\n\t<div class=\"person_links_wrapper\"><ul class=\"social_media\"><li class=\"mail\"><a class=\"icon-mail\" target=\"_self\" href=\"mailto:jpulido@estudiodecomunicacion.com\" title=\"Email\"><span>Email<\/span><\/a><\/li><li class=\"twitter\"><a class=\"icon-twitter\" target=\"_blank\" href=\"https:\/\/twitter.com\/juanapulido\" title=\"X\"><span>X<\/span><\/a><\/li><li class=\"linkedin\"><a class=\"icon-linkedin\" target=\"_blank\" href=\"https:\/\/www.linkedin.com\/in\/juanapulido\/\" title=\"Linkedin\"><span>Linkedin<\/span><\/a><\/li><\/ul><\/div>\t\n<\/div>\n<\/div>\n<div class=\"col col-sm-6\">\n\n \n<div class=\"loop post-44310 staff type-staff status-publish has-post-thumbnail hentry\" id=\"person-44310\">\t\n\t\t<div class=\"person_image\">\n\t\t<div class=\"person_image_wrapper\">\n\t\t\t\n\t\t\t\t\t\t\t<a href=\"https:\/\/www.estudiodecomunicacion.com\/en\/equipo\/antonio-cano\/\"><img decoding=\"async\" src=\"https:\/\/www.estudiodecomunicacion.com\/wp-content\/uploads\/2022\/09\/ESTUDIO-Antonio-Cano-scaled-e1670253169243-640x642.jpg\" alt=\"\" class=\"\" \/><\/a>\n\t\t\t\t\t\t\n\t\t<\/div>\n\t<\/div>\n\t\n\t\t\t<h5 class=\"person_name\"><a href=\"https:\/\/www.estudiodecomunicacion.com\/en\/equipo\/antonio-cano\/\">Antonio Ca\u00f1o<\/a><\/h5>\n\t\n\t\n\t<div class=\"profile\">\n\t\tPartner\t<\/div> \n\n\t<div class=\"person_links_wrapper\"><ul class=\"social_media\"><li class=\"mail\"><a class=\"icon-mail\" target=\"_self\" href=\"mailto:acano@estudiodecomunicaci\u00f3n.com\" title=\"Email\"><span>Email<\/span><\/a><\/li><li class=\"twitter\"><a class=\"icon-twitter\" target=\"_blank\" href=\"https:\/\/twitter.com\/Antonio_Cano_\" title=\"X\"><span>X<\/span><\/a><\/li><\/ul><\/div>\t\n<\/div>\n<\/div>\n<\/div><\/section>[\/vc_column][\/vc_row][vc_row rt_row_background_width=&#8221;default&#8221; rt_row_style=&#8221;default-style&#8221; rt_row_borders=&#8221;&#8221; rt_row_paddings=&#8221;true&#8221; rt_bg_effect=&#8221;classic&#8221; rt_bg_image_repeat=&#8221;repeat&#8221; rt_bg_size=&#8221;cover&#8221; rt_bg_position=&#8221;right top&#8221; rt_bg_attachment=&#8221;scroll&#8221; rt_bg_video_format=&#8221;self-hosted&#8221;][vc_column rt_wrp_col_paddings=&#8221;false&#8221; rt_border_top=&#8221;&#8221; rt_border_bottom=&#8221;&#8221; rt_border_left=&#8221;&#8221; rt_border_right=&#8221;&#8221; rt_border_top_mobile=&#8221;&#8221; rt_border_bottom_mobile=&#8221;&#8221; rt_border_left_mobile=&#8221;&#8221; rt_border_right_mobile=&#8221;&#8221; rt_bg_image_repeat=&#8221;repeat&#8221; rt_bg_size=&#8221;auto auto&#8221; rt_bg_position=&#8221;right top&#8221; rt_bg_attachment=&#8221;scroll&#8221;]<div class=\"rt_heading_wrapper style-7\">\n\t\t\t\t\t\t<h2 class=\"rt_heading  aligncenter style-7\" >Managing Directors<\/h2>\n\t\t\t\t\t<\/div>[\/vc_column][\/vc_row][vc_row rt_row_background_width=&#8221;default&#8221; rt_row_style=&#8221;default-style&#8221; rt_row_borders=&#8221;&#8221; rt_row_paddings=&#8221;true&#8221; rt_bg_effect=&#8221;classic&#8221; rt_bg_image_repeat=&#8221;repeat&#8221; rt_bg_size=&#8221;cover&#8221; rt_bg_position=&#8221;right top&#8221; rt_bg_attachment=&#8221;scroll&#8221; rt_bg_video_format=&#8221;self-hosted&#8221;][vc_column rt_wrp_col_paddings=&#8221;false&#8221; rt_border_top=&#8221;&#8221; rt_border_bottom=&#8221;&#8221; rt_border_left=&#8221;&#8221; rt_border_right=&#8221;&#8221; rt_border_top_mobile=&#8221;&#8221; rt_border_bottom_mobile=&#8221;&#8221; rt_border_left_mobile=&#8221;&#8221; rt_border_right_mobile=&#8221;&#8221; rt_bg_image_repeat=&#8221;repeat&#8221; rt_bg_size=&#8221;auto auto&#8221; rt_bg_position=&#8221;right top&#8221; rt_bg_attachment=&#8221;scroll&#8221;]<section id=\"staff-280877\" class=\"team border_grid clearfix  \"><div class=\"row clearfix\"><div class=\"col col-sm-6\">\n\n \n<div class=\"loop post-31593 staff type-staff status-publish has-post-thumbnail hentry\" id=\"person-31593\">\t\n\t\t<div class=\"person_image\">\n\t\t<div class=\"person_image_wrapper\">\n\t\t\t\n\t\t\t\t\t\t\t<a href=\"https:\/\/www.estudiodecomunicacion.com\/en\/equipo\/victoria-magro\/\"><img decoding=\"async\" src=\"https:\/\/www.estudiodecomunicacion.com\/wp-content\/uploads\/2017\/09\/180305IMA-ESTUDIO-Victoria-Magro-2.jpg\" alt=\"\" class=\"\" \/><\/a>\n\t\t\t\t\t\t\n\t\t<\/div>\n\t<\/div>\n\t\n\t\t\t<h5 class=\"person_name\"><a href=\"https:\/\/www.estudiodecomunicacion.com\/en\/equipo\/victoria-magro\/\">Victoria Magro<\/a><\/h5>\n\t\n\t\n\t<div class=\"profile\">\n\t\tCorporate Development Managing Director\t<\/div> \n\n\t<div class=\"person_links_wrapper\"><ul class=\"social_media\"><li class=\"mail\"><a class=\"icon-mail\" target=\"_self\" href=\"mailto:vmagro@estudiodecomunicacion.com\" title=\"Email\"><span>Email<\/span><\/a><\/li><li class=\"twitter\"><a class=\"icon-twitter\" target=\"_blank\" href=\"https:\/\/twitter.com\/VictoriaMagro\" title=\"X\"><span>X<\/span><\/a><\/li><li class=\"linkedin\"><a class=\"icon-linkedin\" target=\"_blank\" href=\"https:\/\/www.linkedin.com\/in\/victoria-magro-galan-0b473347\/\" title=\"Linkedin\"><span>Linkedin<\/span><\/a><\/li><\/ul><\/div>\t\n<\/div>\n<\/div>\n<div class=\"col col-sm-6\">\n\n \n<div class=\"loop post-31577 staff type-staff status-publish has-post-thumbnail hentry\" id=\"person-31577\">\t\n\t\t<div class=\"person_image\">\n\t\t<div class=\"person_image_wrapper\">\n\t\t\t\n\t\t\t\t\t\t\t<a href=\"https:\/\/www.estudiodecomunicacion.com\/en\/equipo\/silvia-rodriguez-directora\/\"><img decoding=\"async\" src=\"https:\/\/www.estudiodecomunicacion.com\/wp-content\/uploads\/2017\/12\/180305IMA-ESTUDIO-Silvia-Rodr\u00edguez.jpg\" alt=\"Estudio de Comunicaci\u00f3n - Silvia Rodr\u00edguez - directora\" class=\"\" \/><\/a>\n\t\t\t\t\t\t\n\t\t<\/div>\n\t<\/div>\n\t\n\t\t\t<h5 class=\"person_name\"><a href=\"https:\/\/www.estudiodecomunicacion.com\/en\/equipo\/silvia-rodriguez-directora\/\">Silvia Rodr\u00edguez<\/a><\/h5>\n\t\n\t\n\t<div class=\"profile\">\n\t\tManaging Director\t<\/div> \n\n\t<div class=\"person_links_wrapper\"><ul class=\"social_media\"><li class=\"mail\"><a class=\"icon-mail\" target=\"_self\" href=\"mailto:srodriguez@estudiodecomunicacion.com\" title=\"Email\"><span>Email<\/span><\/a><\/li><li class=\"twitter\"><a class=\"icon-twitter\" target=\"_blank\" href=\"https:\/\/twitter.com\/Silvirs\" title=\"X\"><span>X<\/span><\/a><\/li><li class=\"linkedin\"><a class=\"icon-linkedin\" target=\"_blank\" href=\"https:\/\/www.linkedin.com\/in\/silviarodriguezs\/\" title=\"Linkedin\"><span>Linkedin<\/span><\/a><\/li><\/ul><\/div>\t\n<\/div>\n<\/div>\n<\/div><div class=\"row clearfix\"><div class=\"col col-sm-6\">\n\n \n<div class=\"loop post-31575 staff type-staff status-publish has-post-thumbnail hentry\" id=\"person-31575\">\t\n\t\t<div class=\"person_image\">\n\t\t<div class=\"person_image_wrapper\">\n\t\t\t\n\t\t\t\t\t\t\t<a href=\"https:\/\/www.estudiodecomunicacion.com\/en\/equipo\/tomas-berzal-director-administracion-y-recursos-humanos\/\"><img decoding=\"async\" src=\"https:\/\/www.estudiodecomunicacion.com\/wp-content\/uploads\/2017\/12\/180305IMA-ESTUDIO-Tomas-Berzal.jpg\" alt=\"Estudio de Comunicaci\u00f3n- Tom\u00e1s Berzal - Director de Administraci\u00f3n y RRHH\" class=\"\" \/><\/a>\n\t\t\t\t\t\t\n\t\t<\/div>\n\t<\/div>\n\t\n\t\t\t<h5 class=\"person_name\"><a href=\"https:\/\/www.estudiodecomunicacion.com\/en\/equipo\/tomas-berzal-director-administracion-y-recursos-humanos\/\">Tom\u00e1s Berzal<\/a><\/h5>\n\t\n\t\n\t<div class=\"profile\">\n\t\tAdministration and HR Area Managing Director\t<\/div> \n\n\t\t\n<\/div>\n<\/div>\n<div class=\"col col-sm-6\">\n\n \n<div class=\"loop post-31574 staff type-staff status-publish has-post-thumbnail hentry\" id=\"person-31574\">\t\n\t\t<div class=\"person_image\">\n\t\t<div class=\"person_image_wrapper\">\n\t\t\t\n\t\t\t\t\t\t\t<a href=\"https:\/\/www.estudiodecomunicacion.com\/en\/equipo\/lourdes-chao-directora-juridica-y-fiscal\/\"><img decoding=\"async\" src=\"https:\/\/www.estudiodecomunicacion.com\/wp-content\/uploads\/2017\/12\/180305IMA-ESTUDIO-Lourdes-Chao-1.jpg\" alt=\"Estudio de Comunicaci\u00f3n - Lourdes Chao - Directora \u00e1rea legal\" class=\"\" \/><\/a>\n\t\t\t\t\t\t\n\t\t<\/div>\n\t<\/div>\n\t\n\t\t\t<h5 class=\"person_name\"><a href=\"https:\/\/www.estudiodecomunicacion.com\/en\/equipo\/lourdes-chao-directora-juridica-y-fiscal\/\">Lourdes Chao<\/a><\/h5>\n\t\n\t\n\t<div class=\"profile\">\n\t\tLegal and Tax Area Managing Director\t<\/div> \n\n\t\t\n<\/div>\n<\/div>\n<\/div><div class=\"row clearfix\"><div class=\"col col-sm-6\">\n\n \n<div class=\"loop post-43137 staff type-staff status-publish has-post-thumbnail hentry\" id=\"person-43137\">\t\n\t\t<div class=\"person_image\">\n\t\t<div class=\"person_image_wrapper\">\n\t\t\t\n\t\t\t\t\t\t\t<a href=\"https:\/\/www.estudiodecomunicacion.com\/en\/equipo\/pedro-soto\/\"><img decoding=\"async\" src=\"https:\/\/www.estudiodecomunicacion.com\/wp-content\/uploads\/2021\/01\/FotosWeb_PedroSoto-3-640x640.png\" alt=\"Pedro Soto\" class=\"\" \/><\/a>\n\t\t\t\t\t\t\n\t\t<\/div>\n\t<\/div>\n\t\n\t\t\t<h5 class=\"person_name\"><a href=\"https:\/\/www.estudiodecomunicacion.com\/en\/equipo\/pedro-soto\/\">Pedro Soto<\/a><\/h5>\n\t\n\t\n\t<div class=\"profile\">\n\t\tInternal Communications Area Managing Director\t<\/div> \n\n\t<div class=\"person_links_wrapper\"><ul class=\"social_media\"><li class=\"twitter\"><a class=\"icon-twitter\" target=\"_blank\" href=\"https:\/\/twitter.com\/pedrosotoft\" title=\"X\"><span>X<\/span><\/a><\/li><li class=\"linkedin\"><a class=\"icon-linkedin\" target=\"_blank\" href=\"https:\/\/www.linkedin.com\/in\/pedro-soto-ftapias\/\" title=\"Linkedin\"><span>Linkedin<\/span><\/a><\/li><\/ul><\/div>\t\n<\/div>\n<\/div>\n<div class=\"col col-sm-6\">\n\n \n<div class=\"loop post-43139 staff type-staff status-publish has-post-thumbnail hentry\" id=\"person-43139\">\t\n\t\t<div class=\"person_image\">\n\t\t<div class=\"person_image_wrapper\">\n\t\t\t\n\t\t\t\t\t\t\t<a href=\"https:\/\/www.estudiodecomunicacion.com\/en\/equipo\/aida-prados\/\"><img decoding=\"async\" src=\"https:\/\/www.estudiodecomunicacion.com\/wp-content\/uploads\/2021\/01\/FotosWeb_AidaPrados-6-640x640.png\" alt=\"\" class=\"\" \/><\/a>\n\t\t\t\t\t\t\n\t\t<\/div>\n\t<\/div>\n\t\n\t\t\t<h5 class=\"person_name\"><a href=\"https:\/\/www.estudiodecomunicacion.com\/en\/equipo\/aida-prados\/\">A\u00edda Prados<\/a><\/h5>\n\t\n\t\n\t<div class=\"profile\">\n\t\tFinancial Area Managing Director\t<\/div> \n\n\t<div class=\"person_links_wrapper\"><ul class=\"social_media\"><li class=\"twitter\"><a class=\"icon-twitter\" target=\"_blank\" href=\"https:\/\/twitter.com\/aidaprados\" title=\"X\"><span>X<\/span><\/a><\/li><li class=\"linkedin\"><a class=\"icon-linkedin\" target=\"_blank\" href=\"https:\/\/www.linkedin.com\/in\/aidaprados\/\" title=\"Linkedin\"><span>Linkedin<\/span><\/a><\/li><\/ul><\/div>\t\n<\/div>\n<\/div>\n<\/div><\/section>[\/vc_column][\/vc_row][vc_row rt_row_background_width=&#8221;default&#8221; rt_row_style=&#8221;default-style&#8221; rt_row_borders=&#8221;&#8221; rt_row_paddings=&#8221;true&#8221; rt_bg_effect=&#8221;classic&#8221; rt_bg_image_repeat=&#8221;repeat&#8221; rt_bg_size=&#8221;cover&#8221; rt_bg_position=&#8221;right top&#8221; rt_bg_attachment=&#8221;scroll&#8221; rt_bg_video_format=&#8221;self-hosted&#8221;][vc_column rt_wrp_col_paddings=&#8221;false&#8221; rt_border_top=&#8221;&#8221; rt_border_bottom=&#8221;&#8221; rt_border_left=&#8221;&#8221; rt_border_right=&#8221;&#8221; rt_border_top_mobile=&#8221;&#8221; rt_border_bottom_mobile=&#8221;&#8221; rt_border_left_mobile=&#8221;&#8221; rt_border_right_mobile=&#8221;&#8221; rt_bg_image_repeat=&#8221;repeat&#8221; rt_bg_size=&#8221;auto auto&#8221; rt_bg_position=&#8221;right top&#8221; rt_bg_attachment=&#8221;scroll&#8221;]<div class=\"rt_heading_wrapper style-7\">\n\t\t\t\t\t\t<h2 class=\"rt_heading  aligncenter style-7\" >Associates<\/h2>\n\t\t\t\t\t<\/div>[\/vc_column][\/vc_row][vc_row rt_row_background_width=&#8221;default&#8221; rt_row_style=&#8221;default-style&#8221; rt_row_borders=&#8221;&#8221; rt_row_paddings=&#8221;true&#8221; rt_bg_effect=&#8221;classic&#8221; rt_bg_image_repeat=&#8221;repeat&#8221; rt_bg_size=&#8221;cover&#8221; rt_bg_position=&#8221;right top&#8221; rt_bg_attachment=&#8221;scroll&#8221; rt_bg_video_format=&#8221;self-hosted&#8221;][vc_column rt_wrp_col_paddings=&#8221;false&#8221; rt_border_top=&#8221;&#8221; rt_border_bottom=&#8221;&#8221; rt_border_left=&#8221;&#8221; rt_border_right=&#8221;&#8221; rt_border_top_mobile=&#8221;&#8221; rt_border_bottom_mobile=&#8221;&#8221; rt_border_left_mobile=&#8221;&#8221; rt_border_right_mobile=&#8221;&#8221; rt_bg_image_repeat=&#8221;repeat&#8221; rt_bg_size=&#8221;auto auto&#8221; rt_bg_position=&#8221;right top&#8221; rt_bg_attachment=&#8221;scroll&#8221;]<section id=\"staff-602428\" class=\"team border_grid clearfix  \"><div class=\"row clearfix\"><div class=\"col col-sm-6\">\n\n \n<div class=\"loop post-31582 staff type-staff status-publish has-post-thumbnail hentry\" id=\"person-31582\">\t\n\t\t<div class=\"person_image\">\n\t\t<div class=\"person_image_wrapper\">\n\t\t\t\n\t\t\t\t\t\t\t<a href=\"https:\/\/www.estudiodecomunicacion.com\/en\/equipo\/ana-pereira-directora\/\"><img decoding=\"async\" src=\"https:\/\/www.estudiodecomunicacion.com\/wp-content\/uploads\/2017\/12\/180305IMA-ESTUDIO-Ana-Pereira-1.jpg\" alt=\"Estudio de Comunicaci\u00f3n - Ana Pereira - directora\" class=\"\" \/><\/a>\n\t\t\t\t\t\t\n\t\t<\/div>\n\t<\/div>\n\t\n\t\t\t<h5 class=\"person_name\"><a href=\"https:\/\/www.estudiodecomunicacion.com\/en\/equipo\/ana-pereira-directora\/\">Ana Pereira<\/a><\/h5>\n\t\n\t\n\t<div class=\"profile\">\n\t\tAssociate\t<\/div> \n\n\t<div class=\"person_links_wrapper\"><ul class=\"social_media\"><li class=\"mail\"><a class=\"icon-mail\" target=\"_self\" href=\"mailto:apereira@estudiodecomunicacion.com\" title=\"Email\"><span>Email<\/span><\/a><\/li><li class=\"twitter\"><a class=\"icon-twitter\" target=\"_blank\" href=\"https:\/\/twitter.com\/anabepereira\" title=\"X\"><span>X<\/span><\/a><\/li><li class=\"linkedin\"><a class=\"icon-linkedin\" target=\"_blank\" href=\"https:\/\/www.linkedin.com\/in\/anabelenpereira\/\" title=\"Linkedin\"><span>Linkedin<\/span><\/a><\/li><\/ul><\/div>\t\n<\/div>\n<\/div>\n<div class=\"col col-sm-6\">\n\n \n<div class=\"loop post-31581 staff type-staff status-publish has-post-thumbnail hentry\" id=\"person-31581\">\t\n\t\t<div class=\"person_image\">\n\t\t<div class=\"person_image_wrapper\">\n\t\t\t\n\t\t\t\t\t\t\t<a href=\"https:\/\/www.estudiodecomunicacion.com\/en\/equipo\/garbine-plazas-directora\/\"><img decoding=\"async\" src=\"https:\/\/www.estudiodecomunicacion.com\/wp-content\/uploads\/2017\/12\/180305IMA-ESTUDIO-Garbi\u00f1e-Plazas.jpg\" alt=\"Estudio de Comunicaci\u00f3n - Garbi\u00f1e Plazas - directora\" class=\"\" \/><\/a>\n\t\t\t\t\t\t\n\t\t<\/div>\n\t<\/div>\n\t\n\t\t\t<h5 class=\"person_name\"><a href=\"https:\/\/www.estudiodecomunicacion.com\/en\/equipo\/garbine-plazas-directora\/\">Garbi\u00f1e Plazas<\/a><\/h5>\n\t\n\t\n\t<div class=\"profile\">\n\t\tAssociate\t<\/div> \n\n\t<div class=\"person_links_wrapper\"><ul class=\"social_media\"><li class=\"mail\"><a class=\"icon-mail\" target=\"_self\" href=\"mailto:gplazas@estudiodecomunicacion.com\" title=\"Email\"><span>Email<\/span><\/a><\/li><li class=\"twitter\"><a class=\"icon-twitter\" target=\"_blank\" href=\"https:\/\/twitter.com\/Garbineplazasu\" title=\"X\"><span>X<\/span><\/a><\/li><li class=\"linkedin\"><a class=\"icon-linkedin\" target=\"_blank\" href=\"https:\/\/www.linkedin.com\/in\/garbi%C3%B1e-plazas-urquiola-7b919436\/\" title=\"Linkedin\"><span>Linkedin<\/span><\/a><\/li><\/ul><\/div>\t\n<\/div>\n<\/div>\n<\/div><\/section>[\/vc_column][\/vc_row][vc_row rt_row_background_width=&#8221;default&#8221; rt_row_style=&#8221;default-style&#8221; rt_row_borders=&#8221;&#8221; rt_row_paddings=&#8221;true&#8221; rt_bg_effect=&#8221;classic&#8221; rt_bg_image_repeat=&#8221;repeat&#8221; rt_bg_size=&#8221;cover&#8221; rt_bg_position=&#8221;right top&#8221; rt_bg_attachment=&#8221;scroll&#8221; rt_bg_video_format=&#8221;self-hosted&#8221;][vc_column rt_wrp_col_paddings=&#8221;false&#8221; rt_border_top=&#8221;&#8221; rt_border_bottom=&#8221;&#8221; rt_border_left=&#8221;&#8221; rt_border_right=&#8221;&#8221; rt_border_top_mobile=&#8221;&#8221; rt_border_bottom_mobile=&#8221;&#8221; rt_border_left_mobile=&#8221;&#8221; rt_border_right_mobile=&#8221;&#8221; rt_bg_image_repeat=&#8221;repeat&#8221; rt_bg_size=&#8221;auto auto&#8221; rt_bg_position=&#8221;right top&#8221; rt_bg_attachment=&#8221;scroll&#8221;]<div class=\"rt_heading_wrapper style-7\">\n\t\t\t\t\t\t<h2 class=\"rt_heading  aligncenter style-7\" >Accounts Directors<\/h2>\n\t\t\t\t\t<\/div>[\/vc_column][\/vc_row][vc_row rt_row_background_width=&#8221;default&#8221; rt_row_style=&#8221;default-style&#8221; rt_row_borders=&#8221;&#8221; rt_row_paddings=&#8221;true&#8221; rt_bg_effect=&#8221;classic&#8221; rt_bg_image_repeat=&#8221;repeat&#8221; rt_bg_size=&#8221;cover&#8221; rt_bg_position=&#8221;right top&#8221; rt_bg_attachment=&#8221;scroll&#8221; rt_bg_video_format=&#8221;self-hosted&#8221;][vc_column rt_wrp_col_paddings=&#8221;false&#8221; rt_border_top=&#8221;&#8221; rt_border_bottom=&#8221;&#8221; rt_border_left=&#8221;&#8221; rt_border_right=&#8221;&#8221; rt_border_top_mobile=&#8221;&#8221; rt_border_bottom_mobile=&#8221;&#8221; rt_border_left_mobile=&#8221;&#8221; rt_border_right_mobile=&#8221;&#8221; rt_bg_image_repeat=&#8221;repeat&#8221; rt_bg_size=&#8221;auto auto&#8221; rt_bg_position=&#8221;right top&#8221; rt_bg_attachment=&#8221;scroll&#8221;]<section id=\"staff-278614\" class=\"team border_grid clearfix  \"><div class=\"row clearfix\"><div class=\"col col-sm-6\">\n\n \n<div class=\"loop post-31588 staff type-staff status-publish has-post-thumbnail hentry\" id=\"person-31588\">\t\n\t\t<div class=\"person_image\">\n\t\t<div class=\"person_image_wrapper\">\n\t\t\t\n\t\t\t\t\t\t\t<a href=\"https:\/\/www.estudiodecomunicacion.com\/en\/equipo\/alejandro-de-antonio-director-estudio-de-comunicacion\/\"><img decoding=\"async\" src=\"https:\/\/www.estudiodecomunicacion.com\/wp-content\/uploads\/2018\/03\/180305IMA-ESTUDIO-Alejandro-de-Antonio.jpg\" alt=\"Estudio de Comunicaci\u00f3n - Alejandro de Antonio - Director de Estudio de Comunicaci\u00f3n\" class=\"\" \/><\/a>\n\t\t\t\t\t\t\n\t\t<\/div>\n\t<\/div>\n\t\n\t\t\t<h5 class=\"person_name\"><a href=\"https:\/\/www.estudiodecomunicacion.com\/en\/equipo\/alejandro-de-antonio-director-estudio-de-comunicacion\/\">Alejandro de Antonio<\/a><\/h5>\n\t\n\t\n\t<div class=\"profile\">\n\t\tAccount Director\t<\/div> \n\n\t<div class=\"person_links_wrapper\"><ul class=\"social_media\"><li class=\"mail\"><a class=\"icon-mail\" target=\"_self\" href=\"mailto:aantonio@estudiodecomunicacion.com\" title=\"Email\"><span>Email<\/span><\/a><\/li><li class=\"twitter\"><a class=\"icon-twitter\" target=\"_blank\" href=\"https:\/\/twitter.com\/AdAntoG\" title=\"X\"><span>X<\/span><\/a><\/li><li class=\"linkedin\"><a class=\"icon-linkedin\" target=\"_blank\" href=\"https:\/\/www.linkedin.com\/in\/alejandro-de-antonio-82573a10\/\" title=\"Linkedin\"><span>Linkedin<\/span><\/a><\/li><\/ul><\/div>\t\n<\/div>\n<\/div>\n<div class=\"col col-sm-6\">\n\n \n<div class=\"loop post-31587 staff type-staff status-publish has-post-thumbnail hentry\" id=\"person-31587\">\t\n\t\t<div class=\"person_image\">\n\t\t<div class=\"person_image_wrapper\">\n\t\t\t\n\t\t\t\t\t\t\t<a href=\"https:\/\/www.estudiodecomunicacion.com\/en\/equipo\/estefania-campos-directora\/\"><img decoding=\"async\" src=\"https:\/\/www.estudiodecomunicacion.com\/wp-content\/uploads\/2017\/12\/180305IMA-ESTUDIO-Estefania-Campos.jpg\" alt=\"Directora Estudio de Comunicaci\u00f3n Estefan\u00eda Campos\" class=\"\" \/><\/a>\n\t\t\t\t\t\t\n\t\t<\/div>\n\t<\/div>\n\t\n\t\t\t<h5 class=\"person_name\"><a href=\"https:\/\/www.estudiodecomunicacion.com\/en\/equipo\/estefania-campos-directora\/\">Estefan\u00eda Campos<\/a><\/h5>\n\t\n\t\n\t<div class=\"profile\">\n\t\tAccount Director\t<\/div> \n\n\t<div class=\"person_links_wrapper\"><ul class=\"social_media\"><li class=\"mail\"><a class=\"icon-mail\" target=\"_self\" href=\"mailto:ecampos@estudiodecomunicacion.com\" title=\"Email\"><span>Email<\/span><\/a><\/li><li class=\"twitter\"><a class=\"icon-twitter\" target=\"_blank\" href=\"https:\/\/twitter.com\/Ecampos76\" title=\"X\"><span>X<\/span><\/a><\/li><li class=\"linkedin\"><a class=\"icon-linkedin\" target=\"_blank\" href=\"https:\/\/www.linkedin.com\/in\/estefan%C3%ADa-campos-98bb316\/\" title=\"Linkedin\"><span>Linkedin<\/span><\/a><\/li><\/ul><\/div>\t\n<\/div>\n<\/div>\n<\/div><div class=\"row clearfix\"><div class=\"col col-sm-6\">\n\n \n<div class=\"loop post-31583 staff type-staff status-publish has-post-thumbnail hentry\" id=\"person-31583\">\t\n\t\t<div class=\"person_image\">\n\t\t<div class=\"person_image_wrapper\">\n\t\t\t\n\t\t\t\t\t\t\t<a href=\"https:\/\/www.estudiodecomunicacion.com\/en\/equipo\/gerardo-miguel-director\/\"><img decoding=\"async\" src=\"https:\/\/www.estudiodecomunicacion.com\/wp-content\/uploads\/2017\/12\/180305IMA-ESTUDIO-Gerardo-Miguel.jpg\" alt=\"Estudio de Comunicaci\u00f3n - Gerardo Miguel - Director\" class=\"\" \/><\/a>\n\t\t\t\t\t\t\n\t\t<\/div>\n\t<\/div>\n\t\n\t\t\t<h5 class=\"person_name\"><a href=\"https:\/\/www.estudiodecomunicacion.com\/en\/equipo\/gerardo-miguel-director\/\">Gerardo Miguel<\/a><\/h5>\n\t\n\t\n\t<div class=\"profile\">\n\t\tAccount Director\t<\/div> \n\n\t<div class=\"person_links_wrapper\"><ul class=\"social_media\"><li class=\"mail\"><a class=\"icon-mail\" target=\"_self\" href=\"mailto:gmiguel@estudiodecomunicacion.com\" title=\"Email\"><span>Email<\/span><\/a><\/li><li class=\"twitter\"><a class=\"icon-twitter\" target=\"_blank\" href=\"https:\/\/twitter.com\/GerardoMiguelb\" title=\"X\"><span>X<\/span><\/a><\/li><li class=\"linkedin\"><a class=\"icon-linkedin\" target=\"_blank\" href=\"https:\/\/www.linkedin.com\/in\/gerardomiguel\/\" title=\"Linkedin\"><span>Linkedin<\/span><\/a><\/li><\/ul><\/div>\t\n<\/div>\n<\/div>\n<div class=\"col col-sm-6\">\n\n \n<div class=\"loop post-31578 staff type-staff status-publish has-post-thumbnail hentry\" id=\"person-31578\">\t\n\t\t<div class=\"person_image\">\n\t\t<div class=\"person_image_wrapper\">\n\t\t\t\n\t\t\t\t\t\t\t<a href=\"https:\/\/www.estudiodecomunicacion.com\/en\/equipo\/ana-rodriguez-directora\/\"><img decoding=\"async\" src=\"https:\/\/www.estudiodecomunicacion.com\/wp-content\/uploads\/2018\/03\/180305IMA-ESTUDIO-Ana-Rodriguez.jpg\" alt=\"Ana Rodr\u00edguez - Directora Estudio de Comunicaci\u00f3n\" class=\"\" \/><\/a>\n\t\t\t\t\t\t\n\t\t<\/div>\n\t<\/div>\n\t\n\t\t\t<h5 class=\"person_name\"><a href=\"https:\/\/www.estudiodecomunicacion.com\/en\/equipo\/ana-rodriguez-directora\/\">Ana Rodr\u00edguez<\/a><\/h5>\n\t\n\t\n\t<div class=\"profile\">\n\t\tAccount Director\t<\/div> \n\n\t<div class=\"person_links_wrapper\"><ul class=\"social_media\"><li class=\"mail\"><a class=\"icon-mail\" target=\"_self\" href=\"mailto:arodriguez@estudiodecomunicacion.com\" title=\"Email\"><span>Email<\/span><\/a><\/li><li class=\"twitter\"><a class=\"icon-twitter\" target=\"_blank\" href=\"https:\/\/twitter.com\/Arodriguezgas\" title=\"X\"><span>X<\/span><\/a><\/li><li class=\"linkedin\"><a class=\"icon-linkedin\" target=\"_blank\" href=\"https:\/\/www.linkedin.com\/in\/anarodriguezgas\/\" title=\"Linkedin\"><span>Linkedin<\/span><\/a><\/li><\/ul><\/div>\t\n<\/div>\n<\/div>\n<\/div><div class=\"row clearfix\"><div class=\"col col-sm-6\">\n\n \n<div class=\"loop post-43139 staff type-staff status-publish has-post-thumbnail hentry\" id=\"person-43139\">\t\n\t\t<div class=\"person_image\">\n\t\t<div class=\"person_image_wrapper\">\n\t\t\t\n\t\t\t\t\t\t\t<a href=\"https:\/\/www.estudiodecomunicacion.com\/en\/equipo\/aida-prados\/\"><img decoding=\"async\" src=\"https:\/\/www.estudiodecomunicacion.com\/wp-content\/uploads\/2021\/01\/FotosWeb_AidaPrados-6-640x640.png\" alt=\"\" class=\"\" \/><\/a>\n\t\t\t\t\t\t\n\t\t<\/div>\n\t<\/div>\n\t\n\t\t\t<h5 class=\"person_name\"><a href=\"https:\/\/www.estudiodecomunicacion.com\/en\/equipo\/aida-prados\/\">A\u00edda Prados<\/a><\/h5>\n\t\n\t\n\t<div class=\"profile\">\n\t\tFinancial Area Managing Director\t<\/div> \n\n\t<div class=\"person_links_wrapper\"><ul class=\"social_media\"><li class=\"twitter\"><a class=\"icon-twitter\" target=\"_blank\" href=\"https:\/\/twitter.com\/aidaprados\" title=\"X\"><span>X<\/span><\/a><\/li><li class=\"linkedin\"><a class=\"icon-linkedin\" target=\"_blank\" href=\"https:\/\/www.linkedin.com\/in\/aidaprados\/\" title=\"Linkedin\"><span>Linkedin<\/span><\/a><\/li><\/ul><\/div>\t\n<\/div>\n<\/div>\n<div class=\"col col-sm-6\">\n\n \n<div class=\"loop post-44561 staff type-staff status-publish has-post-thumbnail hentry\" id=\"person-44561\">\t\n\t\t<div class=\"person_image\">\n\t\t<div class=\"person_image_wrapper\">\n\t\t\t\n\t\t\t\t\t\t\t<a href=\"https:\/\/www.estudiodecomunicacion.com\/en\/equipo\/carmen-sotomayor\/\"><img decoding=\"async\" src=\"https:\/\/www.estudiodecomunicacion.com\/wp-content\/uploads\/2023\/01\/Carmen-Sotomayor2024.2-scaled-655x655-1-640x640.jpg\" alt=\"\" class=\"\" \/><\/a>\n\t\t\t\t\t\t\n\t\t<\/div>\n\t<\/div>\n\t\n\t\t\t<h5 class=\"person_name\"><a href=\"https:\/\/www.estudiodecomunicacion.com\/en\/equipo\/carmen-sotomayor\/\">Carmen Sotomayor<\/a><\/h5>\n\t\n\t\n\t<div class=\"profile\">\n\t\tAccount Director\t<\/div> \n\n\t<div class=\"person_links_wrapper\"><ul class=\"social_media\"><li class=\"mail\"><a class=\"icon-mail\" target=\"_self\" href=\"mailto:csotomayor@estudiodecomunicacion.com\" title=\"Email\"><span>Email<\/span><\/a><\/li><li class=\"twitter\"><a class=\"icon-twitter\" target=\"_blank\" href=\"https:\/\/twitter.com\/Carmn_Sotomayor\" title=\"X\"><span>X<\/span><\/a><\/li><li class=\"linkedin\"><a class=\"icon-linkedin\" target=\"_blank\" href=\"https:\/\/www.linkedin.com\/in\/carmensotomayor\/\" title=\"Linkedin\"><span>Linkedin<\/span><\/a><\/li><\/ul><\/div>\t\n<\/div>\n<\/div>\n<\/div><div class=\"row clearfix\"><div class=\"col col-sm-6\">\n\n \n<div class=\"loop post-44563 staff type-staff status-publish has-post-thumbnail hentry\" id=\"person-44563\">\t\n\t\t<div class=\"person_image\">\n\t\t<div class=\"person_image_wrapper\">\n\t\t\t\n\t\t\t\t\t\t\t<a href=\"https:\/\/www.estudiodecomunicacion.com\/en\/equipo\/eva-fresnillo\/\"><img decoding=\"async\" src=\"https:\/\/www.estudiodecomunicacion.com\/wp-content\/uploads\/2020\/09\/IMG_8859_Eva-e1672837593516-640x582.jpg\" alt=\"\" class=\"\" \/><\/a>\n\t\t\t\t\t\t\n\t\t<\/div>\n\t<\/div>\n\t\n\t\t\t<h5 class=\"person_name\"><a href=\"https:\/\/www.estudiodecomunicacion.com\/en\/equipo\/eva-fresnillo\/\">Eva Fresnillo<\/a><\/h5>\n\t\n\t\n\t<div class=\"profile\">\n\t\tAccount Director\t<\/div> \n\n\t<div class=\"person_links_wrapper\"><ul class=\"social_media\"><li class=\"mail\"><a class=\"icon-mail\" target=\"_self\" href=\"mailto:efresnillo@estudiodecomunicacion.com\" title=\"Email\"><span>Email<\/span><\/a><\/li><li class=\"twitter\"><a class=\"icon-twitter\" target=\"_blank\" href=\"https:\/\/twitter.com\/EvaFresnillo\" title=\"X\"><span>X<\/span><\/a><\/li><li class=\"linkedin\"><a class=\"icon-linkedin\" target=\"_blank\" href=\"https:\/\/www.linkedin.com\/in\/evafresnillo\/\" title=\"Linkedin\"><span>Linkedin<\/span><\/a><\/li><\/ul><\/div>\t\n<\/div>\n<\/div>\n<div class=\"col col-sm-6\">\n\n \n<div class=\"loop post-44569 staff type-staff status-publish has-post-thumbnail hentry\" id=\"person-44569\">\t\n\t\t<div class=\"person_image\">\n\t\t<div class=\"person_image_wrapper\">\n\t\t\t\n\t\t\t\t\t\t\t<a href=\"https:\/\/www.estudiodecomunicacion.com\/en\/equipo\/amandine-dennetiere\/\"><img decoding=\"async\" src=\"https:\/\/www.estudiodecomunicacion.com\/wp-content\/uploads\/2023\/01\/Editada-Mandy_MG_9521-scaled-e1672838281265-640x597.jpg\" alt=\"amandine\" class=\"\" \/><\/a>\n\t\t\t\t\t\t\n\t\t<\/div>\n\t<\/div>\n\t\n\t\t\t<h5 class=\"person_name\"><a href=\"https:\/\/www.estudiodecomunicacion.com\/en\/equipo\/amandine-dennetiere\/\">Amandine Dennetiere<\/a><\/h5>\n\t\n\t\n\t<div class=\"profile\">\n\t\tAccount Director\t<\/div> \n\n\t<div class=\"person_links_wrapper\"><ul class=\"social_media\"><li class=\"mail\"><a class=\"icon-mail\" target=\"_self\" href=\"mailto:adennetiere@estudiodecomunicacion.com\" title=\"Email\"><span>Email<\/span><\/a><\/li><li class=\"twitter\"><a class=\"icon-twitter\" target=\"_blank\" href=\"https:\/\/twitter.com\/A_Dennetiere2\" title=\"X\"><span>X<\/span><\/a><\/li><li class=\"linkedin\"><a class=\"icon-linkedin\" target=\"_blank\" href=\"https:\/\/www.linkedin.com\/in\/amandinedennetiere\/\" title=\"Linkedin\"><span>Linkedin<\/span><\/a><\/li><\/ul><\/div>\t\n<\/div>\n<\/div>\n<\/div><\/section>[\/vc_column][\/vc_row][vc_row rt_row_background_width=&#8221;default&#8221; rt_row_style=&#8221;default-style&#8221; rt_row_borders=&#8221;&#8221; rt_row_paddings=&#8221;true&#8221; rt_bg_effect=&#8221;classic&#8221; rt_bg_image_repeat=&#8221;repeat&#8221; rt_bg_size=&#8221;cover&#8221; rt_bg_position=&#8221;right top&#8221; rt_bg_attachment=&#8221;scroll&#8221; rt_bg_video_format=&#8221;self-hosted&#8221;][vc_column rt_wrp_col_paddings=&#8221;false&#8221; rt_border_top=&#8221;&#8221; rt_border_bottom=&#8221;&#8221; rt_border_left=&#8221;&#8221; rt_border_right=&#8221;&#8221; rt_border_top_mobile=&#8221;&#8221; rt_border_bottom_mobile=&#8221;&#8221; rt_border_left_mobile=&#8221;&#8221; rt_border_right_mobile=&#8221;&#8221; rt_bg_image_repeat=&#8221;repeat&#8221; rt_bg_size=&#8221;auto auto&#8221; rt_bg_position=&#8221;right top&#8221; rt_bg_attachment=&#8221;scroll&#8221;]<div class=\"rt_heading_wrapper style-7\">\n\t\t\t\t\t\t<h2 class=\"rt_heading  aligncenter style-7\" >Senior Advisors<\/h2>\n\t\t\t\t\t<\/div>[\/vc_column][\/vc_row][vc_row rt_row_background_width=&#8221;default&#8221; rt_row_style=&#8221;default-style&#8221; rt_row_borders=&#8221;&#8221; rt_row_paddings=&#8221;true&#8221; rt_bg_effect=&#8221;classic&#8221; rt_bg_image_repeat=&#8221;repeat&#8221; rt_bg_size=&#8221;cover&#8221; rt_bg_position=&#8221;right top&#8221; rt_bg_attachment=&#8221;scroll&#8221; rt_bg_video_format=&#8221;self-hosted&#8221;][vc_column rt_wrp_col_paddings=&#8221;false&#8221; rt_border_top=&#8221;&#8221; rt_border_bottom=&#8221;&#8221; rt_border_left=&#8221;&#8221; rt_border_right=&#8221;&#8221; rt_border_top_mobile=&#8221;&#8221; rt_border_bottom_mobile=&#8221;&#8221; rt_border_left_mobile=&#8221;&#8221; rt_border_right_mobile=&#8221;&#8221; rt_bg_image_repeat=&#8221;repeat&#8221; rt_bg_size=&#8221;auto auto&#8221; rt_bg_position=&#8221;right top&#8221; rt_bg_attachment=&#8221;scroll&#8221;]<section id=\"staff-888912\" class=\"team border_grid clearfix  \"><div class=\"row clearfix\"><div class=\"col col-sm-6\">\n\n \n<div class=\"loop post-31601 staff type-staff status-publish has-post-thumbnail hentry\" id=\"person-31601\">\t\n\t\t<div class=\"person_image\">\n\t\t<div class=\"person_image_wrapper\">\n\t\t\t\n\t\t\t\t\t\t\t<a href=\"https:\/\/www.estudiodecomunicacion.com\/en\/equipo\/pilar-llado-socia\/\"><img decoding=\"async\" src=\"https:\/\/www.estudiodecomunicacion.com\/wp-content\/uploads\/2018\/04\/180305IMA-ESTUDIO-Pilar-Llad\u00f3.jpg\" alt=\"Estudio de Comunicaci\u00f3n - Pilar Llad\u00f3 - socia\" class=\"\" \/><\/a>\n\t\t\t\t\t\t\n\t\t<\/div>\n\t<\/div>\n\t\n\t\t\t<h5 class=\"person_name\"><a href=\"https:\/\/www.estudiodecomunicacion.com\/en\/equipo\/pilar-llado-socia\/\">Pilar Llad\u00f3<\/a><\/h5>\n\t\n\t\n\t<div class=\"profile\">\n\t\tSenior Advisor\t<\/div> \n\n\t<div class=\"person_links_wrapper\"><ul class=\"social_media\"><li class=\"mail\"><a class=\"icon-mail\" target=\"_self\" href=\"mailto:pllado@estudiodecomunicacion.com\" title=\"Email\"><span>Email<\/span><\/a><\/li><li class=\"twitter\"><a class=\"icon-twitter\" target=\"_blank\" href=\"https:\/\/twitter.com\/PilarLlado\" title=\"X\"><span>Follow on Twitter<\/span><\/a><\/li><li class=\"linkedin\"><a class=\"icon-linkedin\" target=\"_blank\" href=\"https:\/\/www.linkedin.com\/in\/pilar-llad%C3%B3-34392312\/\" title=\"Linkedin\"><span>Linkedin<\/span><\/a><\/li><\/ul><\/div>\t\n<\/div>\n<\/div>\n<div class=\"col col-sm-6\">\n\n \n<div class=\"loop post-31592 staff type-staff status-publish has-post-thumbnail hentry\" id=\"person-31592\">\t\n\t\t<div class=\"person_image\">\n\t\t<div class=\"person_image_wrapper\">\n\t\t\t\n\t\t\t\t\t\t\t<a href=\"https:\/\/www.estudiodecomunicacion.com\/en\/equipo\/jesus-ortiz\/\"><img decoding=\"async\" src=\"https:\/\/www.estudiodecomunicacion.com\/wp-content\/uploads\/2017\/09\/180305IMA-ESTUDIO-Jesus-Ortiz.jpg\" alt=\"Estudio de Comunicaci\u00f3n - Jes\u00fas Ortiz - Director del \u00c1rea de Formaci\u00f3n\" class=\"\" \/><\/a>\n\t\t\t\t\t\t\n\t\t<\/div>\n\t<\/div>\n\t\n\t\t\t<h5 class=\"person_name\"><a href=\"https:\/\/www.estudiodecomunicacion.com\/en\/equipo\/jesus-ortiz\/\">Jes\u00fas Ortiz<\/a><\/h5>\n\t\n\t\n\t<div class=\"profile\">\n\t\tSenior Advisor\t<\/div> \n\n\t<div class=\"person_links_wrapper\"><ul class=\"social_media\"><li class=\"mail\"><a class=\"icon-mail\" target=\"_self\" href=\"mailto:jortiz@estudiodecomunicacion.com\" title=\"Email\"><span>Email<\/span><\/a><\/li><li class=\"twitter\"><a class=\"icon-twitter\" target=\"_blank\" href=\"https:\/\/twitter.com\/JesOrtizAl\" title=\"X\"><span>X<\/span><\/a><\/li><li class=\"linkedin\"><a class=\"icon-linkedin\" target=\"_blank\" href=\"https:\/\/www.linkedin.com\/in\/jes%C3%BAs-ortiz-%C3%A1lvarez-16aa2946\/\" title=\"Linkedin\"><span>Linkedin<\/span><\/a><\/li><\/ul><\/div>\t\n<\/div>\n<\/div>\n<\/div><div class=\"row clearfix\"><div class=\"col col-sm-6\">\n\n \n<div class=\"loop post-50943 staff type-staff status-publish has-post-thumbnail hentry\" id=\"person-50943\">\t\n\t\t<div class=\"person_image\">\n\t\t<div class=\"person_image_wrapper\">\n\t\t\t\n\t\t\t\t\t\t\t<a href=\"https:\/\/www.estudiodecomunicacion.com\/en\/equipo\/carlos-agrasar\/\"><img decoding=\"async\" src=\"https:\/\/www.estudiodecomunicacion.com\/wp-content\/uploads\/2024\/07\/210308IMA-ESTUDIO-Carlos-Agrasar-cuadrado-1024x1024-1-640x640.jpg\" alt=\"\" class=\"\" \/><\/a>\n\t\t\t\t\t\t\n\t\t<\/div>\n\t<\/div>\n\t\n\t\t\t<h5 class=\"person_name\"><a href=\"https:\/\/www.estudiodecomunicacion.com\/en\/equipo\/carlos-agrasar\/\">Carlos Agrasar<\/a><\/h5>\n\t\n\t\t\t<span class=\"position\">Senior Advisor<\/span>\n\t\n\t<div class=\"profile\">\n\t\t\t<\/div> \n\n\t<div class=\"person_links_wrapper\"><ul class=\"social_media\"><li class=\"twitter\"><a class=\"icon-twitter\" target=\"_blank\" href=\"https:\/\/x.com\/CarlosAgrasar\" title=\"X\"><span>X<\/span><\/a><\/li><\/ul><\/div>\t\n<\/div>\n<\/div>\n<div class=\"col col-sm-6\">\n\n \n<div class=\"loop post-50950 staff type-staff status-publish has-post-thumbnail hentry\" id=\"person-50950\">\t\n\t\t<div class=\"person_image\">\n\t\t<div class=\"person_image_wrapper\">\n\t\t\t\n\t\t\t\t\t\t\t<a href=\"https:\/\/www.estudiodecomunicacion.com\/en\/equipo\/miguel-angel-rodriguez-oller\/\"><img decoding=\"async\" src=\"https:\/\/www.estudiodecomunicacion.com\/wp-content\/uploads\/2024\/07\/FotosWeb_MARodriguez-6-1024x1024-1-640x640.png\" alt=\"\" class=\"\" \/><\/a>\n\t\t\t\t\t\t\n\t\t<\/div>\n\t<\/div>\n\t\n\t\t\t<h5 class=\"person_name\"><a href=\"https:\/\/www.estudiodecomunicacion.com\/en\/equipo\/miguel-angel-rodriguez-oller\/\">Miguel \u00c1ngel Rodr\u00edguez Oller<\/a><\/h5>\n\t\n\t\t\t<span class=\"position\">Senior Advisor<\/span>\n\t\n\t<div class=\"profile\">\n\t\t\t<\/div> \n\n\t<div class=\"person_links_wrapper\"><ul class=\"social_media\"><li class=\"twitter\"><a class=\"icon-twitter\" target=\"_blank\" href=\"https:\/\/x.com\/marodoller?lang=es\" title=\"X\"><span>X<\/span><\/a><\/li><li class=\"linkedin\"><a class=\"icon-linkedin\" target=\"_blank\" href=\"https:\/\/www.linkedin.com\/in\/marodriguezoller\/\" title=\"Linkedin\"><span>Linkedin<\/span><\/a><\/li><\/ul><\/div>\t\n<\/div>\n<\/div>\n<\/div><\/section>[\/vc_column][\/vc_row][vc_row rt_row_background_width=&#8221;default&#8221; rt_row_style=&#8221;default-style&#8221; rt_row_borders=&#8221;&#8221; rt_row_paddings=&#8221;true&#8221; rt_bg_effect=&#8221;classic&#8221; rt_bg_image_repeat=&#8221;repeat&#8221; rt_bg_size=&#8221;cover&#8221; rt_bg_position=&#8221;right top&#8221; rt_bg_attachment=&#8221;scroll&#8221; rt_bg_video_format=&#8221;self-hosted&#8221;][vc_column rt_wrp_col_paddings=&#8221;false&#8221; rt_border_top=&#8221;&#8221; rt_border_bottom=&#8221;&#8221; rt_border_left=&#8221;&#8221; rt_border_right=&#8221;&#8221; rt_border_top_mobile=&#8221;&#8221; rt_border_bottom_mobile=&#8221;&#8221; rt_border_left_mobile=&#8221;&#8221; rt_border_right_mobile=&#8221;&#8221; rt_bg_image_repeat=&#8221;repeat&#8221; rt_bg_size=&#8221;auto auto&#8221; rt_bg_position=&#8221;right top&#8221; rt_bg_attachment=&#8221;scroll&#8221;]<div class=\"rt_heading_wrapper style-7\">\n\t\t\t\t\t\t<h2 class=\"rt_heading  aligncenter style-7\" >International management<\/h2>\n\t\t\t\t\t<\/div>[\/vc_column][\/vc_row][vc_row rt_row_background_width=&#8221;default&#8221; rt_row_style=&#8221;default-style&#8221; rt_row_borders=&#8221;&#8221; rt_row_paddings=&#8221;true&#8221; rt_bg_effect=&#8221;classic&#8221; rt_bg_image_repeat=&#8221;repeat&#8221; rt_bg_size=&#8221;cover&#8221; rt_bg_position=&#8221;right top&#8221; rt_bg_attachment=&#8221;scroll&#8221; rt_bg_video_format=&#8221;self-hosted&#8221;][vc_column rt_wrp_col_paddings=&#8221;false&#8221; rt_border_top=&#8221;&#8221; rt_border_bottom=&#8221;&#8221; rt_border_left=&#8221;&#8221; rt_border_right=&#8221;&#8221; rt_border_top_mobile=&#8221;&#8221; rt_border_bottom_mobile=&#8221;&#8221; rt_border_left_mobile=&#8221;&#8221; rt_border_right_mobile=&#8221;&#8221; rt_bg_image_repeat=&#8221;repeat&#8221; rt_bg_size=&#8221;auto auto&#8221; rt_bg_position=&#8221;right top&#8221; rt_bg_attachment=&#8221;scroll&#8221;]<section id=\"staff-913375\" class=\"team border_grid clearfix  \"><div class=\"row clearfix\"><div class=\"col col-sm-6\">\n\n \n<div class=\"loop post-31599 staff type-staff status-publish has-post-thumbnail hentry\" id=\"person-31599\">\t\n\t\t<div class=\"person_image\">\n\t\t<div class=\"person_image_wrapper\">\n\t\t\t\n\t\t\t\t\t\t\t<a href=\"https:\/\/www.estudiodecomunicacion.com\/en\/equipo\/marta-mimoso-directora-portugal\/\"><img decoding=\"async\" src=\"https:\/\/www.estudiodecomunicacion.com\/wp-content\/uploads\/2014\/02\/180305IMA-ESTUDIO-Marta-Mimoso.jpg\" alt=\"\" class=\"\" \/><\/a>\n\t\t\t\t\t\t\n\t\t<\/div>\n\t<\/div>\n\t\n\t\t\t<h5 class=\"person_name\"><a href=\"https:\/\/www.estudiodecomunicacion.com\/en\/equipo\/marta-mimoso-directora-portugal\/\">Marta Mimoso<\/a><\/h5>\n\t\n\t\n\t<div class=\"profile\">\n\t\tManaging Director, Portugal\t<\/div> \n\n\t<div class=\"person_links_wrapper\"><ul class=\"social_media\"><li class=\"mail\"><a class=\"icon-mail\" target=\"_self\" href=\"mailto:m.mimoso@cidot.estudiodecomunicacao.pt\" title=\"Email\"><span>Email<\/span><\/a><\/li><li class=\"twitter\"><a class=\"icon-twitter\" target=\"_blank\" href=\"https:\/\/twitter.com\/martacidot\" title=\"X\"><span>X<\/span><\/a><\/li><li class=\"linkedin\"><a class=\"icon-linkedin\" target=\"_blank\" href=\"https:\/\/www.linkedin.com\/in\/marta-mimoso-257559\/\" title=\"Linkedin\"><span>Linkedin<\/span><\/a><\/li><\/ul><\/div>\t\n<\/div>\n<\/div>\n<div class=\"col col-sm-6\">\n\n \n<div class=\"loop post-31591 staff type-staff status-publish has-post-thumbnail hentry\" id=\"person-31591\">\t\n\t\t<div class=\"person_image\">\n\t\t<div class=\"person_image_wrapper\">\n\t\t\t\n\t\t\t\t\t\t\t<a href=\"https:\/\/www.estudiodecomunicacion.com\/en\/equipo\/manuel-alonso-socio-director-mexico\/\"><img decoding=\"async\" src=\"https:\/\/www.estudiodecomunicacion.com\/wp-content\/uploads\/2017\/09\/180305IMA-ESTUDIO-Mexico.jpg\" alt=\"Manuel Alonso - Socio Director de la oficina de M\u00e9xico\" class=\"\" \/><\/a>\n\t\t\t\t\t\t\n\t\t<\/div>\n\t<\/div>\n\t\n\t\t\t<h5 class=\"person_name\"><a href=\"https:\/\/www.estudiodecomunicacion.com\/en\/equipo\/manuel-alonso-socio-director-mexico\/\">Manuel Alonso<\/a><\/h5>\n\t\n\t\n\t<div class=\"profile\">\n\t\tManaging Partner, Mexico\u00a0\t<\/div> \n\n\t<div class=\"person_links_wrapper\"><ul class=\"social_media\"><li class=\"mail\"><a class=\"icon-mail\" target=\"_self\" href=\"mailto:malonso@abestudiodecomunicacion.com.mx\" title=\"Email\"><span>Email<\/span><\/a><\/li><li class=\"twitter\"><a class=\"icon-twitter\" target=\"_blank\" href=\"https:\/\/twitter.com\/malonsoc\" title=\"X\"><span>X<\/span><\/a><\/li><li class=\"linkedin\"><a class=\"icon-linkedin\" target=\"_blank\" href=\"https:\/\/es.linkedin.com\/in\/manuel-alonso-37aa104\" title=\"Linkedin\"><span>Linkedin<\/span><\/a><\/li><\/ul><\/div>\t\n<\/div>\n<\/div>\n<\/div><\/section>[\/vc_column][\/vc_row]<\/p>\n<\/div>","protected":false},"excerpt":{"rendered":"<p>[vc_row rt_row_background_width=&#8221;default&#8221; rt_row_style=&#8221;default-style&#8221; rt_row_borders=&#8221;&#8221; rt_row_paddings=&#8221;true&#8221; rt_bg_effect=&#8221;classic&#8221; rt_bg_image_repeat=&#8221;repeat&#8221; rt_bg_size=&#8221;cover&#8221; rt_bg_position=&#8221;right top&#8221; rt_bg_attachment=&#8221;scroll&#8221; rt_bg_video_format=&#8221;self-hosted&#8221;][vc_column rt_wrp_col_paddings=&#8221;false&#8221; rt_border_top=&#8221;&#8221; rt_border_bottom=&#8221;&#8221; rt_border_left=&#8221;&#8221; rt_border_right=&#8221;&#8221; rt_border_top_mobile=&#8221;&#8221; rt_border_bottom_mobile=&#8221;&#8221; rt_border_left_mobile=&#8221;&#8221; rt_border_right_mobile=&#8221;&#8221; rt_bg_image_repeat=&#8221;repeat&#8221; rt_bg_size=&#8221;auto auto&#8221; rt_bg_position=&#8221;right top&#8221; rt_bg_attachment=&#8221;scroll&#8221;][\/vc_column][\/vc_row][vc_row rt_row_background_width=&#8221;default&#8221; rt_row_style=&#8221;default-style&#8221; rt_row_borders=&#8221;&#8221; rt_row_paddings=&#8221;true&#8221; rt_bg_effect=&#8221;classic&#8221; rt_bg_image_repeat=&#8221;repeat&#8221; rt_bg_size=&#8221;cover&#8221; rt_bg_position=&#8221;right top&#8221; rt_bg_attachment=&#8221;scroll&#8221; rt_bg_video_format=&#8221;self-hosted&#8221;][vc_column width=&#8221;1\/2&#8243; rt_wrp_col_paddings=&#8221;false&#8221; rt_border_top=&#8221;&#8221; rt_border_bottom=&#8221;&#8221; rt_border_left=&#8221;&#8221; rt_border_right=&#8221;&#8221; rt_border_top_mobile=&#8221;&#8221; rt_border_bottom_mobile=&#8221;&#8221; rt_border_left_mobile=&#8221;&#8221; rt_border_right_mobile=&#8221;&#8221; rt_bg_image_repeat=&#8221;repeat&#8221; rt_bg_size=&#8221;auto auto&#8221; rt_bg_position=&#8221;right top&#8221; rt_bg_attachment=&#8221;scroll&#8221;][vc_column_text]At Estudio [&hellip;]<\/p>\n","protected":false},"author":2,"featured_media":0,"parent":31080,"menu_order":0,"comment_status":"closed","ping_status":"closed","template":"","meta":{"_monsterinsights_skip_tracking":false,"_monsterinsights_sitenote_active":false,"_monsterinsights_sitenote_note":"","_monsterinsights_sitenote_category":0,"footnotes":""},"class_list":["post-31105","page","type-page","status-publish","hentry"],"yoast_head":"<!-- This site is optimized with the Yoast SEO Premium plugin v27.4 (Yoast SEO v27.4) - https:\/\/yoast.com\/product\/yoast-seo-premium-wordpress\/ -->\n<title>Who we are - Estudio de Comunicaci\u00f3n<\/title>\n<meta name=\"robots\" content=\"index, follow, max-snippet:-1, max-image-preview:large, max-video-preview:-1\" \/>\n<link rel=\"canonical\" href=\"https:\/\/www.estudiodecomunicacion.com\/en\/about-us\/nuestro-equipo\/\" \/>\n<meta property=\"og:locale\" content=\"en_US\" \/>\n<meta property=\"og:type\" content=\"article\" \/>\n<meta property=\"og:title\" content=\"Who we are\" \/>\n<meta property=\"og:description\" content=\"[vc_row rt_row_background_width=&#8221;default&#8221; rt_row_style=&#8221;default-style&#8221; rt_row_borders=&#8221;&#8221; rt_row_paddings=&#8221;true&#8221; rt_bg_effect=&#8221;classic&#8221; rt_bg_image_repeat=&#8221;repeat&#8221; rt_bg_size=&#8221;cover&#8221; rt_bg_position=&#8221;right top&#8221; rt_bg_attachment=&#8221;scroll&#8221; rt_bg_video_format=&#8221;self-hosted&#8221;][vc_column rt_wrp_col_paddings=&#8221;false&#8221; rt_border_top=&#8221;&#8221; rt_border_bottom=&#8221;&#8221; rt_border_left=&#8221;&#8221; rt_border_right=&#8221;&#8221; rt_border_top_mobile=&#8221;&#8221; rt_border_bottom_mobile=&#8221;&#8221; rt_border_left_mobile=&#8221;&#8221; rt_border_right_mobile=&#8221;&#8221; rt_bg_image_repeat=&#8221;repeat&#8221; rt_bg_size=&#8221;auto auto&#8221; rt_bg_position=&#8221;right top&#8221; rt_bg_attachment=&#8221;scroll&#8221;][\/vc_column][\/vc_row][vc_row rt_row_background_width=&#8221;default&#8221; rt_row_style=&#8221;default-style&#8221; rt_row_borders=&#8221;&#8221; rt_row_paddings=&#8221;true&#8221; rt_bg_effect=&#8221;classic&#8221; rt_bg_image_repeat=&#8221;repeat&#8221; rt_bg_size=&#8221;cover&#8221; rt_bg_position=&#8221;right top&#8221; rt_bg_attachment=&#8221;scroll&#8221; rt_bg_video_format=&#8221;self-hosted&#8221;][vc_column width=&#8221;1\/2&#8243; rt_wrp_col_paddings=&#8221;false&#8221; rt_border_top=&#8221;&#8221; rt_border_bottom=&#8221;&#8221; rt_border_left=&#8221;&#8221; rt_border_right=&#8221;&#8221; rt_border_top_mobile=&#8221;&#8221; rt_border_bottom_mobile=&#8221;&#8221; rt_border_left_mobile=&#8221;&#8221; rt_border_right_mobile=&#8221;&#8221; rt_bg_image_repeat=&#8221;repeat&#8221; rt_bg_size=&#8221;auto auto&#8221; rt_bg_position=&#8221;right top&#8221; rt_bg_attachment=&#8221;scroll&#8221;][vc_column_text]At Estudio [&hellip;]\" \/>\n<meta property=\"og:url\" content=\"https:\/\/www.estudiodecomunicacion.com\/en\/about-us\/nuestro-equipo\/\" \/>\n<meta property=\"og:site_name\" content=\"Estudio de Comunicaci\u00f3n\" \/>\n<meta property=\"article:publisher\" content=\"https:\/\/www.facebook.com\/estudiodecomunicacion\" \/>\n<meta property=\"article:modified_time\" content=\"2025-09-24T08:42:01+00:00\" \/>\n<meta name=\"twitter:card\" content=\"summary_large_image\" \/>\n<meta name=\"twitter:site\" content=\"@EstComunicacion\" \/>\n<meta name=\"twitter:label1\" content=\"Est. reading time\" \/>\n\t<meta name=\"twitter:data1\" content=\"4 minutes\" \/>\n<script type=\"application\/ld+json\" class=\"yoast-schema-graph\">{\"@context\":\"https:\\\/\\\/schema.org\",\"@graph\":[{\"@type\":\"WebPage\",\"@id\":\"https:\\\/\\\/www.estudiodecomunicacion.com\\\/en\\\/about-us\\\/nuestro-equipo\\\/\",\"url\":\"https:\\\/\\\/www.estudiodecomunicacion.com\\\/en\\\/about-us\\\/nuestro-equipo\\\/\",\"name\":\"Who we are - Estudio de Comunicaci\u00f3n\",\"isPartOf\":{\"@id\":\"https:\\\/\\\/www.estudiodecomunicacion.com\\\/#website\"},\"datePublished\":\"2017-08-22T11:43:21+00:00\",\"dateModified\":\"2025-09-24T08:42:01+00:00\",\"breadcrumb\":{\"@id\":\"https:\\\/\\\/www.estudiodecomunicacion.com\\\/en\\\/about-us\\\/nuestro-equipo\\\/#breadcrumb\"},\"inLanguage\":\"en-US\",\"potentialAction\":[{\"@type\":\"ReadAction\",\"target\":[\"https:\\\/\\\/www.estudiodecomunicacion.com\\\/en\\\/about-us\\\/nuestro-equipo\\\/\"]}]},{\"@type\":\"BreadcrumbList\",\"@id\":\"https:\\\/\\\/www.estudiodecomunicacion.com\\\/en\\\/about-us\\\/nuestro-equipo\\\/#breadcrumb\",\"itemListElement\":[{\"@type\":\"ListItem\",\"position\":1,\"name\":\"Portada\",\"item\":\"https:\\\/\\\/www.estudiodecomunicacion.com\\\/en\\\/\"},{\"@type\":\"ListItem\",\"position\":2,\"name\":\"About us\",\"item\":\"https:\\\/\\\/www.estudiodecomunicacion.com\\\/en\\\/about-us\\\/\"},{\"@type\":\"ListItem\",\"position\":3,\"name\":\"Who we are\"}]},{\"@type\":\"WebSite\",\"@id\":\"https:\\\/\\\/www.estudiodecomunicacion.com\\\/#website\",\"url\":\"https:\\\/\\\/www.estudiodecomunicacion.com\\\/\",\"name\":\"Estudio de Comunicaci\u00f3n - Consultores de Comunicaci\u00f3n y Relaciones P\u00fablicas\",\"description\":\"Consultora de Comunicaci\u00f3n y Relaciones P\u00fablicas\",\"publisher\":{\"@id\":\"https:\\\/\\\/www.estudiodecomunicacion.com\\\/#organization\"},\"potentialAction\":[{\"@type\":\"SearchAction\",\"target\":{\"@type\":\"EntryPoint\",\"urlTemplate\":\"https:\\\/\\\/www.estudiodecomunicacion.com\\\/?s={search_term_string}\"},\"query-input\":{\"@type\":\"PropertyValueSpecification\",\"valueRequired\":true,\"valueName\":\"search_term_string\"}}],\"inLanguage\":\"en-US\"},{\"@type\":\"Organization\",\"@id\":\"https:\\\/\\\/www.estudiodecomunicacion.com\\\/#organization\",\"name\":\"Estudio de Comunicaci\u00f3n\",\"url\":\"https:\\\/\\\/www.estudiodecomunicacion.com\\\/\",\"logo\":{\"@type\":\"ImageObject\",\"inLanguage\":\"en-US\",\"@id\":\"https:\\\/\\\/www.estudiodecomunicacion.com\\\/#\\\/schema\\\/logo\\\/image\\\/\",\"url\":\"https:\\\/\\\/www.estudiodecomunicacion.com\\\/wp-content\\\/uploads\\\/2018\\\/02\\\/EC_LogoEC.R_LogoLazo-03-03.png\",\"contentUrl\":\"https:\\\/\\\/www.estudiodecomunicacion.com\\\/wp-content\\\/uploads\\\/2018\\\/02\\\/EC_LogoEC.R_LogoLazo-03-03.png\",\"width\":431,\"height\":401,\"caption\":\"Estudio de Comunicaci\u00f3n\"},\"image\":{\"@id\":\"https:\\\/\\\/www.estudiodecomunicacion.com\\\/#\\\/schema\\\/logo\\\/image\\\/\"},\"sameAs\":[\"https:\\\/\\\/www.facebook.com\\\/estudiodecomunicacion\",\"https:\\\/\\\/x.com\\\/EstComunicacion\",\"https:\\\/\\\/www.instagram.com\\\/estcomunicacion\\\/\",\"https:\\\/\\\/www.linkedin.com\\\/company\\\/estudio-de-comunicacion\\\/?originalSubdomain=es\",\"https:\\\/\\\/www.youtube.com\\\/user\\\/EstComunicacion\"]}]}<\/script>\n<!-- \/ Yoast SEO Premium plugin. -->","yoast_head_json":{"title":"Who we are - Estudio de Comunicaci\u00f3n","robots":{"index":"index","follow":"follow","max-snippet":"max-snippet:-1","max-image-preview":"max-image-preview:large","max-video-preview":"max-video-preview:-1"},"canonical":"https:\/\/www.estudiodecomunicacion.com\/en\/about-us\/nuestro-equipo\/","og_locale":"en_US","og_type":"article","og_title":"Who we are","og_description":"[vc_row rt_row_background_width=&#8221;default&#8221; rt_row_style=&#8221;default-style&#8221; rt_row_borders=&#8221;&#8221; rt_row_paddings=&#8221;true&#8221; rt_bg_effect=&#8221;classic&#8221; rt_bg_image_repeat=&#8221;repeat&#8221; rt_bg_size=&#8221;cover&#8221; rt_bg_position=&#8221;right top&#8221; rt_bg_attachment=&#8221;scroll&#8221; rt_bg_video_format=&#8221;self-hosted&#8221;][vc_column rt_wrp_col_paddings=&#8221;false&#8221; rt_border_top=&#8221;&#8221; rt_border_bottom=&#8221;&#8221; rt_border_left=&#8221;&#8221; rt_border_right=&#8221;&#8221; rt_border_top_mobile=&#8221;&#8221; rt_border_bottom_mobile=&#8221;&#8221; rt_border_left_mobile=&#8221;&#8221; rt_border_right_mobile=&#8221;&#8221; rt_bg_image_repeat=&#8221;repeat&#8221; rt_bg_size=&#8221;auto auto&#8221; rt_bg_position=&#8221;right top&#8221; rt_bg_attachment=&#8221;scroll&#8221;][\/vc_column][\/vc_row][vc_row rt_row_background_width=&#8221;default&#8221; rt_row_style=&#8221;default-style&#8221; rt_row_borders=&#8221;&#8221; rt_row_paddings=&#8221;true&#8221; rt_bg_effect=&#8221;classic&#8221; rt_bg_image_repeat=&#8221;repeat&#8221; rt_bg_size=&#8221;cover&#8221; rt_bg_position=&#8221;right top&#8221; rt_bg_attachment=&#8221;scroll&#8221; rt_bg_video_format=&#8221;self-hosted&#8221;][vc_column width=&#8221;1\/2&#8243; rt_wrp_col_paddings=&#8221;false&#8221; rt_border_top=&#8221;&#8221; rt_border_bottom=&#8221;&#8221; rt_border_left=&#8221;&#8221; rt_border_right=&#8221;&#8221; rt_border_top_mobile=&#8221;&#8221; rt_border_bottom_mobile=&#8221;&#8221; rt_border_left_mobile=&#8221;&#8221; rt_border_right_mobile=&#8221;&#8221; rt_bg_image_repeat=&#8221;repeat&#8221; rt_bg_size=&#8221;auto auto&#8221; rt_bg_position=&#8221;right top&#8221; rt_bg_attachment=&#8221;scroll&#8221;][vc_column_text]At Estudio [&hellip;]","og_url":"https:\/\/www.estudiodecomunicacion.com\/en\/about-us\/nuestro-equipo\/","og_site_name":"Estudio de Comunicaci\u00f3n","article_publisher":"https:\/\/www.facebook.com\/estudiodecomunicacion","article_modified_time":"2025-09-24T08:42:01+00:00","twitter_card":"summary_large_image","twitter_site":"@EstComunicacion","twitter_misc":{"Est. reading time":"4 minutes"},"schema":{"@context":"https:\/\/schema.org","@graph":[{"@type":"WebPage","@id":"https:\/\/www.estudiodecomunicacion.com\/en\/about-us\/nuestro-equipo\/","url":"https:\/\/www.estudiodecomunicacion.com\/en\/about-us\/nuestro-equipo\/","name":"Who we are - Estudio de Comunicaci\u00f3n","isPartOf":{"@id":"https:\/\/www.estudiodecomunicacion.com\/#website"},"datePublished":"2017-08-22T11:43:21+00:00","dateModified":"2025-09-24T08:42:01+00:00","breadcrumb":{"@id":"https:\/\/www.estudiodecomunicacion.com\/en\/about-us\/nuestro-equipo\/#breadcrumb"},"inLanguage":"en-US","potentialAction":[{"@type":"ReadAction","target":["https:\/\/www.estudiodecomunicacion.com\/en\/about-us\/nuestro-equipo\/"]}]},{"@type":"BreadcrumbList","@id":"https:\/\/www.estudiodecomunicacion.com\/en\/about-us\/nuestro-equipo\/#breadcrumb","itemListElement":[{"@type":"ListItem","position":1,"name":"Portada","item":"https:\/\/www.estudiodecomunicacion.com\/en\/"},{"@type":"ListItem","position":2,"name":"About us","item":"https:\/\/www.estudiodecomunicacion.com\/en\/about-us\/"},{"@type":"ListItem","position":3,"name":"Who we are"}]},{"@type":"WebSite","@id":"https:\/\/www.estudiodecomunicacion.com\/#website","url":"https:\/\/www.estudiodecomunicacion.com\/","name":"Estudio de Comunicaci\u00f3n - Consultores de Comunicaci\u00f3n y Relaciones P\u00fablicas","description":"Consultora de Comunicaci\u00f3n y Relaciones P\u00fablicas","publisher":{"@id":"https:\/\/www.estudiodecomunicacion.com\/#organization"},"potentialAction":[{"@type":"SearchAction","target":{"@type":"EntryPoint","urlTemplate":"https:\/\/www.estudiodecomunicacion.com\/?s={search_term_string}"},"query-input":{"@type":"PropertyValueSpecification","valueRequired":true,"valueName":"search_term_string"}}],"inLanguage":"en-US"},{"@type":"Organization","@id":"https:\/\/www.estudiodecomunicacion.com\/#organization","name":"Estudio de Comunicaci\u00f3n","url":"https:\/\/www.estudiodecomunicacion.com\/","logo":{"@type":"ImageObject","inLanguage":"en-US","@id":"https:\/\/www.estudiodecomunicacion.com\/#\/schema\/logo\/image\/","url":"https:\/\/www.estudiodecomunicacion.com\/wp-content\/uploads\/2018\/02\/EC_LogoEC.R_LogoLazo-03-03.png","contentUrl":"https:\/\/www.estudiodecomunicacion.com\/wp-content\/uploads\/2018\/02\/EC_LogoEC.R_LogoLazo-03-03.png","width":431,"height":401,"caption":"Estudio de Comunicaci\u00f3n"},"image":{"@id":"https:\/\/www.estudiodecomunicacion.com\/#\/schema\/logo\/image\/"},"sameAs":["https:\/\/www.facebook.com\/estudiodecomunicacion","https:\/\/x.com\/EstComunicacion","https:\/\/www.instagram.com\/estcomunicacion\/","https:\/\/www.linkedin.com\/company\/estudio-de-comunicacion\/?originalSubdomain=es","https:\/\/www.youtube.com\/user\/EstComunicacion"]}]}},"_links":{"self":[{"href":"https:\/\/www.estudiodecomunicacion.com\/en\/wp-json\/wp\/v2\/pages\/31105","targetHints":{"allow":["GET"]}}],"collection":[{"href":"https:\/\/www.estudiodecomunicacion.com\/en\/wp-json\/wp\/v2\/pages"}],"about":[{"href":"https:\/\/www.estudiodecomunicacion.com\/en\/wp-json\/wp\/v2\/types\/page"}],"author":[{"embeddable":true,"href":"https:\/\/www.estudiodecomunicacion.com\/en\/wp-json\/wp\/v2\/users\/2"}],"replies":[{"embeddable":true,"href":"https:\/\/www.estudiodecomunicacion.com\/en\/wp-json\/wp\/v2\/comments?post=31105"}],"version-history":[{"count":17,"href":"https:\/\/www.estudiodecomunicacion.com\/en\/wp-json\/wp\/v2\/pages\/31105\/revisions"}],"predecessor-version":[{"id":52247,"href":"https:\/\/www.estudiodecomunicacion.com\/en\/wp-json\/wp\/v2\/pages\/31105\/revisions\/52247"}],"up":[{"embeddable":true,"href":"https:\/\/www.estudiodecomunicacion.com\/en\/wp-json\/wp\/v2\/pages\/31080"}],"wp:attachment":[{"href":"https:\/\/www.estudiodecomunicacion.com\/en\/wp-json\/wp\/v2\/media?parent=31105"}],"curies":[{"name":"wp","href":"https:\/\/api.w.org\/{rel}","templated":true}]}}