{"id":31465,"date":"2015-02-02T04:31:36","date_gmt":"2015-02-02T04:31:36","guid":{"rendered":"http:\/\/s675738058.mialojamiento.es\/PRUEBAS\/our-portfolio-2\/"},"modified":"2018-04-17T16:38:13","modified_gmt":"2018-04-17T16:38:13","slug":"services","status":"publish","type":"page","link":"https:\/\/www.estudiodecomunicacion.com\/en\/services\/","title":{"rendered":"Services"},"content":{"rendered":"<div class=\"wpb-content-wrapper\"><p>[vc_row rt_row_background_width=&#8221;fullwidth&#8221; rt_row_content_width=&#8221;fullwidth&#8221; rt_row_style=&#8221;default-style&#8221; rt_column_placement=&#8221;middle&#8221; rt_row_borders=&#8221;&#8221; rt_row_paddings=&#8221;true&#8221; rt_bg_image=&#8221;2758&#8243; rt_bg_effect=&#8221;parallax&#8221; rt_bg_parallax_effect=&#8221;3&#8243; rt_pspeed=&#8221;4&#8243; rt_bg_image_repeat=&#8221;no-repeat&#8221; rt_bg_size=&#8221;cover&#8221; rt_bg_position=&#8221;right top&#8221; rt_bg_video_format=&#8221;self-hosted&#8221; rt_bg_color=&#8221;#ffffff&#8221; rt_bg_overlay_color=&#8221;#ffffff&#8221;][vc_column rt_wrp_col_paddings=&#8221;false&#8221; rt_border_top=&#8221;&#8221; rt_border_bottom=&#8221;&#8221; rt_border_left=&#8221;&#8221; rt_border_right=&#8221;&#8221; rt_border_top_mobile=&#8221;&#8221; rt_border_bottom_mobile=&#8221;&#8221; rt_border_left_mobile=&#8221;&#8221; rt_border_right_mobile=&#8221;&#8221; rt_bg_image_repeat=&#8221;repeat-x&#8221; rt_bg_size=&#8221;auto auto&#8221; rt_bg_position=&#8221;right top&#8221; rt_bg_attachment=&#8221;scroll&#8221; rt_bg_color=&#8221;#ffffff&#8221;]<div class=\"rt_heading_wrapper style-4\" style=\"padding-top:0px;padding-bottom:0px;\">\n\t\t\t\t\t\t<h1 class=\"rt_heading  heading-font style-4\"  style=\"color:#8599a8;margin-bottom:20px;\">Services <\/h1>\n\t\t\t\t\t<\/div><div class=\"rt_heading_wrapper style-7\">\n\t\t\t\t\t\t<p class=\"rt_heading  aligncenter style-7\"  style=\"font-size:20px;color:#8599a8;\">360\u00ba Corporative Communications<\/p>\n\t\t\t\t\t<\/div>\n<div id=\"portfolio-dynamicID-621469\" class=\"portfolio_list clearfix  border_grid fixed_heights\" data-column-width=\"6\">\n<div class=\"row clearfix\">\n<div class=\"col col-sm-2   servicios-en\">\n \n\n<!-- portfolio box-->\n<div class=\"loop style-1 image post-31169 portfolio type-portfolio status-publish has-post-thumbnail hentry portfolio_categories-servicios-en\" id=\"portfolio-31169\">\n\n\t\n\n\t\t\t\t<figure class=\"featured_image\">\n\t\t\t\t\t<a href=\"https:\/\/www.estudiodecomunicacion.com\/en\/servicios\/comunicacion-de-crisis\/\" title=\"Crisis Communications\" target=\"_self\" rel=\"bookmark\"><img decoding=\"async\"  itemprop=\"image\" src=\"https:\/\/www.estudiodecomunicacion.com\/wp-content\/uploads\/2018\/02\/Crisis-Estudio-de-Comunicacion-cuadrado.jpg\" alt=\"\" class=\"\" \/><\/a>\n\t\t\t\t\t\n\t\t\t\t<\/figure>\n\n\t\t\t\t<section class=\"text\">\n\t\t\t\t\t<h5><a href=\"https:\/\/www.estudiodecomunicacion.com\/en\/servicios\/comunicacion-de-crisis\/\" target=\"_self\" rel=\"bookmark\">Crisis Communications<\/a><\/h5>\n\t\t\t\t\t\n\t\t\t\t<\/section> \n\n\t\t\t\n<\/div> \n<!-- \/ portfolio box-->\n<\/div>\n<div class=\"col col-sm-2   servicios-en\">\n \n\n<!-- portfolio box-->\n<div class=\"loop style-1 image post-31428 portfolio type-portfolio status-publish has-post-thumbnail hentry portfolio_categories-servicios-en\" id=\"portfolio-31428\">\n\n\t\n\n\t\t\t\t<figure class=\"featured_image\">\n\t\t\t\t\t<a href=\"https:\/\/www.estudiodecomunicacion.com\/en\/servicios\/comunicacion-financiera-2\/\" title=\"Financial Communications\" target=\"_self\" rel=\"bookmark\"><img decoding=\"async\"  itemprop=\"image\" src=\"https:\/\/www.estudiodecomunicacion.com\/wp-content\/uploads\/2018\/02\/2-Bolsa-Madrid-Estudio-de-Comunicacion-Comunicacion-Financiera-cuadrada.jpg\" alt=\"Comunicaci\u00f3n financiera\" class=\"\" \/><\/a>\n\t\t\t\t\t\n\t\t\t\t<\/figure>\n\n\t\t\t\t<section class=\"text\">\n\t\t\t\t\t<h5><a href=\"https:\/\/www.estudiodecomunicacion.com\/en\/servicios\/comunicacion-financiera-2\/\" target=\"_self\" rel=\"bookmark\">Financial Communications<\/a><\/h5>\n\t\t\t\t\t\n\t\t\t\t<\/section> \n\n\t\t\t\n<\/div> \n<!-- \/ portfolio box-->\n<\/div>\n<div class=\"col col-sm-2   servicios-en\">\n \n\n<!-- portfolio box-->\n<div class=\"loop style-1 image post-31196 portfolio type-portfolio status-publish has-post-thumbnail hentry portfolio_categories-servicios-en\" id=\"portfolio-31196\">\n\n\t\n\n\t\t\t\t<figure class=\"featured_image\">\n\t\t\t\t\t<a href=\"https:\/\/www.estudiodecomunicacion.com\/en\/servicios\/relaciones-institucionales\/\" title=\"Institutional relations\" target=\"_self\" rel=\"bookmark\"><img decoding=\"async\"  itemprop=\"image\" src=\"https:\/\/www.estudiodecomunicacion.com\/wp-content\/uploads\/2017\/09\/RRII-Estudio-de-Comunicacion-cuadrada-1.jpg\" alt=\"Relaciones institucionales\" class=\"\" \/><\/a>\n\t\t\t\t\t\n\t\t\t\t<\/figure>\n\n\t\t\t\t<section class=\"text\">\n\t\t\t\t\t<h5><a href=\"https:\/\/www.estudiodecomunicacion.com\/en\/servicios\/relaciones-institucionales\/\" target=\"_self\" rel=\"bookmark\">Institutional relations<\/a><\/h5>\n\t\t\t\t\t\n\t\t\t\t<\/section> \n\n\t\t\t\n<\/div> \n<!-- \/ portfolio box-->\n<\/div>\n<div class=\"col col-sm-2   servicios-en\">\n \n\n<!-- portfolio box-->\n<div class=\"loop style-1 image post-31434 portfolio type-portfolio status-publish has-post-thumbnail hentry portfolio_categories-servicios-en\" id=\"portfolio-31434\">\n\n\t\n\n\t\t\t\t<figure class=\"featured_image\">\n\t\t\t\t\t<a href=\"https:\/\/www.estudiodecomunicacion.com\/en\/servicios\/comunicacion-digital\/\" title=\"Digital Communications\" target=\"_self\" rel=\"bookmark\"><img decoding=\"async\"  itemprop=\"image\" src=\"https:\/\/www.estudiodecomunicacion.com\/wp-content\/uploads\/2017\/09\/Coumunicaci\u00f3n-digital-550x550.jpg\" alt=\"Comunicaci\u00f3n Digital\" class=\"\" \/><\/a>\n\t\t\t\t\t\n\t\t\t\t<\/figure>\n\n\t\t\t\t<section class=\"text\">\n\t\t\t\t\t<h5><a href=\"https:\/\/www.estudiodecomunicacion.com\/en\/servicios\/comunicacion-digital\/\" target=\"_self\" rel=\"bookmark\">Digital Communications<\/a><\/h5>\n\t\t\t\t\t\n\t\t\t\t<\/section> \n\n\t\t\t\n<\/div> \n<!-- \/ portfolio box-->\n<\/div>\n<div class=\"col col-sm-2   servicios-en\">\n \n\n<!-- portfolio box-->\n<div class=\"loop style-1 image post-31438 portfolio type-portfolio status-publish has-post-thumbnail hentry portfolio_categories-servicios-en\" id=\"portfolio-31438\">\n\n\t\n\n\t\t\t\t<figure class=\"featured_image\">\n\t\t\t\t\t<a href=\"https:\/\/www.estudiodecomunicacion.com\/en\/servicios\/comunicacion-interna\/\" title=\"Internal Communications\" target=\"_self\" rel=\"bookmark\"><img decoding=\"async\"  itemprop=\"image\" src=\"https:\/\/www.estudiodecomunicacion.com\/wp-content\/uploads\/2017\/09\/Comunicacion-Interna-Estudio-de-Comunicacion-cuadrada.jpeg\" alt=\"Comunicaci\u00f3n Interna - Estudio de Comunicaci\u00f3n\" class=\"\" \/><\/a>\n\t\t\t\t\t\n\t\t\t\t<\/figure>\n\n\t\t\t\t<section class=\"text\">\n\t\t\t\t\t<h5><a href=\"https:\/\/www.estudiodecomunicacion.com\/en\/servicios\/comunicacion-interna\/\" target=\"_self\" rel=\"bookmark\">Internal Communications<\/a><\/h5>\n\t\t\t\t\t\n\t\t\t\t<\/section> \n\n\t\t\t\n<\/div> \n<!-- \/ portfolio box-->\n<\/div>\n<div class=\"col col-sm-2   servicios-en\">\n \n\n<!-- portfolio box-->\n<div class=\"loop style-1 image post-31537 portfolio type-portfolio status-publish has-post-thumbnail hentry portfolio_categories-servicios-en\" id=\"portfolio-31537\">\n\n\t\n\n\t\t\t\t<figure class=\"featured_image\">\n\t\t\t\t\t<a href=\"https:\/\/www.estudiodecomunicacion.com\/en\/servicios\/comunicacion-salud\/\" title=\"Health Communications\" target=\"_self\" rel=\"bookmark\"><img decoding=\"async\"  itemprop=\"image\" src=\"https:\/\/www.estudiodecomunicacion.com\/wp-content\/uploads\/2018\/02\/Comunicacion-Salud-Estudio-de-Comunicacion-Cuadrada.jpg\" alt=\"Comunicaci\u00f3n de salud\" class=\"\" \/><\/a>\n\t\t\t\t\t\n\t\t\t\t<\/figure>\n\n\t\t\t\t<section class=\"text\">\n\t\t\t\t\t<h5><a href=\"https:\/\/www.estudiodecomunicacion.com\/en\/servicios\/comunicacion-salud\/\" target=\"_self\" rel=\"bookmark\">Health Communications<\/a><\/h5>\n\t\t\t\t\t\n\t\t\t\t<\/section> \n\n\t\t\t\n<\/div> \n<!-- \/ portfolio box-->\n<\/div>\n<\/div>\n<div class=\"row clearfix\">\n<div class=\"col col-sm-2   servicios-en\">\n \n\n<!-- portfolio box-->\n<div class=\"loop style-1 image post-31443 portfolio type-portfolio status-publish has-post-thumbnail hentry portfolio_categories-servicios-en\" id=\"portfolio-31443\">\n\n\t\n\n\t\t\t\t<figure class=\"featured_image\">\n\t\t\t\t\t<a href=\"https:\/\/www.estudiodecomunicacion.com\/en\/servicios\/formacion-de-portavoces\/\" title=\"Spokepersons Training\" target=\"_self\" rel=\"bookmark\"><img decoding=\"async\"  itemprop=\"image\" src=\"https:\/\/www.estudiodecomunicacion.com\/wp-content\/uploads\/2017\/09\/Formacion-de-portavoces-Estudio-de-Comunicacion-cuadrada.jpg\" alt=\"formaci\u00f3n de portavoces\" class=\"\" \/><\/a>\n\t\t\t\t\t\n\t\t\t\t<\/figure>\n\n\t\t\t\t<section class=\"text\">\n\t\t\t\t\t<h5><a href=\"https:\/\/www.estudiodecomunicacion.com\/en\/servicios\/formacion-de-portavoces\/\" target=\"_self\" rel=\"bookmark\">Spokepersons Training<\/a><\/h5>\n\t\t\t\t\t\n\t\t\t\t<\/section> \n\n\t\t\t\n<\/div> \n<!-- \/ portfolio box-->\n<\/div>\n<div class=\"col col-sm-2   servicios-en\">\n \n\n<!-- portfolio box-->\n<div class=\"loop style-1 image post-31447 portfolio type-portfolio status-publish has-post-thumbnail hentry portfolio_categories-servicios-en\" id=\"portfolio-31447\">\n\n\t\n\n\t\t\t\t<figure class=\"featured_image\">\n\t\t\t\t\t<a href=\"https:\/\/www.estudiodecomunicacion.com\/en\/servicios\/reputacion-empresarial\/\" title=\"Business Reputation\" target=\"_self\" rel=\"bookmark\"><img decoding=\"async\"  itemprop=\"image\" src=\"https:\/\/www.estudiodecomunicacion.com\/wp-content\/uploads\/2017\/09\/Reputacion-Estudio-de-Comunciacion.jpeg\" alt=\"Reputaci\u00f3n empresarial\" class=\"\" \/><\/a>\n\t\t\t\t\t\n\t\t\t\t<\/figure>\n\n\t\t\t\t<section class=\"text\">\n\t\t\t\t\t<h5><a href=\"https:\/\/www.estudiodecomunicacion.com\/en\/servicios\/reputacion-empresarial\/\" target=\"_self\" rel=\"bookmark\">Business Reputation<\/a><\/h5>\n\t\t\t\t\t\n\t\t\t\t<\/section> \n\n\t\t\t\n<\/div> \n<!-- \/ portfolio box-->\n<\/div>\n<div class=\"col col-sm-2   servicios-en\">\n \n\n<!-- portfolio box-->\n<div class=\"loop style-1 image post-31450 portfolio type-portfolio status-publish has-post-thumbnail hentry portfolio_categories-servicios-en\" id=\"portfolio-31450\">\n\n\t\n\n\t\t\t\t<figure class=\"featured_image\">\n\t\t\t\t\t<a href=\"https:\/\/www.estudiodecomunicacion.com\/en\/servicios\/litigios\/\" title=\"Legal Communications\" target=\"_self\" rel=\"bookmark\"><img decoding=\"async\"  itemprop=\"image\" src=\"https:\/\/www.estudiodecomunicacion.com\/wp-content\/uploads\/2017\/09\/Litigation-Estudio-de-comunicacion-cuadrada.jpg\" alt=\"comunicaci\u00f3n en litigios\" class=\"\" \/><\/a>\n\t\t\t\t\t\n\t\t\t\t<\/figure>\n\n\t\t\t\t<section class=\"text\">\n\t\t\t\t\t<h5><a href=\"https:\/\/www.estudiodecomunicacion.com\/en\/servicios\/litigios\/\" target=\"_self\" rel=\"bookmark\">Legal Communications<\/a><\/h5>\n\t\t\t\t\t\n\t\t\t\t<\/section> \n\n\t\t\t\n<\/div> \n<!-- \/ portfolio box-->\n<\/div>\n<div class=\"col col-sm-2   servicios-en\">\n \n\n<!-- portfolio box-->\n<div class=\"loop style-1 image post-31454 portfolio type-portfolio status-publish has-post-thumbnail hentry portfolio_categories-servicios-en\" id=\"portfolio-31454\">\n\n\t\n\n\t\t\t\t<figure class=\"featured_image\">\n\t\t\t\t\t<a href=\"https:\/\/www.estudiodecomunicacion.com\/en\/servicios\/consultoria-de-comunicacion\/\" title=\"Communications Consultancy\" target=\"_self\" rel=\"bookmark\"><img decoding=\"async\"  itemprop=\"image\" src=\"https:\/\/www.estudiodecomunicacion.com\/wp-content\/uploads\/2017\/09\/Consultor\u00eda-de-comunicacion-Estudio-de-Comunicacion-cuadrada.jpg\" alt=\"Consultoria de comunicaci\u00f3n\" class=\"\" \/><\/a>\n\t\t\t\t\t\n\t\t\t\t<\/figure>\n\n\t\t\t\t<section class=\"text\">\n\t\t\t\t\t<h5><a href=\"https:\/\/www.estudiodecomunicacion.com\/en\/servicios\/consultoria-de-comunicacion\/\" target=\"_self\" rel=\"bookmark\">Communications Consultancy<\/a><\/h5>\n\t\t\t\t\t\n\t\t\t\t<\/section> \n\n\t\t\t\n<\/div> \n<!-- \/ portfolio box-->\n<\/div>\n<div class=\"col col-sm-2   servicios-en\">\n \n\n<!-- portfolio box-->\n<div class=\"loop style-1 image post-31458 portfolio type-portfolio status-publish has-post-thumbnail hentry portfolio_categories-servicios-en\" id=\"portfolio-31458\">\n\n\t\n\n\t\t\t\t<figure class=\"featured_image\">\n\t\t\t\t\t<a href=\"https:\/\/www.estudiodecomunicacion.com\/en\/servicios\/eventos\/\" title=\"Events\" target=\"_self\" rel=\"bookmark\"><img decoding=\"async\"  itemprop=\"image\" src=\"https:\/\/www.estudiodecomunicacion.com\/wp-content\/uploads\/2017\/09\/Eventos-Estudio-de-Comunicacion-cuadrada2.jpg\" alt=\"Estudio de COmunicaci\u00f3n - Festival de Luz y Vanguardias - Studio Echelon mapping - Prism (13)\" class=\"\" \/><\/a>\n\t\t\t\t\t\n\t\t\t\t<\/figure>\n\n\t\t\t\t<section class=\"text\">\n\t\t\t\t\t<h5><a href=\"https:\/\/www.estudiodecomunicacion.com\/en\/servicios\/eventos\/\" target=\"_self\" rel=\"bookmark\">Events<\/a><\/h5>\n\t\t\t\t\t\n\t\t\t\t<\/section> \n\n\t\t\t\n<\/div> \n<!-- \/ portfolio box-->\n<\/div>\n<div class=\"col col-sm-2   servicios-en\">\n \n\n<!-- portfolio box-->\n<div class=\"loop style-1 image post-31459 portfolio type-portfolio status-publish has-post-thumbnail hentry portfolio_categories-servicios-en\" id=\"portfolio-31459\">\n\n\t\n\n\t\t\t\t<figure class=\"featured_image\">\n\t\t\t\t\t<a href=\"https:\/\/www.estudiodecomunicacion.com\/en\/servicios\/relaciones-publicas\/\" title=\"Public Relations\" target=\"_self\" rel=\"bookmark\"><img decoding=\"async\"  itemprop=\"image\" src=\"https:\/\/www.estudiodecomunicacion.com\/wp-content\/uploads\/2017\/09\/RRPP-Estudio-de-Comunicacion-1.jpg\" alt=\"Estudio de Comunicaci\u00f3n - Relaciones P\u00fablicas\" class=\"\" \/><\/a>\n\t\t\t\t\t\n\t\t\t\t<\/figure>\n\n\t\t\t\t<section class=\"text\">\n\t\t\t\t\t<h5><a href=\"https:\/\/www.estudiodecomunicacion.com\/en\/servicios\/relaciones-publicas\/\" target=\"_self\" rel=\"bookmark\">Public Relations<\/a><\/h5>\n\t\t\t\t\t\n\t\t\t\t<\/section> \n\n\t\t\t\n<\/div> \n<!-- \/ portfolio box-->\n<\/div>\n<\/div>\n<div class=\"row clearfix\">\n<div class=\"col col-sm-2   servicios-en\">\n \n\n<!-- portfolio box-->\n<div class=\"loop style-1 image post-31481 portfolio type-portfolio status-publish has-post-thumbnail hentry portfolio_categories-servicios-en\" id=\"portfolio-31481\">\n\n\t\n\n\t\t\t\t<figure class=\"featured_image\">\n\t\t\t\t\t<a href=\"https:\/\/www.estudiodecomunicacion.com\/en\/servicios\/relaciones-con-los-medios-de-comunicacion\/\" title=\"Media Relations\" target=\"_self\" rel=\"bookmark\"><img decoding=\"async\"  itemprop=\"image\" src=\"https:\/\/www.estudiodecomunicacion.com\/wp-content\/uploads\/2017\/09\/Sin-t\u00edtulo-24.jpg\" alt=\"Relaciones con los medios de comunicaci\u00f3n\" class=\"\" \/><\/a>\n\t\t\t\t\t\n\t\t\t\t<\/figure>\n\n\t\t\t\t<section class=\"text\">\n\t\t\t\t\t<h5><a href=\"https:\/\/www.estudiodecomunicacion.com\/en\/servicios\/relaciones-con-los-medios-de-comunicacion\/\" target=\"_self\" rel=\"bookmark\">Media Relations<\/a><\/h5>\n\t\t\t\t\t\n\t\t\t\t<\/section> \n\n\t\t\t\n<\/div> \n<!-- \/ portfolio box-->\n<\/div>\n<div class=\"col col-sm-2   servicios-en\">\n \n\n<!-- portfolio box-->\n<div class=\"loop style-1 image post-31482 portfolio type-portfolio status-publish has-post-thumbnail hentry portfolio_categories-servicios-en\" id=\"portfolio-31482\">\n\n\t\n\n\t\t\t\t<figure class=\"featured_image\">\n\t\t\t\t\t<a href=\"https:\/\/www.estudiodecomunicacion.com\/en\/servicios\/rsc-y-fundaciones\/\" title=\"Corporate Social Responsibility\" target=\"_self\" rel=\"bookmark\"><img decoding=\"async\"  itemprop=\"image\" src=\"https:\/\/www.estudiodecomunicacion.com\/wp-content\/uploads\/2017\/09\/Ni\u00f1os-sin-malaria-RSC-Estudio-de-Comunicacion.jpg\" alt=\"Estudio de Comunicaci\u00f3n - RSC\" class=\"\" \/><\/a>\n\t\t\t\t\t\n\t\t\t\t<\/figure>\n\n\t\t\t\t<section class=\"text\">\n\t\t\t\t\t<h5><a href=\"https:\/\/www.estudiodecomunicacion.com\/en\/servicios\/rsc-y-fundaciones\/\" target=\"_self\" rel=\"bookmark\">Corporate Social Responsibility<\/a><\/h5>\n\t\t\t\t\t\n\t\t\t\t<\/section> \n\n\t\t\t\n<\/div> \n<!-- \/ portfolio box-->\n<\/div>\n<div class=\"col col-sm-2   servicios-en\">\n \n\n<!-- portfolio box-->\n<div class=\"loop style-1 image post-31483 portfolio type-portfolio status-publish has-post-thumbnail hentry portfolio_categories-servicios-en\" id=\"portfolio-31483\">\n\n\t\n\n\t\t\t\t<figure class=\"featured_image\">\n\t\t\t\t\t<a href=\"https:\/\/www.estudiodecomunicacion.com\/en\/servicios\/comunicacion-cultural\/\" title=\"Cultural Communications\" target=\"_self\" rel=\"bookmark\"><img decoding=\"async\"  itemprop=\"image\" src=\"https:\/\/www.estudiodecomunicacion.com\/wp-content\/uploads\/2018\/02\/COMUNICACION-CULTURAL-2.jpg\" alt=\"Comunicaci\u00f3n cultural - Estudio de Comunicaci\u00f3n\" class=\"\" \/><\/a>\n\t\t\t\t\t\n\t\t\t\t<\/figure>\n\n\t\t\t\t<section class=\"text\">\n\t\t\t\t\t<h5><a href=\"https:\/\/www.estudiodecomunicacion.com\/en\/servicios\/comunicacion-cultural\/\" target=\"_self\" rel=\"bookmark\">Cultural Communications<\/a><\/h5>\n\t\t\t\t\t\n\t\t\t\t<\/section> \n\n\t\t\t\n<\/div> \n<!-- \/ portfolio box-->\n<\/div>\n<div class=\"col col-sm-2   servicios-en\">\n \n\n<!-- portfolio box-->\n<div class=\"loop style-1 image post-31484 portfolio type-portfolio status-publish has-post-thumbnail hentry portfolio_categories-servicios-en\" id=\"portfolio-31484\">\n\n\t\n\n\t\t\t\t<figure class=\"featured_image\">\n\t\t\t\t\t<a href=\"https:\/\/www.estudiodecomunicacion.com\/en\/servicios\/estudios-de-clima-laboral-y-compromiso\/\" title=\"Work climate and commitment studies\" target=\"_self\" rel=\"bookmark\"><img decoding=\"async\"  itemprop=\"image\" src=\"https:\/\/www.estudiodecomunicacion.com\/wp-content\/uploads\/2017\/09\/Estudios-de-clima-laboral-Estudio-de-Comunicacion-cuadrada.jpg\" alt=\"clima laboral\" class=\"\" \/><\/a>\n\t\t\t\t\t\n\t\t\t\t<\/figure>\n\n\t\t\t\t<section class=\"text\">\n\t\t\t\t\t<h5><a href=\"https:\/\/www.estudiodecomunicacion.com\/en\/servicios\/estudios-de-clima-laboral-y-compromiso\/\" target=\"_self\" rel=\"bookmark\">Work climate and commitment studies<\/a><\/h5>\n\t\t\t\t\t\n\t\t\t\t<\/section> \n\n\t\t\t\n<\/div> \n<!-- \/ portfolio box-->\n<\/div>\n<div class=\"col col-sm-2   servicios-en\">\n \n\n<!-- portfolio box-->\n<div class=\"loop style-1 image post-31485 portfolio type-portfolio status-publish has-post-thumbnail hentry portfolio_categories-servicios-en\" id=\"portfolio-31485\">\n\n\t\n\n\t\t\t\t<figure class=\"featured_image\">\n\t\t\t\t\t<a href=\"https:\/\/www.estudiodecomunicacion.com\/en\/servicios\/diseno-publicidad-y-multimedia\/\" title=\"Design, Advertising and Multimedia\" target=\"_self\" rel=\"bookmark\"><img decoding=\"async\"  itemprop=\"image\" src=\"https:\/\/www.estudiodecomunicacion.com\/wp-content\/uploads\/2018\/01\/dise\u00f1o-y-publi-blue-1.jpg\" alt=\"\" class=\"\" \/><\/a>\n\t\t\t\t\t\n\t\t\t\t<\/figure>\n\n\t\t\t\t<section class=\"text\">\n\t\t\t\t\t<h5><a href=\"https:\/\/www.estudiodecomunicacion.com\/en\/servicios\/diseno-publicidad-y-multimedia\/\" target=\"_self\" rel=\"bookmark\">Design, Advertising and Multimedia<\/a><\/h5>\n\t\t\t\t\t\n\t\t\t\t<\/section> \n\n\t\t\t\n<\/div> \n<!-- \/ portfolio box-->\n<\/div>\n<div class=\"col col-sm-2   servicios-en\">\n \n\n<!-- portfolio box-->\n<div class=\"loop style-1 image post-31486 portfolio type-portfolio status-publish has-post-thumbnail hentry portfolio_categories-servicios-en\" id=\"portfolio-31486\">\n\n\t\n\n\t\t\t\t<figure class=\"featured_image\">\n\t\t\t\t\t<a href=\"https:\/\/www.estudiodecomunicacion.com\/en\/servicios\/comunicacion-de-producto-y-consumo\/\" title=\"Consumption and Product\" target=\"_self\" rel=\"bookmark\"><img decoding=\"async\"  itemprop=\"image\" src=\"https:\/\/www.estudiodecomunicacion.com\/wp-content\/uploads\/2018\/02\/Consumo-y-Producto-Estudio-de-Comunicacion-cuadrada.jpg\" alt=\"Estudio de Comunicaci\u00f3n - Consumo y producto\" class=\"\" \/><\/a>\n\t\t\t\t\t\n\t\t\t\t<\/figure>\n\n\t\t\t\t<section class=\"text\">\n\t\t\t\t\t<h5><a href=\"https:\/\/www.estudiodecomunicacion.com\/en\/servicios\/comunicacion-de-producto-y-consumo\/\" target=\"_self\" rel=\"bookmark\">Consumption and Product<\/a><\/h5>\n\t\t\t\t\t\n\t\t\t\t<\/section> \n\n\t\t\t\n<\/div> \n<!-- \/ portfolio box-->\n<\/div>\n<\/div>\n<\/div>\n[\/vc_column][\/vc_row]<\/p>\n<\/div>","protected":false},"excerpt":{"rendered":"<p>[vc_row rt_row_background_width=&#8221;fullwidth&#8221; rt_row_content_width=&#8221;fullwidth&#8221; rt_row_style=&#8221;default-style&#8221; rt_column_placement=&#8221;middle&#8221; rt_row_borders=&#8221;&#8221; rt_row_paddings=&#8221;true&#8221; rt_bg_image=&#8221;2758&#8243; rt_bg_effect=&#8221;parallax&#8221; rt_bg_parallax_effect=&#8221;3&#8243; rt_pspeed=&#8221;4&#8243; rt_bg_image_repeat=&#8221;no-repeat&#8221; rt_bg_size=&#8221;cover&#8221; rt_bg_position=&#8221;right top&#8221; rt_bg_video_format=&#8221;self-hosted&#8221; rt_bg_color=&#8221;#ffffff&#8221; rt_bg_overlay_color=&#8221;#ffffff&#8221;][vc_column rt_wrp_col_paddings=&#8221;false&#8221; rt_border_top=&#8221;&#8221; rt_border_bottom=&#8221;&#8221; rt_border_left=&#8221;&#8221; rt_border_right=&#8221;&#8221; rt_border_top_mobile=&#8221;&#8221; rt_border_bottom_mobile=&#8221;&#8221; rt_border_left_mobile=&#8221;&#8221; rt_border_right_mobile=&#8221;&#8221; rt_bg_image_repeat=&#8221;repeat-x&#8221; rt_bg_size=&#8221;auto auto&#8221; rt_bg_position=&#8221;right top&#8221; rt_bg_attachment=&#8221;scroll&#8221; rt_bg_color=&#8221;#ffffff&#8221;][\/vc_column][\/vc_row]<\/p>\n","protected":false},"author":2,"featured_media":0,"parent":0,"menu_order":0,"comment_status":"open","ping_status":"open","template":"","meta":{"_monsterinsights_skip_tracking":false,"_monsterinsights_sitenote_active":false,"_monsterinsights_sitenote_note":"","_monsterinsights_sitenote_category":0,"footnotes":""},"class_list":["post-31465","page","type-page","status-publish","hentry"],"yoast_head":"<!-- This site is optimized with the Yoast SEO Premium plugin v27.4 (Yoast SEO v27.4) - https:\/\/yoast.com\/product\/yoast-seo-premium-wordpress\/ -->\n<title>Services - Estudio de Comunicaci\u00f3n<\/title>\n<meta name=\"robots\" content=\"index, follow, max-snippet:-1, max-image-preview:large, max-video-preview:-1\" \/>\n<link rel=\"canonical\" href=\"https:\/\/www.estudiodecomunicacion.com\/en\/services\/\" \/>\n<meta property=\"og:locale\" content=\"en_US\" \/>\n<meta property=\"og:type\" content=\"article\" \/>\n<meta property=\"og:title\" content=\"Services\" \/>\n<meta property=\"og:description\" content=\"[vc_row rt_row_background_width=&#8221;fullwidth&#8221; rt_row_content_width=&#8221;fullwidth&#8221; rt_row_style=&#8221;default-style&#8221; rt_column_placement=&#8221;middle&#8221; rt_row_borders=&#8221;&#8221; rt_row_paddings=&#8221;true&#8221; rt_bg_image=&#8221;2758&#8243; rt_bg_effect=&#8221;parallax&#8221; rt_bg_parallax_effect=&#8221;3&#8243; rt_pspeed=&#8221;4&#8243; rt_bg_image_repeat=&#8221;no-repeat&#8221; rt_bg_size=&#8221;cover&#8221; rt_bg_position=&#8221;right top&#8221; rt_bg_video_format=&#8221;self-hosted&#8221; rt_bg_color=&#8221;#ffffff&#8221; rt_bg_overlay_color=&#8221;#ffffff&#8221;][vc_column rt_wrp_col_paddings=&#8221;false&#8221; rt_border_top=&#8221;&#8221; rt_border_bottom=&#8221;&#8221; rt_border_left=&#8221;&#8221; rt_border_right=&#8221;&#8221; rt_border_top_mobile=&#8221;&#8221; rt_border_bottom_mobile=&#8221;&#8221; rt_border_left_mobile=&#8221;&#8221; rt_border_right_mobile=&#8221;&#8221; rt_bg_image_repeat=&#8221;repeat-x&#8221; rt_bg_size=&#8221;auto auto&#8221; rt_bg_position=&#8221;right top&#8221; rt_bg_attachment=&#8221;scroll&#8221; rt_bg_color=&#8221;#ffffff&#8221;][\/vc_column][\/vc_row]\" \/>\n<meta property=\"og:url\" content=\"https:\/\/www.estudiodecomunicacion.com\/en\/services\/\" \/>\n<meta property=\"og:site_name\" content=\"Estudio de Comunicaci\u00f3n\" \/>\n<meta property=\"article:publisher\" content=\"https:\/\/www.facebook.com\/estudiodecomunicacion\" \/>\n<meta property=\"article:modified_time\" content=\"2018-04-17T16:38:13+00:00\" \/>\n<meta name=\"twitter:card\" content=\"summary_large_image\" \/>\n<meta name=\"twitter:site\" content=\"@EstComunicacion\" \/>\n<meta name=\"twitter:label1\" content=\"Est. reading time\" \/>\n\t<meta name=\"twitter:data1\" content=\"1 minute\" \/>\n<script type=\"application\/ld+json\" class=\"yoast-schema-graph\">{\"@context\":\"https:\\\/\\\/schema.org\",\"@graph\":[{\"@type\":\"WebPage\",\"@id\":\"https:\\\/\\\/www.estudiodecomunicacion.com\\\/en\\\/services\\\/\",\"url\":\"https:\\\/\\\/www.estudiodecomunicacion.com\\\/en\\\/services\\\/\",\"name\":\"Services - Estudio de Comunicaci\u00f3n\",\"isPartOf\":{\"@id\":\"https:\\\/\\\/www.estudiodecomunicacion.com\\\/#website\"},\"datePublished\":\"2015-02-02T04:31:36+00:00\",\"dateModified\":\"2018-04-17T16:38:13+00:00\",\"breadcrumb\":{\"@id\":\"https:\\\/\\\/www.estudiodecomunicacion.com\\\/en\\\/services\\\/#breadcrumb\"},\"inLanguage\":\"en-US\",\"potentialAction\":[{\"@type\":\"ReadAction\",\"target\":[\"https:\\\/\\\/www.estudiodecomunicacion.com\\\/en\\\/services\\\/\"]}]},{\"@type\":\"BreadcrumbList\",\"@id\":\"https:\\\/\\\/www.estudiodecomunicacion.com\\\/en\\\/services\\\/#breadcrumb\",\"itemListElement\":[{\"@type\":\"ListItem\",\"position\":1,\"name\":\"Portada\",\"item\":\"https:\\\/\\\/www.estudiodecomunicacion.com\\\/en\\\/\"},{\"@type\":\"ListItem\",\"position\":2,\"name\":\"Services\"}]},{\"@type\":\"WebSite\",\"@id\":\"https:\\\/\\\/www.estudiodecomunicacion.com\\\/#website\",\"url\":\"https:\\\/\\\/www.estudiodecomunicacion.com\\\/\",\"name\":\"Estudio de Comunicaci\u00f3n - Consultores de Comunicaci\u00f3n y Relaciones P\u00fablicas\",\"description\":\"Consultora de Comunicaci\u00f3n y Relaciones P\u00fablicas\",\"publisher\":{\"@id\":\"https:\\\/\\\/www.estudiodecomunicacion.com\\\/#organization\"},\"potentialAction\":[{\"@type\":\"SearchAction\",\"target\":{\"@type\":\"EntryPoint\",\"urlTemplate\":\"https:\\\/\\\/www.estudiodecomunicacion.com\\\/?s={search_term_string}\"},\"query-input\":{\"@type\":\"PropertyValueSpecification\",\"valueRequired\":true,\"valueName\":\"search_term_string\"}}],\"inLanguage\":\"en-US\"},{\"@type\":\"Organization\",\"@id\":\"https:\\\/\\\/www.estudiodecomunicacion.com\\\/#organization\",\"name\":\"Estudio de Comunicaci\u00f3n\",\"url\":\"https:\\\/\\\/www.estudiodecomunicacion.com\\\/\",\"logo\":{\"@type\":\"ImageObject\",\"inLanguage\":\"en-US\",\"@id\":\"https:\\\/\\\/www.estudiodecomunicacion.com\\\/#\\\/schema\\\/logo\\\/image\\\/\",\"url\":\"https:\\\/\\\/www.estudiodecomunicacion.com\\\/wp-content\\\/uploads\\\/2018\\\/02\\\/EC_LogoEC.R_LogoLazo-03-03.png\",\"contentUrl\":\"https:\\\/\\\/www.estudiodecomunicacion.com\\\/wp-content\\\/uploads\\\/2018\\\/02\\\/EC_LogoEC.R_LogoLazo-03-03.png\",\"width\":431,\"height\":401,\"caption\":\"Estudio de Comunicaci\u00f3n\"},\"image\":{\"@id\":\"https:\\\/\\\/www.estudiodecomunicacion.com\\\/#\\\/schema\\\/logo\\\/image\\\/\"},\"sameAs\":[\"https:\\\/\\\/www.facebook.com\\\/estudiodecomunicacion\",\"https:\\\/\\\/x.com\\\/EstComunicacion\",\"https:\\\/\\\/www.instagram.com\\\/estcomunicacion\\\/\",\"https:\\\/\\\/www.linkedin.com\\\/company\\\/estudio-de-comunicacion\\\/?originalSubdomain=es\",\"https:\\\/\\\/www.youtube.com\\\/user\\\/EstComunicacion\"]}]}<\/script>\n<!-- \/ Yoast SEO Premium plugin. -->","yoast_head_json":{"title":"Services - Estudio de Comunicaci\u00f3n","robots":{"index":"index","follow":"follow","max-snippet":"max-snippet:-1","max-image-preview":"max-image-preview:large","max-video-preview":"max-video-preview:-1"},"canonical":"https:\/\/www.estudiodecomunicacion.com\/en\/services\/","og_locale":"en_US","og_type":"article","og_title":"Services","og_description":"[vc_row rt_row_background_width=&#8221;fullwidth&#8221; rt_row_content_width=&#8221;fullwidth&#8221; rt_row_style=&#8221;default-style&#8221; rt_column_placement=&#8221;middle&#8221; rt_row_borders=&#8221;&#8221; rt_row_paddings=&#8221;true&#8221; rt_bg_image=&#8221;2758&#8243; rt_bg_effect=&#8221;parallax&#8221; rt_bg_parallax_effect=&#8221;3&#8243; rt_pspeed=&#8221;4&#8243; rt_bg_image_repeat=&#8221;no-repeat&#8221; rt_bg_size=&#8221;cover&#8221; rt_bg_position=&#8221;right top&#8221; rt_bg_video_format=&#8221;self-hosted&#8221; rt_bg_color=&#8221;#ffffff&#8221; rt_bg_overlay_color=&#8221;#ffffff&#8221;][vc_column rt_wrp_col_paddings=&#8221;false&#8221; rt_border_top=&#8221;&#8221; rt_border_bottom=&#8221;&#8221; rt_border_left=&#8221;&#8221; rt_border_right=&#8221;&#8221; rt_border_top_mobile=&#8221;&#8221; rt_border_bottom_mobile=&#8221;&#8221; rt_border_left_mobile=&#8221;&#8221; rt_border_right_mobile=&#8221;&#8221; rt_bg_image_repeat=&#8221;repeat-x&#8221; rt_bg_size=&#8221;auto auto&#8221; rt_bg_position=&#8221;right top&#8221; rt_bg_attachment=&#8221;scroll&#8221; rt_bg_color=&#8221;#ffffff&#8221;][\/vc_column][\/vc_row]","og_url":"https:\/\/www.estudiodecomunicacion.com\/en\/services\/","og_site_name":"Estudio de Comunicaci\u00f3n","article_publisher":"https:\/\/www.facebook.com\/estudiodecomunicacion","article_modified_time":"2018-04-17T16:38:13+00:00","twitter_card":"summary_large_image","twitter_site":"@EstComunicacion","twitter_misc":{"Est. reading time":"1 minute"},"schema":{"@context":"https:\/\/schema.org","@graph":[{"@type":"WebPage","@id":"https:\/\/www.estudiodecomunicacion.com\/en\/services\/","url":"https:\/\/www.estudiodecomunicacion.com\/en\/services\/","name":"Services - Estudio de Comunicaci\u00f3n","isPartOf":{"@id":"https:\/\/www.estudiodecomunicacion.com\/#website"},"datePublished":"2015-02-02T04:31:36+00:00","dateModified":"2018-04-17T16:38:13+00:00","breadcrumb":{"@id":"https:\/\/www.estudiodecomunicacion.com\/en\/services\/#breadcrumb"},"inLanguage":"en-US","potentialAction":[{"@type":"ReadAction","target":["https:\/\/www.estudiodecomunicacion.com\/en\/services\/"]}]},{"@type":"BreadcrumbList","@id":"https:\/\/www.estudiodecomunicacion.com\/en\/services\/#breadcrumb","itemListElement":[{"@type":"ListItem","position":1,"name":"Portada","item":"https:\/\/www.estudiodecomunicacion.com\/en\/"},{"@type":"ListItem","position":2,"name":"Services"}]},{"@type":"WebSite","@id":"https:\/\/www.estudiodecomunicacion.com\/#website","url":"https:\/\/www.estudiodecomunicacion.com\/","name":"Estudio de Comunicaci\u00f3n - Consultores de Comunicaci\u00f3n y Relaciones P\u00fablicas","description":"Consultora de Comunicaci\u00f3n y Relaciones P\u00fablicas","publisher":{"@id":"https:\/\/www.estudiodecomunicacion.com\/#organization"},"potentialAction":[{"@type":"SearchAction","target":{"@type":"EntryPoint","urlTemplate":"https:\/\/www.estudiodecomunicacion.com\/?s={search_term_string}"},"query-input":{"@type":"PropertyValueSpecification","valueRequired":true,"valueName":"search_term_string"}}],"inLanguage":"en-US"},{"@type":"Organization","@id":"https:\/\/www.estudiodecomunicacion.com\/#organization","name":"Estudio de Comunicaci\u00f3n","url":"https:\/\/www.estudiodecomunicacion.com\/","logo":{"@type":"ImageObject","inLanguage":"en-US","@id":"https:\/\/www.estudiodecomunicacion.com\/#\/schema\/logo\/image\/","url":"https:\/\/www.estudiodecomunicacion.com\/wp-content\/uploads\/2018\/02\/EC_LogoEC.R_LogoLazo-03-03.png","contentUrl":"https:\/\/www.estudiodecomunicacion.com\/wp-content\/uploads\/2018\/02\/EC_LogoEC.R_LogoLazo-03-03.png","width":431,"height":401,"caption":"Estudio de Comunicaci\u00f3n"},"image":{"@id":"https:\/\/www.estudiodecomunicacion.com\/#\/schema\/logo\/image\/"},"sameAs":["https:\/\/www.facebook.com\/estudiodecomunicacion","https:\/\/x.com\/EstComunicacion","https:\/\/www.instagram.com\/estcomunicacion\/","https:\/\/www.linkedin.com\/company\/estudio-de-comunicacion\/?originalSubdomain=es","https:\/\/www.youtube.com\/user\/EstComunicacion"]}]}},"_links":{"self":[{"href":"https:\/\/www.estudiodecomunicacion.com\/en\/wp-json\/wp\/v2\/pages\/31465","targetHints":{"allow":["GET"]}}],"collection":[{"href":"https:\/\/www.estudiodecomunicacion.com\/en\/wp-json\/wp\/v2\/pages"}],"about":[{"href":"https:\/\/www.estudiodecomunicacion.com\/en\/wp-json\/wp\/v2\/types\/page"}],"author":[{"embeddable":true,"href":"https:\/\/www.estudiodecomunicacion.com\/en\/wp-json\/wp\/v2\/users\/2"}],"replies":[{"embeddable":true,"href":"https:\/\/www.estudiodecomunicacion.com\/en\/wp-json\/wp\/v2\/comments?post=31465"}],"version-history":[{"count":0,"href":"https:\/\/www.estudiodecomunicacion.com\/en\/wp-json\/wp\/v2\/pages\/31465\/revisions"}],"wp:attachment":[{"href":"https:\/\/www.estudiodecomunicacion.com\/en\/wp-json\/wp\/v2\/media?parent=31465"}],"curies":[{"name":"wp","href":"https:\/\/api.w.org\/{rel}","templated":true}]}}