{"id":31644,"date":"2017-12-20T17:47:16","date_gmt":"2017-12-20T17:47:16","guid":{"rendered":"http:\/\/s675738058.mialojamiento.es\/PRUEBAS\/informes-de-situacion\/"},"modified":"2018-06-21T23:23:14","modified_gmt":"2018-06-21T23:23:14","slug":"informes-de-situacion","status":"publish","type":"page","link":"https:\/\/www.estudiodecomunicacion.com\/en\/informes-de-situacion\/","title":{"rendered":"Status Reports"},"content":{"rendered":"<div class=\"wpb-content-wrapper\"><p>[vc_row rt_row_background_width=&#8221;default&#8221; rt_row_style=&#8221;default-style&#8221; rt_row_borders=&#8221;&#8221; rt_row_paddings=&#8221;true&#8221; rt_bg_effect=&#8221;classic&#8221; rt_bg_image_repeat=&#8221;repeat&#8221; rt_bg_size=&#8221;cover&#8221; rt_bg_position=&#8221;right top&#8221; rt_bg_attachment=&#8221;scroll&#8221; rt_bg_video_format=&#8221;self-hosted&#8221;][vc_column rt_wrp_col_paddings=&#8221;false&#8221; rt_border_top=&#8221;&#8221; rt_border_bottom=&#8221;&#8221; rt_border_left=&#8221;&#8221; rt_border_right=&#8221;&#8221; rt_border_top_mobile=&#8221;&#8221; rt_border_bottom_mobile=&#8221;&#8221; rt_border_left_mobile=&#8221;&#8221; rt_border_right_mobile=&#8221;&#8221; rt_bg_image_repeat=&#8221;repeat&#8221; rt_bg_size=&#8221;auto auto&#8221; rt_bg_position=&#8221;right top&#8221; rt_bg_attachment=&#8221;scroll&#8221;]<div class=\"rt_heading_wrapper style-4\">\n\t\t\t\t\t\t<h1 class=\"rt_heading  style-4\" >Status Reports<\/h1>\n\t\t\t\t\t<\/div>[vc_column_text]Estudio de Comunicaci\u00f3n\u2019s analytical and Institutional relationships\u2019 teams regularly elaborate political status reports which, we believe, can be endlessly useful to our clients. This is a sample of the ones we\u2019ve prepared[\/vc_column_text][vc_empty_space]\n\t\t\t\t\t\t<div class=\"filter-holder\" data-list-id=\"portfolio-dynamicID-562709\">\n\t\t\t\t\t\t<ul class=\"filter_navigation\"><li><a href=\"#\" data-filter=\"*\" class=\"active animate\" title=\"Show All\"><span class=\"icon-filter\"><\/span><\/a><\/li> <li><a href=\"#\" data-filter=\".informes-de-situacion\">Informes de Situaci\u00f3n<\/a><\/li><\/ul>\n\t\t\t\t\t\t<\/div>\n<div id=\"portfolio-dynamicID-562709\" class=\"portfolio_list clearfix  masonry filterable\" data-column-width=\"3\">\n<div class=\"col col-sm-4  isotope-item  informes-de-situacion-en\">\n \n\n<!-- portfolio box-->\n<div class=\"loop style-1 image post-43663 portfolio type-portfolio status-publish hentry portfolio_categories-informes-de-situacion-en\" id=\"portfolio-43663\">\n\n\t\n\n\t\t\t\t<figure class=\"featured_image\">\n\t\t\t\t\t\n\t\t\t\t\t<div class=\"overlay\"><ul class=\"action_buttons\"><li><a class=\"extlink\" href=\"https:\/\/www.estudiodecomunicacion.com\/wp-content\/uploads\/2022\/06\/211504INF-ESTUDIO-Informe-Internacional-V2-Sinopsis-Programas-Electorales-Elecciones-Andaluzas-2022-V211-1.pdf\" title=\"Synopsis Elections Autonomous Community of Andalusia \u2013 June 19, 2022\" target=\"_blank\"><\/a><\/li><\/ul><\/div>\n\t\t\t\t<\/figure>\n\n\t\t\t\t<section class=\"text\">\n\t\t\t\t\t<h5><a href=\"https:\/\/www.estudiodecomunicacion.com\/wp-content\/uploads\/2022\/06\/211504INF-ESTUDIO-Informe-Internacional-V2-Sinopsis-Programas-Electorales-Elecciones-Andaluzas-2022-V211-1.pdf\" target=\"_blank\" rel=\"bookmark\">Synopsis Elections Autonomous Community of Andalusia \u2013 June 19, 2022<\/a><\/h5>\n\t\t\t\t\t<p>The Political Party \"Partido Popular\", which won the elections held in the Community of Andalusia, has included in its electoral programme outstanding measures for the economy and investment both nationally and internationally.\r\n<\/p>\n\t\t\t\t<\/section> \n\n\t\t\t\n<\/div> \n<!-- \/ portfolio box-->\n<\/div>\n<div class=\"col col-sm-4  isotope-item  informes-de-situacion-en\">\n \n\n<!-- portfolio box-->\n<div class=\"loop style-1 image post-34556 portfolio type-portfolio status-publish has-post-thumbnail hentry portfolio_categories-informes-de-situacion-en\" id=\"portfolio-34556\">\n\n\t\n\n\t\t\t\t<figure class=\"featured_image\">\n\t\t\t\t\t<img decoding=\"async\" src=\"https:\/\/www.estudiodecomunicacion.com\/wp-content\/uploads\/2018\/08\/informe-elecciones-mexico-2018.jpg\" alt=\"\" class=\"\" \/>\n\t\t\t\t\t<div class=\"overlay\"><ul class=\"action_buttons\"><li><a id=\"lightbox-512239\" class=\"zoom lightbox_\" data-group=\"image_34538\" title=\"Enlarge Image\" data-title=\"Presidential elections in M\u00e9xico 2018\" data-sub-html=\"#lightbox-512239-description\" data-thumbnail=\"https:\/\/www.estudiodecomunicacion.com\/wp-content\/uploads\/2018\/08\/informe-elecciones-mexico-2018-75x50.jpg\" data-thumbTooltip=\"\" data-scaleUp=\"\" data-href=\"\" data-width=\"\" data-height=\"\" data-flashHasPriority=\"\" data-poster=\"\" data-autoplay=\"\" data-audiotitle=\"\" data-html=\"\" href=\"https:\/\/www.estudiodecomunicacion.com\/wp-content\/uploads\/2018\/08\/informe-elecciones-mexico-2018.jpg\" ><\/a>\r\n\t\t\t<div class=\"lighbox-description hidden\" id=\"lightbox-512239-description\">\r\n\t\t\t\t<strong>Presidential elections in M\u00e9xico 2018<\/strong><br>\r\n\t\t\t\t\r\n\t\t\t<\/div><\/li><li><a class=\"link\" href=\"https:\/\/www.estudiodecomunicacion.com\/en\/servicios\/elecciones-presidenciales-mexico-2018-2\/\" title=\"Presidential elections in M\u00e9xico 2018\" target=\"_self\"><\/a><\/li><\/ul><\/div>\n\t\t\t\t<\/figure>\n\n\t\t\t\t<section class=\"text\">\n\t\t\t\t\t<h5><a href=\"https:\/\/www.estudiodecomunicacion.com\/en\/servicios\/elecciones-presidenciales-mexico-2018-2\/\" target=\"_self\" rel=\"bookmark\">Presidential elections in M\u00e9xico 2018<\/a><\/h5>\n\t\t\t\t\t\n\t\t\t\t<\/section> \n\n\t\t\t\n<\/div> \n<!-- \/ portfolio box-->\n<\/div>\n<div class=\"col col-sm-4  isotope-item  informes-de-situacion-en\">\n \n\n<!-- portfolio box-->\n<div class=\"loop style-1 image post-34553 portfolio type-portfolio status-publish has-post-thumbnail hentry portfolio_categories-informes-de-situacion-en\" id=\"portfolio-34553\">\n\n\t\n\n\t\t\t\t<figure class=\"featured_image\">\n\t\t\t\t\t<img decoding=\"async\" src=\"https:\/\/www.estudiodecomunicacion.com\/wp-content\/uploads\/2018\/08\/informe-secretarias-de-estado.jpg\" alt=\"\" class=\"\" \/>\n\t\t\t\t\t<div class=\"overlay\"><ul class=\"action_buttons\"><li><a id=\"lightbox-879541\" class=\"zoom lightbox_\" data-group=\"image_34534\" title=\"Enlarge Image\" data-title=\"Spain&#8217;s government Secretaries of State\" data-sub-html=\"#lightbox-879541-description\" data-thumbnail=\"https:\/\/www.estudiodecomunicacion.com\/wp-content\/uploads\/2018\/08\/informe-secretarias-de-estado-75x50.jpg\" data-thumbTooltip=\"\" data-scaleUp=\"\" data-href=\"\" data-width=\"\" data-height=\"\" data-flashHasPriority=\"\" data-poster=\"\" data-autoplay=\"\" data-audiotitle=\"\" data-html=\"\" href=\"https:\/\/www.estudiodecomunicacion.com\/wp-content\/uploads\/2018\/08\/informe-secretarias-de-estado.jpg\" ><\/a>\r\n\t\t\t<div class=\"lighbox-description hidden\" id=\"lightbox-879541-description\">\r\n\t\t\t\t<strong>Spain&#8217;s government Secretaries of State<\/strong><br>\r\n\t\t\t\t\r\n\t\t\t<\/div><\/li><li><a class=\"link\" href=\"https:\/\/www.estudiodecomunicacion.com\/en\/servicios\/secretarias-de-estado-del-gobierno-de-espana\/\" title=\"Spain&#8217;s government Secretaries of State\" target=\"_self\"><\/a><\/li><\/ul><\/div>\n\t\t\t\t<\/figure>\n\n\t\t\t\t<section class=\"text\">\n\t\t\t\t\t<h5><a href=\"https:\/\/www.estudiodecomunicacion.com\/en\/servicios\/secretarias-de-estado-del-gobierno-de-espana\/\" target=\"_self\" rel=\"bookmark\">Spain&#8217;s government Secretaries of State<\/a><\/h5>\n\t\t\t\t\t\n\t\t\t\t<\/section> \n\n\t\t\t\n<\/div> \n<!-- \/ portfolio box-->\n<\/div>\n<div class=\"col col-sm-4  isotope-item  informes-de-situacion-en\">\n \n\n<!-- portfolio box-->\n<div class=\"loop style-1 image post-34547 portfolio type-portfolio status-publish has-post-thumbnail hentry portfolio_categories-informes-de-situacion-en\" id=\"portfolio-34547\">\n\n\t\n\n\t\t\t\t<figure class=\"featured_image\">\n\t\t\t\t\t<img decoding=\"async\" src=\"https:\/\/www.estudiodecomunicacion.com\/wp-content\/uploads\/2018\/08\/report-new-government.jpg\" alt=\"\" class=\"\" \/>\n\t\t\t\t\t<div class=\"overlay\"><ul class=\"action_buttons\"><li><a id=\"lightbox-720042\" class=\"zoom lightbox_\" data-group=\"image_34545\" title=\"Enlarge Image\" data-title=\"Pedro S\u00e1nchez&#8217;s new government\" data-sub-html=\"#lightbox-720042-description\" data-thumbnail=\"https:\/\/www.estudiodecomunicacion.com\/wp-content\/uploads\/2018\/08\/report-new-government-75x50.jpg\" data-thumbTooltip=\"\" data-scaleUp=\"\" data-href=\"\" data-width=\"\" data-height=\"\" data-flashHasPriority=\"\" data-poster=\"\" data-autoplay=\"\" data-audiotitle=\"\" data-html=\"\" href=\"https:\/\/www.estudiodecomunicacion.com\/wp-content\/uploads\/2018\/08\/report-new-government.jpg\" ><\/a>\r\n\t\t\t<div class=\"lighbox-description hidden\" id=\"lightbox-720042-description\">\r\n\t\t\t\t<strong>Pedro S\u00e1nchez&#8217;s new government<\/strong><br>\r\n\t\t\t\t\r\n\t\t\t<\/div><\/li><li><a class=\"link\" href=\"https:\/\/www.estudiodecomunicacion.com\/en\/servicios\/nuevo-gobierno-de-pedro-sanchez-presidente-de-espana\/\" title=\"Pedro S\u00e1nchez&#8217;s new government\" target=\"_self\"><\/a><\/li><\/ul><\/div>\n\t\t\t\t<\/figure>\n\n\t\t\t\t<section class=\"text\">\n\t\t\t\t\t<h5><a href=\"https:\/\/www.estudiodecomunicacion.com\/en\/servicios\/nuevo-gobierno-de-pedro-sanchez-presidente-de-espana\/\" target=\"_self\" rel=\"bookmark\">Pedro S\u00e1nchez&#8217;s new government<\/a><\/h5>\n\t\t\t\t\t\n\t\t\t\t<\/section> \n\n\t\t\t\n<\/div> \n<!-- \/ portfolio box-->\n<\/div>\n<div class=\"col col-sm-4  isotope-item  informes-de-situacion-en\">\n \n\n<!-- portfolio box-->\n<div class=\"loop style-1 image post-34540 portfolio type-portfolio status-publish has-post-thumbnail hentry portfolio_categories-informes-de-situacion-en\" id=\"portfolio-34540\">\n\n\t\n\n\t\t\t\t<figure class=\"featured_image\">\n\t\t\t\t\t<img decoding=\"async\" src=\"https:\/\/www.estudiodecomunicacion.com\/wp-content\/uploads\/2018\/06\/spains-new-president.jpg\" alt=\"\" class=\"\" \/>\n\t\t\t\t\t<div class=\"overlay\"><ul class=\"action_buttons\"><li><a id=\"lightbox-936877\" class=\"zoom lightbox_\" data-group=\"image_34542\" title=\"Enlarge Image\" data-title=\"Pedro S\u00e1nchez, Spain&#8217;s new President\" data-sub-html=\"#lightbox-936877-description\" data-thumbnail=\"https:\/\/www.estudiodecomunicacion.com\/wp-content\/uploads\/2018\/06\/spains-new-president-75x50.jpg\" data-thumbTooltip=\"\" data-scaleUp=\"\" data-href=\"\" data-width=\"\" data-height=\"\" data-flashHasPriority=\"\" data-poster=\"\" data-autoplay=\"\" data-audiotitle=\"\" data-html=\"\" href=\"https:\/\/www.estudiodecomunicacion.com\/wp-content\/uploads\/2018\/06\/spains-new-president.jpg\" ><\/a>\r\n\t\t\t<div class=\"lighbox-description hidden\" id=\"lightbox-936877-description\">\r\n\t\t\t\t<strong>Pedro S\u00e1nchez, Spain&#8217;s new President<\/strong><br>\r\n\t\t\t\t\r\n\t\t\t<\/div><\/li><li><a class=\"link\" href=\"https:\/\/www.estudiodecomunicacion.com\/en\/servicios\/pedro-sanchez-nuevo-presidente-del-gobierno-espanol\/\" title=\"Pedro S\u00e1nchez, Spain&#8217;s new President\" target=\"_self\"><\/a><\/li><\/ul><\/div>\n\t\t\t\t<\/figure>\n\n\t\t\t\t<section class=\"text\">\n\t\t\t\t\t<h5><a href=\"https:\/\/www.estudiodecomunicacion.com\/en\/servicios\/pedro-sanchez-nuevo-presidente-del-gobierno-espanol\/\" target=\"_self\" rel=\"bookmark\">Pedro S\u00e1nchez, Spain&#8217;s new President<\/a><\/h5>\n\t\t\t\t\t\n\t\t\t\t<\/section> \n\n\t\t\t\n<\/div> \n<!-- \/ portfolio box-->\n<\/div>\n<div class=\"col col-sm-4  isotope-item  informes-de-situacion-en\">\n \n\n<!-- portfolio box-->\n<div class=\"loop style-1 image post-33259 portfolio type-portfolio status-publish has-post-thumbnail hentry portfolio_categories-informes-de-situacion-en\" id=\"portfolio-33259\">\n\n\t\n\n\t\t\t\t<figure class=\"featured_image\">\n\t\t\t\t\t<img decoding=\"async\" src=\"https:\/\/www.estudiodecomunicacion.com\/wp-content\/uploads\/2018\/03\/Elecciones-Presidenciales-en-Chile-e1522076705254.png\" alt=\"Estudio de Comunicaci\u00f3n - informe Pi\u00f1era gana las elecciones de Chile\" class=\"\" \/>\n\t\t\t\t\t<div class=\"overlay\"><ul class=\"action_buttons\"><li><a id=\"lightbox-496789\" class=\"zoom lightbox_\" data-group=\"image_31008\" title=\"Enlarge Image\" data-title=\"Elecciones Presidenciales en Chile\" data-sub-html=\"#lightbox-496789-description\" data-thumbnail=\"https:\/\/www.estudiodecomunicacion.com\/wp-content\/uploads\/2018\/03\/Elecciones-Presidenciales-en-Chile-e1522076705254-75x50.png\" data-thumbTooltip=\"\" data-scaleUp=\"\" data-href=\"\" data-width=\"\" data-height=\"\" data-flashHasPriority=\"\" data-poster=\"\" data-autoplay=\"\" data-audiotitle=\"\" data-html=\"\" href=\"https:\/\/www.estudiodecomunicacion.com\/wp-content\/uploads\/2018\/03\/Elecciones-Presidenciales-en-Chile-e1522076705254.png\" ><\/a>\r\n\t\t\t<div class=\"lighbox-description hidden\" id=\"lightbox-496789-description\">\r\n\t\t\t\t<strong>Elecciones Presidenciales en Chile<\/strong><br>\r\n\t\t\t\t\r\n\t\t\t<\/div><\/li><li><a class=\"link\" href=\"https:\/\/www.estudiodecomunicacion.com\/en\/servicios\/elecciones-presidenciales-en-chile\/\" title=\"Elecciones Presidenciales en Chile\" target=\"_self\"><\/a><\/li><\/ul><\/div>\n\t\t\t\t<\/figure>\n\n\t\t\t\t<section class=\"text\">\n\t\t\t\t\t<h5><a href=\"https:\/\/www.estudiodecomunicacion.com\/en\/servicios\/elecciones-presidenciales-en-chile\/\" target=\"_self\" rel=\"bookmark\">Elecciones Presidenciales en Chile<\/a><\/h5>\n\t\t\t\t\t\n\t\t\t\t<\/section> \n\n\t\t\t\n<\/div> \n<!-- \/ portfolio box-->\n<\/div>\n<div class=\"col col-sm-4  isotope-item  informes-de-situacion-en\">\n \n\n<!-- portfolio box-->\n<div class=\"loop style-1 image post-33264 portfolio type-portfolio status-publish has-post-thumbnail hentry portfolio_categories-informes-de-situacion-en\" id=\"portfolio-33264\">\n\n\t\n\n\t\t\t\t<figure class=\"featured_image\">\n\t\t\t\t\t<img decoding=\"async\" src=\"https:\/\/www.estudiodecomunicacion.com\/wp-content\/uploads\/2018\/01\/elecciones-21D.jpg\" alt=\"\" class=\"\" \/>\n\t\t\t\t\t<div class=\"overlay\"><ul class=\"action_buttons\"><li><a id=\"lightbox-890489\" class=\"zoom lightbox_\" data-group=\"image_29218\" title=\"Enlarge Image\" data-title=\"Elecciones 21D en Catalu\u00f1a\" data-sub-html=\"#lightbox-890489-description\" data-thumbnail=\"https:\/\/www.estudiodecomunicacion.com\/wp-content\/uploads\/2018\/01\/elecciones-21D-75x50.jpg\" data-thumbTooltip=\"\" data-scaleUp=\"\" data-href=\"\" data-width=\"\" data-height=\"\" data-flashHasPriority=\"\" data-poster=\"\" data-autoplay=\"\" data-audiotitle=\"\" data-html=\"\" href=\"https:\/\/www.estudiodecomunicacion.com\/wp-content\/uploads\/2018\/01\/elecciones-21D.jpg\" ><\/a>\r\n\t\t\t<div class=\"lighbox-description hidden\" id=\"lightbox-890489-description\">\r\n\t\t\t\t<strong>Elecciones 21D en Catalu\u00f1a<\/strong><br>\r\n\t\t\t\t\r\n\t\t\t<\/div><\/li><li><a class=\"link\" href=\"https:\/\/www.estudiodecomunicacion.com\/en\/servicios\/elecciones-21d-en-cataluna\/\" title=\"Elecciones 21D en Catalu\u00f1a\" target=\"_self\"><\/a><\/li><\/ul><\/div>\n\t\t\t\t<\/figure>\n\n\t\t\t\t<section class=\"text\">\n\t\t\t\t\t<h5><a href=\"https:\/\/www.estudiodecomunicacion.com\/en\/servicios\/elecciones-21d-en-cataluna\/\" target=\"_self\" rel=\"bookmark\">Elecciones 21D en Catalu\u00f1a<\/a><\/h5>\n\t\t\t\t\t\n\t\t\t\t<\/section> \n\n\t\t\t\n<\/div> \n<!-- \/ portfolio box-->\n<\/div>\n<div class=\"col col-sm-4  isotope-item  informes-de-situacion-en\">\n \n\n<!-- portfolio box-->\n<div class=\"loop style-1 image post-33272 portfolio type-portfolio status-publish has-post-thumbnail hentry portfolio_categories-informes-de-situacion-en\" id=\"portfolio-33272\">\n\n\t\n\n\t\t\t\t<figure class=\"featured_image\">\n\t\t\t\t\t<img decoding=\"async\" src=\"https:\/\/www.estudiodecomunicacion.com\/wp-content\/uploads\/2018\/01\/1-O1.jpg\" alt=\"\" class=\"\" \/>\n\t\t\t\t\t<div class=\"overlay\"><ul class=\"action_buttons\"><li><a id=\"lightbox-277553\" class=\"zoom lightbox_\" data-group=\"image_29216\" title=\"Enlarge Image\" data-title=\"(1-O)+1\" data-sub-html=\"#lightbox-277553-description\" data-thumbnail=\"https:\/\/www.estudiodecomunicacion.com\/wp-content\/uploads\/2018\/01\/1-O1-75x50.jpg\" data-thumbTooltip=\"\" data-scaleUp=\"\" data-href=\"\" data-width=\"\" data-height=\"\" data-flashHasPriority=\"\" data-poster=\"\" data-autoplay=\"\" data-audiotitle=\"\" data-html=\"\" href=\"https:\/\/www.estudiodecomunicacion.com\/wp-content\/uploads\/2018\/01\/1-O1.jpg\" ><\/a>\r\n\t\t\t<div class=\"lighbox-description hidden\" id=\"lightbox-277553-description\">\r\n\t\t\t\t<strong>(1-O)+1<\/strong><br>\r\n\t\t\t\t\r\n\t\t\t<\/div><\/li><li><a class=\"link\" href=\"https:\/\/www.estudiodecomunicacion.com\/en\/servicios\/1-o1\/\" title=\"(1-O)+1\" target=\"_self\"><\/a><\/li><\/ul><\/div>\n\t\t\t\t<\/figure>\n\n\t\t\t\t<section class=\"text\">\n\t\t\t\t\t<h5><a href=\"https:\/\/www.estudiodecomunicacion.com\/en\/servicios\/1-o1\/\" target=\"_self\" rel=\"bookmark\">(1-O)+1<\/a><\/h5>\n\t\t\t\t\t\n\t\t\t\t<\/section> \n\n\t\t\t\n<\/div> \n<!-- \/ portfolio box-->\n<\/div>\n<\/div>\n<div class=\"paging_wrapper margin-t30 margin-b30\"><ul class='page-numbers'>\n\t<li><span aria-current=\"page\" class=\"page-numbers current\">1<\/span><\/li>\n\t<li><a class=\"page-numbers\" href=\"https:\/\/www.estudiodecomunicacion.com\/en\/wp-json\/wp\/v2\/pages\/31644\/page\/2\/\">2<\/a><\/li>\n\t<li><a class=\"next page-numbers\" href=\"https:\/\/www.estudiodecomunicacion.com\/en\/wp-json\/wp\/v2\/pages\/31644\/page\/2\/\"><span class=\"icon-angle-right\"><\/span><\/a><\/li>\n<\/ul>\n<\/div>[\/vc_column][\/vc_row]<\/p>\n<\/div>","protected":false},"excerpt":{"rendered":"<p>[vc_row rt_row_background_width=&#8221;default&#8221; rt_row_style=&#8221;default-style&#8221; rt_row_borders=&#8221;&#8221; rt_row_paddings=&#8221;true&#8221; rt_bg_effect=&#8221;classic&#8221; rt_bg_image_repeat=&#8221;repeat&#8221; rt_bg_size=&#8221;cover&#8221; rt_bg_position=&#8221;right top&#8221; rt_bg_attachment=&#8221;scroll&#8221; rt_bg_video_format=&#8221;self-hosted&#8221;][vc_column rt_wrp_col_paddings=&#8221;false&#8221; rt_border_top=&#8221;&#8221; rt_border_bottom=&#8221;&#8221; rt_border_left=&#8221;&#8221; rt_border_right=&#8221;&#8221; rt_border_top_mobile=&#8221;&#8221; rt_border_bottom_mobile=&#8221;&#8221; rt_border_left_mobile=&#8221;&#8221; rt_border_right_mobile=&#8221;&#8221; rt_bg_image_repeat=&#8221;repeat&#8221; rt_bg_size=&#8221;auto auto&#8221; rt_bg_position=&#8221;right top&#8221; rt_bg_attachment=&#8221;scroll&#8221;][vc_column_text]Estudio de Comunicaci\u00f3n\u2019s analytical and Institutional relationships\u2019 teams regularly elaborate political status reports which, we believe, can be endlessly useful to our clients. This is a sample of the [&hellip;]<\/p>\n","protected":false},"author":2,"featured_media":0,"parent":0,"menu_order":0,"comment_status":"closed","ping_status":"closed","template":"","meta":{"_monsterinsights_skip_tracking":false,"_monsterinsights_sitenote_active":false,"_monsterinsights_sitenote_note":"","_monsterinsights_sitenote_category":0,"footnotes":""},"class_list":["post-31644","page","type-page","status-publish","hentry"],"yoast_head":"<!-- This site is optimized with the Yoast SEO Premium plugin v27.4 (Yoast SEO v27.4) - https:\/\/yoast.com\/product\/yoast-seo-premium-wordpress\/ -->\n<title>Status Reports - Estudio de Comunicaci\u00f3n<\/title>\n<meta name=\"robots\" content=\"index, follow, max-snippet:-1, max-image-preview:large, max-video-preview:-1\" \/>\n<link rel=\"canonical\" href=\"https:\/\/www.estudiodecomunicacion.com\/en\/informes-de-situacion\/\" \/>\n<meta property=\"og:locale\" content=\"en_US\" \/>\n<meta property=\"og:type\" content=\"article\" \/>\n<meta property=\"og:title\" content=\"Status Reports\" \/>\n<meta property=\"og:description\" content=\"[vc_row rt_row_background_width=&#8221;default&#8221; rt_row_style=&#8221;default-style&#8221; rt_row_borders=&#8221;&#8221; rt_row_paddings=&#8221;true&#8221; rt_bg_effect=&#8221;classic&#8221; rt_bg_image_repeat=&#8221;repeat&#8221; rt_bg_size=&#8221;cover&#8221; rt_bg_position=&#8221;right top&#8221; rt_bg_attachment=&#8221;scroll&#8221; rt_bg_video_format=&#8221;self-hosted&#8221;][vc_column rt_wrp_col_paddings=&#8221;false&#8221; rt_border_top=&#8221;&#8221; rt_border_bottom=&#8221;&#8221; rt_border_left=&#8221;&#8221; rt_border_right=&#8221;&#8221; rt_border_top_mobile=&#8221;&#8221; rt_border_bottom_mobile=&#8221;&#8221; rt_border_left_mobile=&#8221;&#8221; rt_border_right_mobile=&#8221;&#8221; rt_bg_image_repeat=&#8221;repeat&#8221; rt_bg_size=&#8221;auto auto&#8221; rt_bg_position=&#8221;right top&#8221; rt_bg_attachment=&#8221;scroll&#8221;][vc_column_text]Estudio de Comunicaci\u00f3n\u2019s analytical and Institutional relationships\u2019 teams regularly elaborate political status reports which, we believe, can be endlessly useful to our clients. This is a sample of the [&hellip;]\" \/>\n<meta property=\"og:url\" content=\"https:\/\/www.estudiodecomunicacion.com\/en\/informes-de-situacion\/\" \/>\n<meta property=\"og:site_name\" content=\"Estudio de Comunicaci\u00f3n\" \/>\n<meta property=\"article:publisher\" content=\"https:\/\/www.facebook.com\/estudiodecomunicacion\" \/>\n<meta property=\"article:modified_time\" content=\"2018-06-21T23:23:14+00:00\" \/>\n<meta name=\"twitter:card\" content=\"summary_large_image\" \/>\n<meta name=\"twitter:site\" content=\"@EstComunicacion\" \/>\n<meta name=\"twitter:label1\" content=\"Est. reading time\" \/>\n\t<meta name=\"twitter:data1\" content=\"1 minute\" \/>\n<script type=\"application\/ld+json\" class=\"yoast-schema-graph\">{\"@context\":\"https:\\\/\\\/schema.org\",\"@graph\":[{\"@type\":\"WebPage\",\"@id\":\"https:\\\/\\\/www.estudiodecomunicacion.com\\\/en\\\/informes-de-situacion\\\/\",\"url\":\"https:\\\/\\\/www.estudiodecomunicacion.com\\\/en\\\/informes-de-situacion\\\/\",\"name\":\"Status Reports - Estudio de Comunicaci\u00f3n\",\"isPartOf\":{\"@id\":\"https:\\\/\\\/www.estudiodecomunicacion.com\\\/#website\"},\"datePublished\":\"2017-12-20T17:47:16+00:00\",\"dateModified\":\"2018-06-21T23:23:14+00:00\",\"breadcrumb\":{\"@id\":\"https:\\\/\\\/www.estudiodecomunicacion.com\\\/en\\\/informes-de-situacion\\\/#breadcrumb\"},\"inLanguage\":\"en-US\",\"potentialAction\":[{\"@type\":\"ReadAction\",\"target\":[\"https:\\\/\\\/www.estudiodecomunicacion.com\\\/en\\\/informes-de-situacion\\\/\"]}]},{\"@type\":\"BreadcrumbList\",\"@id\":\"https:\\\/\\\/www.estudiodecomunicacion.com\\\/en\\\/informes-de-situacion\\\/#breadcrumb\",\"itemListElement\":[{\"@type\":\"ListItem\",\"position\":1,\"name\":\"Portada\",\"item\":\"https:\\\/\\\/www.estudiodecomunicacion.com\\\/en\\\/\"},{\"@type\":\"ListItem\",\"position\":2,\"name\":\"Status Reports\"}]},{\"@type\":\"WebSite\",\"@id\":\"https:\\\/\\\/www.estudiodecomunicacion.com\\\/#website\",\"url\":\"https:\\\/\\\/www.estudiodecomunicacion.com\\\/\",\"name\":\"Estudio de Comunicaci\u00f3n - Consultores de Comunicaci\u00f3n y Relaciones P\u00fablicas\",\"description\":\"Consultora de Comunicaci\u00f3n y Relaciones P\u00fablicas\",\"publisher\":{\"@id\":\"https:\\\/\\\/www.estudiodecomunicacion.com\\\/#organization\"},\"potentialAction\":[{\"@type\":\"SearchAction\",\"target\":{\"@type\":\"EntryPoint\",\"urlTemplate\":\"https:\\\/\\\/www.estudiodecomunicacion.com\\\/?s={search_term_string}\"},\"query-input\":{\"@type\":\"PropertyValueSpecification\",\"valueRequired\":true,\"valueName\":\"search_term_string\"}}],\"inLanguage\":\"en-US\"},{\"@type\":\"Organization\",\"@id\":\"https:\\\/\\\/www.estudiodecomunicacion.com\\\/#organization\",\"name\":\"Estudio de Comunicaci\u00f3n\",\"url\":\"https:\\\/\\\/www.estudiodecomunicacion.com\\\/\",\"logo\":{\"@type\":\"ImageObject\",\"inLanguage\":\"en-US\",\"@id\":\"https:\\\/\\\/www.estudiodecomunicacion.com\\\/#\\\/schema\\\/logo\\\/image\\\/\",\"url\":\"https:\\\/\\\/www.estudiodecomunicacion.com\\\/wp-content\\\/uploads\\\/2018\\\/02\\\/EC_LogoEC.R_LogoLazo-03-03.png\",\"contentUrl\":\"https:\\\/\\\/www.estudiodecomunicacion.com\\\/wp-content\\\/uploads\\\/2018\\\/02\\\/EC_LogoEC.R_LogoLazo-03-03.png\",\"width\":431,\"height\":401,\"caption\":\"Estudio de Comunicaci\u00f3n\"},\"image\":{\"@id\":\"https:\\\/\\\/www.estudiodecomunicacion.com\\\/#\\\/schema\\\/logo\\\/image\\\/\"},\"sameAs\":[\"https:\\\/\\\/www.facebook.com\\\/estudiodecomunicacion\",\"https:\\\/\\\/x.com\\\/EstComunicacion\",\"https:\\\/\\\/www.instagram.com\\\/estcomunicacion\\\/\",\"https:\\\/\\\/www.linkedin.com\\\/company\\\/estudio-de-comunicacion\\\/?originalSubdomain=es\",\"https:\\\/\\\/www.youtube.com\\\/user\\\/EstComunicacion\"]}]}<\/script>\n<!-- \/ Yoast SEO Premium plugin. -->","yoast_head_json":{"title":"Status Reports - Estudio de Comunicaci\u00f3n","robots":{"index":"index","follow":"follow","max-snippet":"max-snippet:-1","max-image-preview":"max-image-preview:large","max-video-preview":"max-video-preview:-1"},"canonical":"https:\/\/www.estudiodecomunicacion.com\/en\/informes-de-situacion\/","og_locale":"en_US","og_type":"article","og_title":"Status Reports","og_description":"[vc_row rt_row_background_width=&#8221;default&#8221; rt_row_style=&#8221;default-style&#8221; rt_row_borders=&#8221;&#8221; rt_row_paddings=&#8221;true&#8221; rt_bg_effect=&#8221;classic&#8221; rt_bg_image_repeat=&#8221;repeat&#8221; rt_bg_size=&#8221;cover&#8221; rt_bg_position=&#8221;right top&#8221; rt_bg_attachment=&#8221;scroll&#8221; rt_bg_video_format=&#8221;self-hosted&#8221;][vc_column rt_wrp_col_paddings=&#8221;false&#8221; rt_border_top=&#8221;&#8221; rt_border_bottom=&#8221;&#8221; rt_border_left=&#8221;&#8221; rt_border_right=&#8221;&#8221; rt_border_top_mobile=&#8221;&#8221; rt_border_bottom_mobile=&#8221;&#8221; rt_border_left_mobile=&#8221;&#8221; rt_border_right_mobile=&#8221;&#8221; rt_bg_image_repeat=&#8221;repeat&#8221; rt_bg_size=&#8221;auto auto&#8221; rt_bg_position=&#8221;right top&#8221; rt_bg_attachment=&#8221;scroll&#8221;][vc_column_text]Estudio de Comunicaci\u00f3n\u2019s analytical and Institutional relationships\u2019 teams regularly elaborate political status reports which, we believe, can be endlessly useful to our clients. This is a sample of the [&hellip;]","og_url":"https:\/\/www.estudiodecomunicacion.com\/en\/informes-de-situacion\/","og_site_name":"Estudio de Comunicaci\u00f3n","article_publisher":"https:\/\/www.facebook.com\/estudiodecomunicacion","article_modified_time":"2018-06-21T23:23:14+00:00","twitter_card":"summary_large_image","twitter_site":"@EstComunicacion","twitter_misc":{"Est. reading time":"1 minute"},"schema":{"@context":"https:\/\/schema.org","@graph":[{"@type":"WebPage","@id":"https:\/\/www.estudiodecomunicacion.com\/en\/informes-de-situacion\/","url":"https:\/\/www.estudiodecomunicacion.com\/en\/informes-de-situacion\/","name":"Status Reports - Estudio de Comunicaci\u00f3n","isPartOf":{"@id":"https:\/\/www.estudiodecomunicacion.com\/#website"},"datePublished":"2017-12-20T17:47:16+00:00","dateModified":"2018-06-21T23:23:14+00:00","breadcrumb":{"@id":"https:\/\/www.estudiodecomunicacion.com\/en\/informes-de-situacion\/#breadcrumb"},"inLanguage":"en-US","potentialAction":[{"@type":"ReadAction","target":["https:\/\/www.estudiodecomunicacion.com\/en\/informes-de-situacion\/"]}]},{"@type":"BreadcrumbList","@id":"https:\/\/www.estudiodecomunicacion.com\/en\/informes-de-situacion\/#breadcrumb","itemListElement":[{"@type":"ListItem","position":1,"name":"Portada","item":"https:\/\/www.estudiodecomunicacion.com\/en\/"},{"@type":"ListItem","position":2,"name":"Status Reports"}]},{"@type":"WebSite","@id":"https:\/\/www.estudiodecomunicacion.com\/#website","url":"https:\/\/www.estudiodecomunicacion.com\/","name":"Estudio de Comunicaci\u00f3n - Consultores de Comunicaci\u00f3n y Relaciones P\u00fablicas","description":"Consultora de Comunicaci\u00f3n y Relaciones P\u00fablicas","publisher":{"@id":"https:\/\/www.estudiodecomunicacion.com\/#organization"},"potentialAction":[{"@type":"SearchAction","target":{"@type":"EntryPoint","urlTemplate":"https:\/\/www.estudiodecomunicacion.com\/?s={search_term_string}"},"query-input":{"@type":"PropertyValueSpecification","valueRequired":true,"valueName":"search_term_string"}}],"inLanguage":"en-US"},{"@type":"Organization","@id":"https:\/\/www.estudiodecomunicacion.com\/#organization","name":"Estudio de Comunicaci\u00f3n","url":"https:\/\/www.estudiodecomunicacion.com\/","logo":{"@type":"ImageObject","inLanguage":"en-US","@id":"https:\/\/www.estudiodecomunicacion.com\/#\/schema\/logo\/image\/","url":"https:\/\/www.estudiodecomunicacion.com\/wp-content\/uploads\/2018\/02\/EC_LogoEC.R_LogoLazo-03-03.png","contentUrl":"https:\/\/www.estudiodecomunicacion.com\/wp-content\/uploads\/2018\/02\/EC_LogoEC.R_LogoLazo-03-03.png","width":431,"height":401,"caption":"Estudio de Comunicaci\u00f3n"},"image":{"@id":"https:\/\/www.estudiodecomunicacion.com\/#\/schema\/logo\/image\/"},"sameAs":["https:\/\/www.facebook.com\/estudiodecomunicacion","https:\/\/x.com\/EstComunicacion","https:\/\/www.instagram.com\/estcomunicacion\/","https:\/\/www.linkedin.com\/company\/estudio-de-comunicacion\/?originalSubdomain=es","https:\/\/www.youtube.com\/user\/EstComunicacion"]}]}},"_links":{"self":[{"href":"https:\/\/www.estudiodecomunicacion.com\/en\/wp-json\/wp\/v2\/pages\/31644","targetHints":{"allow":["GET"]}}],"collection":[{"href":"https:\/\/www.estudiodecomunicacion.com\/en\/wp-json\/wp\/v2\/pages"}],"about":[{"href":"https:\/\/www.estudiodecomunicacion.com\/en\/wp-json\/wp\/v2\/types\/page"}],"author":[{"embeddable":true,"href":"https:\/\/www.estudiodecomunicacion.com\/en\/wp-json\/wp\/v2\/users\/2"}],"replies":[{"embeddable":true,"href":"https:\/\/www.estudiodecomunicacion.com\/en\/wp-json\/wp\/v2\/comments?post=31644"}],"version-history":[{"count":0,"href":"https:\/\/www.estudiodecomunicacion.com\/en\/wp-json\/wp\/v2\/pages\/31644\/revisions"}],"wp:attachment":[{"href":"https:\/\/www.estudiodecomunicacion.com\/en\/wp-json\/wp\/v2\/media?parent=31644"}],"curies":[{"name":"wp","href":"https:\/\/api.w.org\/{rel}","templated":true}]}}