{"id":33369,"date":"2018-04-19T16:08:43","date_gmt":"2018-04-19T16:08:43","guid":{"rendered":"http:\/\/www.estudiodecomunicacion.com\/NUEVA\/chile\/"},"modified":"2018-06-27T08:28:44","modified_gmt":"2018-06-27T08:28:44","slug":"chile","status":"publish","type":"page","link":"https:\/\/www.estudiodecomunicacion.com\/en\/chile\/","title":{"rendered":"Chile"},"content":{"rendered":"<div class=\"wpb-content-wrapper\"><p>[vc_row full_height=&#8221;yes&#8221; rt_row_background_width=&#8221;fullwidth&#8221; rt_row_content_width=&#8221;fullwidth&#8221; rt_row_style=&#8221;default-style&#8221; rt_row_borders=&#8221;&#8221; rt_row_paddings=&#8221;false&#8221; rt_bg_effect=&#8221;classic&#8221; rt_bg_image_repeat=&#8221;repeat&#8221; rt_bg_size=&#8221;cover&#8221; rt_bg_position=&#8221;right top&#8221; rt_bg_attachment=&#8221;scroll&#8221; rt_bg_video_format=&#8221;self-hosted&#8221;][vc_column rt_color_set=&#8221;light-style&#8221; rt_wrp_col_paddings=&#8221;false&#8221; rt_border_top=&#8221;&#8221; rt_border_bottom=&#8221;&#8221; rt_border_left=&#8221;&#8221; rt_border_right=&#8221;&#8221; rt_border_top_mobile=&#8221;&#8221; rt_border_bottom_mobile=&#8221;&#8221; rt_border_left_mobile=&#8221;&#8221; rt_border_right_mobile=&#8221;&#8221; rt_bg_image_repeat=&#8221;repeat&#8221; rt_bg_size=&#8221;auto auto&#8221; rt_bg_position=&#8221;right top&#8221; rt_bg_attachment=&#8221;scroll&#8221; rt_bg_color=&#8221;#031e2f&#8221;][rev_slider_vc alias=&#8221;chile&#8221;][vc_row_inner rt_row_style=&#8221;global-style&#8221; rt_row_borders=&#8221;&#8221; rt_row_paddings=&#8221;true&#8221; rt_bg_effect=&#8221;classic&#8221; rt_bg_image_repeat=&#8221;repeat&#8221; rt_bg_size=&#8221;cover&#8221; rt_bg_position=&#8221;right top&#8221; rt_bg_attachment=&#8221;scroll&#8221; rt_bg_video_format=&#8221;self-hosted&#8221; class=&#8221;intro&#8221; rt_padding_top=&#8221;0&#8243; rt_padding_bottom=&#8221;0&#8243; rt_padding_left=&#8221;15&#8243; rt_padding_right=&#8221;15&#8243;][vc_column_inner rt_wrp_col_paddings=&#8221;false&#8221; rt_border_top=&#8221;&#8221; rt_border_bottom=&#8221;&#8221; rt_border_left=&#8221;&#8221; rt_border_right=&#8221;&#8221; rt_border_top_mobile=&#8221;&#8221; rt_border_bottom_mobile=&#8221;&#8221; rt_border_left_mobile=&#8221;&#8221; rt_border_right_mobile=&#8221;&#8221; rt_bg_image_repeat=&#8221;repeat&#8221; rt_bg_size=&#8221;auto auto&#8221; rt_bg_position=&#8221;right top&#8221; rt_bg_attachment=&#8221;scroll&#8221;][vc_empty_space][vc_column_text]<\/p>\n<h3><span style=\"color: #ffffff;\"><strong>Estudio de Comunicaci\u00f3n Chile\u2019s<\/strong> team is composed of a group of professionals with a great amount of experience both in journalistic media and in business communications.<\/span><\/h3>\n<p>Throughout the last 12 years, Estudio de Comunicaci\u00f3n Chile has worked with over fifty companies from different business areas, in different fields such as strategic consulting, institutional communications, internal and external communications, crisis communications, media relations, brand communications, events, etc.[\/vc_column_text][vc_empty_space]<a  href=\"http:\/\/www.estudiodecomunicacion.com\/NUEVA\/\/nuestra-historia\/\" target=\"_self\" title=\"Nuestra historia\" class=\"read_more  body-font text small aligncenter\" style=\"font-size:16 px;\">Nuestra historia<\/a>[vc_empty_space][\/vc_column_inner][\/vc_row_inner][\/vc_column][\/vc_row][vc_section full_height=&#8221;yes&#8221; css=&#8221;.vc_custom_1509014020223{padding-top: 0px !important;padding-bottom: 0px !important;}&#8221;][vc_row rt_row_background_width=&#8221;fullwidth&#8221; rt_row_content_width=&#8221;fullwidth&#8221; rt_row_style=&#8221;default-style&#8221; rt_row_borders=&#8221;&#8221; rt_row_paddings=&#8221;true&#8221; rt_bg_effect=&#8221;classic&#8221; rt_bg_image_repeat=&#8221;repeat&#8221; rt_bg_size=&#8221;cover&#8221; rt_bg_position=&#8221;right top&#8221; rt_bg_attachment=&#8221;scroll&#8221; rt_bg_video_format=&#8221;self-hosted&#8221; rt_padding_left=&#8221;20px&#8221; rt_padding_right=&#8221;20px&#8221;][vc_column rt_wrp_col_paddings=&#8221;false&#8221; rt_border_top=&#8221;&#8221; rt_border_bottom=&#8221;&#8221; rt_border_left=&#8221;&#8221; rt_border_right=&#8221;&#8221; rt_border_top_mobile=&#8221;&#8221; rt_border_bottom_mobile=&#8221;&#8221; rt_border_left_mobile=&#8221;&#8221; rt_border_right_mobile=&#8221;&#8221; rt_bg_image_repeat=&#8221;repeat&#8221; rt_bg_size=&#8221;auto auto&#8221; rt_bg_position=&#8221;right top&#8221; rt_bg_attachment=&#8221;scroll&#8221; rt_padding_left=&#8221;0px&#8221; rt_padding_right=&#8221;0px&#8221;][vc_empty_space height=&#8221;42px&#8221;][vc_column_text]<\/p>\n<h1 style=\"text-align: center;\"><span style=\"color: #003366;\">Servicios<\/span><\/h1>\n<p>[\/vc_column_text]\r\n\t\t\t\t<div id=\"slider-portfolio-dynamicID-315990\" class=\"rt-carousel rt-image-carousel carousel-holder clearfix portfolio-carousel\" data-item-width=\"4\" data-nav=\"false\" data-dots=\"true\" data-margin=\"0\" data-autoplay=\"true\" data-timeout=\"2000\" data-loop=\"false\" data-tablet-item-width=\"\" data-mobile-item-width=\"1\">\r\n\t\t\t\t\t<div class=\"owl-carousel\">\r\n\t\t\t\t\t\t<div><div class=\"item portfolio  servicios-en\">\n \n\n<!-- portfolio box-->\n<div class=\"loop style-1 image post-31169 portfolio type-portfolio status-publish has-post-thumbnail hentry portfolio_categories-servicios-en\" id=\"portfolio-31169\">\n\n\t\n\n\t\t\t\t<figure class=\"featured_image\">\n\t\t\t\t\t<img decoding=\"async\" src=\"https:\/\/www.estudiodecomunicacion.com\/wp-content\/uploads\/2018\/02\/Crisis-Estudio-de-Comunicacion-cuadrado.jpg\" alt=\"\" class=\"\" \/>\n\t\t\t\t\t<div class=\"overlay\"><ul class=\"action_buttons\"><li><a id=\"lightbox-130799\" class=\"zoom lightbox_\" data-group=\"image_46054\" title=\"Enlarge Image\" data-title=\"Crisis Communications\" data-sub-html=\"#lightbox-130799-description\" data-thumbnail=\"https:\/\/www.estudiodecomunicacion.com\/wp-content\/uploads\/2018\/02\/Crisis-Estudio-de-Comunicacion-cuadrado-75x50.jpg\" data-thumbTooltip=\"\" data-scaleUp=\"\" data-href=\"\" data-width=\"\" data-height=\"\" data-flashHasPriority=\"\" data-poster=\"\" data-autoplay=\"\" data-audiotitle=\"\" data-html=\"\" href=\"https:\/\/www.estudiodecomunicacion.com\/wp-content\/uploads\/2018\/02\/Crisis-Estudio-de-Comunicacion-cuadrado.jpg\" ><\/a>\r\n\t\t\t<div class=\"lighbox-description hidden\" id=\"lightbox-130799-description\">\r\n\t\t\t\t<strong>Crisis Communications<\/strong><br>\r\n\t\t\t\t\r\n\t\t\t<\/div><\/li><li><a class=\"link\" href=\"https:\/\/www.estudiodecomunicacion.com\/en\/servicios\/comunicacion-de-crisis\/\" title=\"Crisis Communications\" target=\"_self\"><\/a><\/li><\/ul><\/div>\n\t\t\t\t<\/figure>\n\n\t\t\t\t<section class=\"text\">\n\t\t\t\t\t<h5 class=\"clean_heading\"><a href=\"https:\/\/www.estudiodecomunicacion.com\/en\/servicios\/comunicacion-de-crisis\/\" target=\"_self\" rel=\"bookmark\">Crisis Communications<\/a><\/h5>\n\t\t\t\t\t\n\t\t\t\t<\/section> \n\n\t\t\t\n<\/div> \n<!-- \/ portfolio box-->\n<\/div>\n<\/div><div><div class=\"item portfolio  servicios-en\">\n \n\n<!-- portfolio box-->\n<div class=\"loop style-1 image post-31428 portfolio type-portfolio status-publish has-post-thumbnail hentry portfolio_categories-servicios-en\" id=\"portfolio-31428\">\n\n\t\n\n\t\t\t\t<figure class=\"featured_image\">\n\t\t\t\t\t<img decoding=\"async\" src=\"https:\/\/www.estudiodecomunicacion.com\/wp-content\/uploads\/2018\/02\/2-Bolsa-Madrid-Estudio-de-Comunicacion-Comunicacion-Financiera-cuadrada.jpg\" alt=\"Comunicaci\u00f3n financiera\" class=\"\" \/>\n\t\t\t\t\t<div class=\"overlay\"><ul class=\"action_buttons\"><li><a id=\"lightbox-722871\" class=\"zoom lightbox_\" data-group=\"image_29867\" title=\"Enlarge Image\" data-title=\"Financial Communications\" data-sub-html=\"#lightbox-722871-description\" data-thumbnail=\"https:\/\/www.estudiodecomunicacion.com\/wp-content\/uploads\/2018\/02\/2-Bolsa-Madrid-Estudio-de-Comunicacion-Comunicacion-Financiera-cuadrada-75x50.jpg\" data-thumbTooltip=\"\" data-scaleUp=\"\" data-href=\"\" data-width=\"\" data-height=\"\" data-flashHasPriority=\"\" data-poster=\"\" data-autoplay=\"\" data-audiotitle=\"\" data-html=\"\" href=\"https:\/\/www.estudiodecomunicacion.com\/wp-content\/uploads\/2018\/02\/2-Bolsa-Madrid-Estudio-de-Comunicacion-Comunicacion-Financiera-cuadrada.jpg\" ><\/a>\r\n\t\t\t<div class=\"lighbox-description hidden\" id=\"lightbox-722871-description\">\r\n\t\t\t\t<strong>Financial Communications<\/strong><br>\r\n\t\t\t\t\r\n\t\t\t<\/div><\/li><li><a class=\"link\" href=\"https:\/\/www.estudiodecomunicacion.com\/en\/servicios\/comunicacion-financiera-2\/\" title=\"Financial Communications\" target=\"_self\"><\/a><\/li><\/ul><\/div>\n\t\t\t\t<\/figure>\n\n\t\t\t\t<section class=\"text\">\n\t\t\t\t\t<h5 class=\"clean_heading\"><a href=\"https:\/\/www.estudiodecomunicacion.com\/en\/servicios\/comunicacion-financiera-2\/\" target=\"_self\" rel=\"bookmark\">Financial Communications<\/a><\/h5>\n\t\t\t\t\t\n\t\t\t\t<\/section> \n\n\t\t\t\n<\/div> \n<!-- \/ portfolio box-->\n<\/div>\n<\/div><div><div class=\"item portfolio  servicios-en\">\n \n\n<!-- portfolio box-->\n<div class=\"loop style-1 image post-31196 portfolio type-portfolio status-publish has-post-thumbnail hentry portfolio_categories-servicios-en\" id=\"portfolio-31196\">\n\n\t\n\n\t\t\t\t<figure class=\"featured_image\">\n\t\t\t\t\t<img decoding=\"async\" src=\"https:\/\/www.estudiodecomunicacion.com\/wp-content\/uploads\/2017\/09\/RRII-Estudio-de-Comunicacion-cuadrada-1.jpg\" alt=\"Relaciones institucionales\" class=\"\" \/>\n\t\t\t\t\t<div class=\"overlay\"><ul class=\"action_buttons\"><li><a id=\"lightbox-126319\" class=\"zoom lightbox_\" data-group=\"image_29948\" title=\"Enlarge Image\" data-title=\"Institutional relations\" data-sub-html=\"#lightbox-126319-description\" data-thumbnail=\"https:\/\/www.estudiodecomunicacion.com\/wp-content\/uploads\/2017\/09\/RRII-Estudio-de-Comunicacion-cuadrada-1-75x50.jpg\" data-thumbTooltip=\"\" data-scaleUp=\"\" data-href=\"\" data-width=\"\" data-height=\"\" data-flashHasPriority=\"\" data-poster=\"\" data-autoplay=\"\" data-audiotitle=\"\" data-html=\"\" href=\"https:\/\/www.estudiodecomunicacion.com\/wp-content\/uploads\/2017\/09\/RRII-Estudio-de-Comunicacion-cuadrada-1.jpg\" ><\/a>\r\n\t\t\t<div class=\"lighbox-description hidden\" id=\"lightbox-126319-description\">\r\n\t\t\t\t<strong>Institutional relations<\/strong><br>\r\n\t\t\t\t\r\n\t\t\t<\/div><\/li><li><a class=\"link\" href=\"https:\/\/www.estudiodecomunicacion.com\/en\/servicios\/relaciones-institucionales\/\" title=\"Institutional relations\" target=\"_self\"><\/a><\/li><\/ul><\/div>\n\t\t\t\t<\/figure>\n\n\t\t\t\t<section class=\"text\">\n\t\t\t\t\t<h5 class=\"clean_heading\"><a href=\"https:\/\/www.estudiodecomunicacion.com\/en\/servicios\/relaciones-institucionales\/\" target=\"_self\" rel=\"bookmark\">Institutional relations<\/a><\/h5>\n\t\t\t\t\t\n\t\t\t\t<\/section> \n\n\t\t\t\n<\/div> \n<!-- \/ portfolio box-->\n<\/div>\n<\/div><div><div class=\"item portfolio  servicios-en\">\n \n\n<!-- portfolio box-->\n<div class=\"loop style-1 image post-31434 portfolio type-portfolio status-publish has-post-thumbnail hentry portfolio_categories-servicios-en\" id=\"portfolio-31434\">\n\n\t\n\n\t\t\t\t<figure class=\"featured_image\">\n\t\t\t\t\t<img decoding=\"async\" src=\"https:\/\/www.estudiodecomunicacion.com\/wp-content\/uploads\/2017\/09\/Coumunicaci\u00f3n-digital-550x550.jpg\" alt=\"Comunicaci\u00f3n Digital\" class=\"\" \/>\n\t\t\t\t\t<div class=\"overlay\"><ul class=\"action_buttons\"><li><a id=\"lightbox-606248\" class=\"zoom lightbox_\" data-group=\"image_30748\" title=\"Enlarge Image\" data-title=\"Digital Communications\" data-sub-html=\"#lightbox-606248-description\" data-thumbnail=\"https:\/\/www.estudiodecomunicacion.com\/wp-content\/uploads\/2017\/09\/Coumunicaci\u00f3n-digital-550x550-75x50.jpg\" data-thumbTooltip=\"\" data-scaleUp=\"\" data-href=\"\" data-width=\"\" data-height=\"\" data-flashHasPriority=\"\" data-poster=\"\" data-autoplay=\"\" data-audiotitle=\"\" data-html=\"\" href=\"https:\/\/www.estudiodecomunicacion.com\/wp-content\/uploads\/2017\/09\/Coumunicaci\u00f3n-digital-550x550.jpg\" ><\/a>\r\n\t\t\t<div class=\"lighbox-description hidden\" id=\"lightbox-606248-description\">\r\n\t\t\t\t<strong>Digital Communications<\/strong><br>\r\n\t\t\t\t\r\n\t\t\t<\/div><\/li><li><a class=\"link\" href=\"https:\/\/www.estudiodecomunicacion.com\/en\/servicios\/comunicacion-digital\/\" title=\"Digital Communications\" target=\"_self\"><\/a><\/li><\/ul><\/div>\n\t\t\t\t<\/figure>\n\n\t\t\t\t<section class=\"text\">\n\t\t\t\t\t<h5 class=\"clean_heading\"><a href=\"https:\/\/www.estudiodecomunicacion.com\/en\/servicios\/comunicacion-digital\/\" target=\"_self\" rel=\"bookmark\">Digital Communications<\/a><\/h5>\n\t\t\t\t\t\n\t\t\t\t<\/section> \n\n\t\t\t\n<\/div> \n<!-- \/ portfolio box-->\n<\/div>\n<\/div><div><div class=\"item portfolio  servicios-en\">\n \n\n<!-- portfolio box-->\n<div class=\"loop style-1 image post-31438 portfolio type-portfolio status-publish has-post-thumbnail hentry portfolio_categories-servicios-en\" id=\"portfolio-31438\">\n\n\t\n\n\t\t\t\t<figure class=\"featured_image\">\n\t\t\t\t\t<img decoding=\"async\" src=\"https:\/\/www.estudiodecomunicacion.com\/wp-content\/uploads\/2017\/09\/Comunicacion-Interna-Estudio-de-Comunicacion-cuadrada.jpeg\" alt=\"Comunicaci\u00f3n Interna - Estudio de Comunicaci\u00f3n\" class=\"\" \/>\n\t\t\t\t\t<div class=\"overlay\"><ul class=\"action_buttons\"><li><a id=\"lightbox-363902\" class=\"zoom lightbox_\" data-group=\"image_31165\" title=\"Enlarge Image\" data-title=\"Internal Communications\" data-sub-html=\"#lightbox-363902-description\" data-thumbnail=\"https:\/\/www.estudiodecomunicacion.com\/wp-content\/uploads\/2017\/09\/Comunicacion-Interna-Estudio-de-Comunicacion-cuadrada-75x50.jpeg\" data-thumbTooltip=\"\" data-scaleUp=\"\" data-href=\"\" data-width=\"\" data-height=\"\" data-flashHasPriority=\"\" data-poster=\"\" data-autoplay=\"\" data-audiotitle=\"\" data-html=\"\" href=\"https:\/\/www.estudiodecomunicacion.com\/wp-content\/uploads\/2017\/09\/Comunicacion-Interna-Estudio-de-Comunicacion-cuadrada.jpeg\" ><\/a>\r\n\t\t\t<div class=\"lighbox-description hidden\" id=\"lightbox-363902-description\">\r\n\t\t\t\t<strong>Internal Communications<\/strong><br>\r\n\t\t\t\t\r\n\t\t\t<\/div><\/li><li><a class=\"link\" href=\"https:\/\/www.estudiodecomunicacion.com\/en\/servicios\/comunicacion-interna\/\" title=\"Internal Communications\" target=\"_self\"><\/a><\/li><\/ul><\/div>\n\t\t\t\t<\/figure>\n\n\t\t\t\t<section class=\"text\">\n\t\t\t\t\t<h5 class=\"clean_heading\"><a href=\"https:\/\/www.estudiodecomunicacion.com\/en\/servicios\/comunicacion-interna\/\" target=\"_self\" rel=\"bookmark\">Internal Communications<\/a><\/h5>\n\t\t\t\t\t\n\t\t\t\t<\/section> \n\n\t\t\t\n<\/div> \n<!-- \/ portfolio box-->\n<\/div>\n<\/div><div><div class=\"item portfolio  servicios-en\">\n \n\n<!-- portfolio box-->\n<div class=\"loop style-1 image post-31537 portfolio type-portfolio status-publish has-post-thumbnail hentry portfolio_categories-servicios-en\" id=\"portfolio-31537\">\n\n\t\n\n\t\t\t\t<figure class=\"featured_image\">\n\t\t\t\t\t<img decoding=\"async\" src=\"https:\/\/www.estudiodecomunicacion.com\/wp-content\/uploads\/2018\/02\/Comunicacion-Salud-Estudio-de-Comunicacion-Cuadrada.jpg\" alt=\"Comunicaci\u00f3n de salud\" class=\"\" \/>\n\t\t\t\t\t<div class=\"overlay\"><ul class=\"action_buttons\"><li><a id=\"lightbox-886104\" class=\"zoom lightbox_\" data-group=\"image_29869\" title=\"Enlarge Image\" data-title=\"Health Communications\" data-sub-html=\"#lightbox-886104-description\" data-thumbnail=\"https:\/\/www.estudiodecomunicacion.com\/wp-content\/uploads\/2018\/02\/Comunicacion-Salud-Estudio-de-Comunicacion-Cuadrada-75x50.jpg\" data-thumbTooltip=\"\" data-scaleUp=\"\" data-href=\"\" data-width=\"\" data-height=\"\" data-flashHasPriority=\"\" data-poster=\"\" data-autoplay=\"\" data-audiotitle=\"\" data-html=\"\" href=\"https:\/\/www.estudiodecomunicacion.com\/wp-content\/uploads\/2018\/02\/Comunicacion-Salud-Estudio-de-Comunicacion-Cuadrada.jpg\" ><\/a>\r\n\t\t\t<div class=\"lighbox-description hidden\" id=\"lightbox-886104-description\">\r\n\t\t\t\t<strong>Health Communications<\/strong><br>\r\n\t\t\t\t\r\n\t\t\t<\/div><\/li><li><a class=\"link\" href=\"https:\/\/www.estudiodecomunicacion.com\/en\/servicios\/comunicacion-salud\/\" title=\"Health Communications\" target=\"_self\"><\/a><\/li><\/ul><\/div>\n\t\t\t\t<\/figure>\n\n\t\t\t\t<section class=\"text\">\n\t\t\t\t\t<h5 class=\"clean_heading\"><a href=\"https:\/\/www.estudiodecomunicacion.com\/en\/servicios\/comunicacion-salud\/\" target=\"_self\" rel=\"bookmark\">Health Communications<\/a><\/h5>\n\t\t\t\t\t\n\t\t\t\t<\/section> \n\n\t\t\t\n<\/div> \n<!-- \/ portfolio box-->\n<\/div>\n<\/div><div><div class=\"item portfolio  servicios-en\">\n \n\n<!-- portfolio box-->\n<div class=\"loop style-1 image post-31443 portfolio type-portfolio status-publish has-post-thumbnail hentry portfolio_categories-servicios-en\" id=\"portfolio-31443\">\n\n\t\n\n\t\t\t\t<figure class=\"featured_image\">\n\t\t\t\t\t<img decoding=\"async\" src=\"https:\/\/www.estudiodecomunicacion.com\/wp-content\/uploads\/2017\/09\/Formacion-de-portavoces-Estudio-de-Comunicacion-cuadrada.jpg\" alt=\"formaci\u00f3n de portavoces\" class=\"\" \/>\n\t\t\t\t\t<div class=\"overlay\"><ul class=\"action_buttons\"><li><a id=\"lightbox-971746\" class=\"zoom lightbox_\" data-group=\"image_30079\" title=\"Enlarge Image\" data-title=\"Spokepersons Training\" data-sub-html=\"#lightbox-971746-description\" data-thumbnail=\"https:\/\/www.estudiodecomunicacion.com\/wp-content\/uploads\/2017\/09\/Formacion-de-portavoces-Estudio-de-Comunicacion-cuadrada-75x50.jpg\" data-thumbTooltip=\"\" data-scaleUp=\"\" data-href=\"\" data-width=\"\" data-height=\"\" data-flashHasPriority=\"\" data-poster=\"\" data-autoplay=\"\" data-audiotitle=\"\" data-html=\"\" href=\"https:\/\/www.estudiodecomunicacion.com\/wp-content\/uploads\/2017\/09\/Formacion-de-portavoces-Estudio-de-Comunicacion-cuadrada.jpg\" ><\/a>\r\n\t\t\t<div class=\"lighbox-description hidden\" id=\"lightbox-971746-description\">\r\n\t\t\t\t<strong>Spokepersons Training<\/strong><br>\r\n\t\t\t\t\r\n\t\t\t<\/div><\/li><li><a class=\"link\" href=\"https:\/\/www.estudiodecomunicacion.com\/en\/servicios\/formacion-de-portavoces\/\" title=\"Spokepersons Training\" target=\"_self\"><\/a><\/li><\/ul><\/div>\n\t\t\t\t<\/figure>\n\n\t\t\t\t<section class=\"text\">\n\t\t\t\t\t<h5 class=\"clean_heading\"><a href=\"https:\/\/www.estudiodecomunicacion.com\/en\/servicios\/formacion-de-portavoces\/\" target=\"_self\" rel=\"bookmark\">Spokepersons Training<\/a><\/h5>\n\t\t\t\t\t\n\t\t\t\t<\/section> \n\n\t\t\t\n<\/div> \n<!-- \/ portfolio box-->\n<\/div>\n<\/div><div><div class=\"item portfolio  servicios-en\">\n \n\n<!-- portfolio box-->\n<div class=\"loop style-1 image post-31447 portfolio type-portfolio status-publish has-post-thumbnail hentry portfolio_categories-servicios-en\" id=\"portfolio-31447\">\n\n\t\n\n\t\t\t\t<figure class=\"featured_image\">\n\t\t\t\t\t<img decoding=\"async\" src=\"https:\/\/www.estudiodecomunicacion.com\/wp-content\/uploads\/2017\/09\/Reputacion-Estudio-de-Comunciacion.jpeg\" alt=\"Reputaci\u00f3n empresarial\" class=\"\" \/>\n\t\t\t\t\t<div class=\"overlay\"><ul class=\"action_buttons\"><li><a id=\"lightbox-351788\" class=\"zoom lightbox_\" data-group=\"image_29955\" title=\"Enlarge Image\" data-title=\"Business Reputation\" data-sub-html=\"#lightbox-351788-description\" data-thumbnail=\"https:\/\/www.estudiodecomunicacion.com\/wp-content\/uploads\/2017\/09\/Reputacion-Estudio-de-Comunciacion-75x50.jpeg\" data-thumbTooltip=\"\" data-scaleUp=\"\" data-href=\"\" data-width=\"\" data-height=\"\" data-flashHasPriority=\"\" data-poster=\"\" data-autoplay=\"\" data-audiotitle=\"\" data-html=\"\" href=\"https:\/\/www.estudiodecomunicacion.com\/wp-content\/uploads\/2017\/09\/Reputacion-Estudio-de-Comunciacion.jpeg\" ><\/a>\r\n\t\t\t<div class=\"lighbox-description hidden\" id=\"lightbox-351788-description\">\r\n\t\t\t\t<strong>Business Reputation<\/strong><br>\r\n\t\t\t\t\r\n\t\t\t<\/div><\/li><li><a class=\"link\" href=\"https:\/\/www.estudiodecomunicacion.com\/en\/servicios\/reputacion-empresarial\/\" title=\"Business Reputation\" target=\"_self\"><\/a><\/li><\/ul><\/div>\n\t\t\t\t<\/figure>\n\n\t\t\t\t<section class=\"text\">\n\t\t\t\t\t<h5 class=\"clean_heading\"><a href=\"https:\/\/www.estudiodecomunicacion.com\/en\/servicios\/reputacion-empresarial\/\" target=\"_self\" rel=\"bookmark\">Business Reputation<\/a><\/h5>\n\t\t\t\t\t\n\t\t\t\t<\/section> \n\n\t\t\t\n<\/div> \n<!-- \/ portfolio box-->\n<\/div>\n<\/div><div><div class=\"item portfolio  servicios-en\">\n \n\n<!-- portfolio box-->\n<div class=\"loop style-1 image post-31450 portfolio type-portfolio status-publish has-post-thumbnail hentry portfolio_categories-servicios-en\" id=\"portfolio-31450\">\n\n\t\n\n\t\t\t\t<figure class=\"featured_image\">\n\t\t\t\t\t<img decoding=\"async\" src=\"https:\/\/www.estudiodecomunicacion.com\/wp-content\/uploads\/2017\/09\/Litigation-Estudio-de-comunicacion-cuadrada.jpg\" alt=\"comunicaci\u00f3n en litigios\" class=\"\" \/>\n\t\t\t\t\t<div class=\"overlay\"><ul class=\"action_buttons\"><li><a id=\"lightbox-793509\" class=\"zoom lightbox_\" data-group=\"image_30076\" title=\"Enlarge Image\" data-title=\"Legal Communications\" data-sub-html=\"#lightbox-793509-description\" data-thumbnail=\"https:\/\/www.estudiodecomunicacion.com\/wp-content\/uploads\/2017\/09\/Litigation-Estudio-de-comunicacion-cuadrada-75x50.jpg\" data-thumbTooltip=\"\" data-scaleUp=\"\" data-href=\"\" data-width=\"\" data-height=\"\" data-flashHasPriority=\"\" data-poster=\"\" data-autoplay=\"\" data-audiotitle=\"\" data-html=\"\" href=\"https:\/\/www.estudiodecomunicacion.com\/wp-content\/uploads\/2017\/09\/Litigation-Estudio-de-comunicacion-cuadrada.jpg\" ><\/a>\r\n\t\t\t<div class=\"lighbox-description hidden\" id=\"lightbox-793509-description\">\r\n\t\t\t\t<strong>Legal Communications<\/strong><br>\r\n\t\t\t\t\r\n\t\t\t<\/div><\/li><li><a class=\"link\" href=\"https:\/\/www.estudiodecomunicacion.com\/en\/servicios\/litigios\/\" title=\"Legal Communications\" target=\"_self\"><\/a><\/li><\/ul><\/div>\n\t\t\t\t<\/figure>\n\n\t\t\t\t<section class=\"text\">\n\t\t\t\t\t<h5 class=\"clean_heading\"><a href=\"https:\/\/www.estudiodecomunicacion.com\/en\/servicios\/litigios\/\" target=\"_self\" rel=\"bookmark\">Legal Communications<\/a><\/h5>\n\t\t\t\t\t\n\t\t\t\t<\/section> \n\n\t\t\t\n<\/div> \n<!-- \/ portfolio box-->\n<\/div>\n<\/div><div><div class=\"item portfolio  servicios-en\">\n \n\n<!-- portfolio box-->\n<div class=\"loop style-1 image post-31454 portfolio type-portfolio status-publish has-post-thumbnail hentry portfolio_categories-servicios-en\" id=\"portfolio-31454\">\n\n\t\n\n\t\t\t\t<figure class=\"featured_image\">\n\t\t\t\t\t<img decoding=\"async\" src=\"https:\/\/www.estudiodecomunicacion.com\/wp-content\/uploads\/2017\/09\/Consultor\u00eda-de-comunicacion-Estudio-de-Comunicacion-cuadrada.jpg\" alt=\"Consultoria de comunicaci\u00f3n\" class=\"\" \/>\n\t\t\t\t\t<div class=\"overlay\"><ul class=\"action_buttons\"><li><a id=\"lightbox-504154\" class=\"zoom lightbox_\" data-group=\"image_30070\" title=\"Enlarge Image\" data-title=\"Communications Consultancy\" data-sub-html=\"#lightbox-504154-description\" data-thumbnail=\"https:\/\/www.estudiodecomunicacion.com\/wp-content\/uploads\/2017\/09\/Consultor\u00eda-de-comunicacion-Estudio-de-Comunicacion-cuadrada-75x50.jpg\" data-thumbTooltip=\"\" data-scaleUp=\"\" data-href=\"\" data-width=\"\" data-height=\"\" data-flashHasPriority=\"\" data-poster=\"\" data-autoplay=\"\" data-audiotitle=\"\" data-html=\"\" href=\"https:\/\/www.estudiodecomunicacion.com\/wp-content\/uploads\/2017\/09\/Consultor\u00eda-de-comunicacion-Estudio-de-Comunicacion-cuadrada.jpg\" ><\/a>\r\n\t\t\t<div class=\"lighbox-description hidden\" id=\"lightbox-504154-description\">\r\n\t\t\t\t<strong>Communications Consultancy<\/strong><br>\r\n\t\t\t\t\r\n\t\t\t<\/div><\/li><li><a class=\"link\" href=\"https:\/\/www.estudiodecomunicacion.com\/en\/servicios\/consultoria-de-comunicacion\/\" title=\"Communications Consultancy\" target=\"_self\"><\/a><\/li><\/ul><\/div>\n\t\t\t\t<\/figure>\n\n\t\t\t\t<section class=\"text\">\n\t\t\t\t\t<h5 class=\"clean_heading\"><a href=\"https:\/\/www.estudiodecomunicacion.com\/en\/servicios\/consultoria-de-comunicacion\/\" target=\"_self\" rel=\"bookmark\">Communications Consultancy<\/a><\/h5>\n\t\t\t\t\t\n\t\t\t\t<\/section> \n\n\t\t\t\n<\/div> \n<!-- \/ portfolio box-->\n<\/div>\n<\/div><div><div class=\"item portfolio  servicios-en\">\n \n\n<!-- portfolio box-->\n<div class=\"loop style-1 image post-31458 portfolio type-portfolio status-publish has-post-thumbnail hentry portfolio_categories-servicios-en\" id=\"portfolio-31458\">\n\n\t\n\n\t\t\t\t<figure class=\"featured_image\">\n\t\t\t\t\t<img decoding=\"async\" src=\"https:\/\/www.estudiodecomunicacion.com\/wp-content\/uploads\/2017\/09\/Eventos-Estudio-de-Comunicacion-cuadrada2.jpg\" alt=\"Estudio de COmunicaci\u00f3n - Festival de Luz y Vanguardias - Studio Echelon mapping - Prism (13)\" class=\"\" \/>\n\t\t\t\t\t<div class=\"overlay\"><ul class=\"action_buttons\"><li><a id=\"lightbox-969226\" class=\"zoom lightbox_\" data-group=\"image_31247\" title=\"Enlarge Image\" data-title=\"Events\" data-sub-html=\"#lightbox-969226-description\" data-thumbnail=\"https:\/\/www.estudiodecomunicacion.com\/wp-content\/uploads\/2017\/09\/Eventos-Estudio-de-Comunicacion-cuadrada2-75x50.jpg\" data-thumbTooltip=\"\" data-scaleUp=\"\" data-href=\"\" data-width=\"\" data-height=\"\" data-flashHasPriority=\"\" data-poster=\"\" data-autoplay=\"\" data-audiotitle=\"\" data-html=\"\" href=\"https:\/\/www.estudiodecomunicacion.com\/wp-content\/uploads\/2017\/09\/Eventos-Estudio-de-Comunicacion-cuadrada2.jpg\" ><\/a>\r\n\t\t\t<div class=\"lighbox-description hidden\" id=\"lightbox-969226-description\">\r\n\t\t\t\t<strong>Events<\/strong><br>\r\n\t\t\t\t\r\n\t\t\t<\/div><\/li><li><a class=\"link\" href=\"https:\/\/www.estudiodecomunicacion.com\/en\/servicios\/eventos\/\" title=\"Events\" target=\"_self\"><\/a><\/li><\/ul><\/div>\n\t\t\t\t<\/figure>\n\n\t\t\t\t<section class=\"text\">\n\t\t\t\t\t<h5 class=\"clean_heading\"><a href=\"https:\/\/www.estudiodecomunicacion.com\/en\/servicios\/eventos\/\" target=\"_self\" rel=\"bookmark\">Events<\/a><\/h5>\n\t\t\t\t\t\n\t\t\t\t<\/section> \n\n\t\t\t\n<\/div> \n<!-- \/ portfolio box-->\n<\/div>\n<\/div><div><div class=\"item portfolio  servicios-en\">\n \n\n<!-- portfolio box-->\n<div class=\"loop style-1 image post-31459 portfolio type-portfolio status-publish has-post-thumbnail hentry portfolio_categories-servicios-en\" id=\"portfolio-31459\">\n\n\t\n\n\t\t\t\t<figure class=\"featured_image\">\n\t\t\t\t\t<img decoding=\"async\" src=\"https:\/\/www.estudiodecomunicacion.com\/wp-content\/uploads\/2017\/09\/RRPP-Estudio-de-Comunicacion-1.jpg\" alt=\"Estudio de Comunicaci\u00f3n - Relaciones P\u00fablicas\" class=\"\" \/>\n\t\t\t\t\t<div class=\"overlay\"><ul class=\"action_buttons\"><li><a id=\"lightbox-683236\" class=\"zoom lightbox_\" data-group=\"image_30182\" title=\"Enlarge Image\" data-title=\"Public Relations\" data-sub-html=\"#lightbox-683236-description\" data-thumbnail=\"https:\/\/www.estudiodecomunicacion.com\/wp-content\/uploads\/2017\/09\/RRPP-Estudio-de-Comunicacion-1-75x50.jpg\" data-thumbTooltip=\"\" data-scaleUp=\"\" data-href=\"\" data-width=\"\" data-height=\"\" data-flashHasPriority=\"\" data-poster=\"\" data-autoplay=\"\" data-audiotitle=\"\" data-html=\"\" href=\"https:\/\/www.estudiodecomunicacion.com\/wp-content\/uploads\/2017\/09\/RRPP-Estudio-de-Comunicacion-1.jpg\" ><\/a>\r\n\t\t\t<div class=\"lighbox-description hidden\" id=\"lightbox-683236-description\">\r\n\t\t\t\t<strong>Public Relations<\/strong><br>\r\n\t\t\t\t\r\n\t\t\t<\/div><\/li><li><a class=\"link\" href=\"https:\/\/www.estudiodecomunicacion.com\/en\/servicios\/relaciones-publicas\/\" title=\"Public Relations\" target=\"_self\"><\/a><\/li><\/ul><\/div>\n\t\t\t\t<\/figure>\n\n\t\t\t\t<section class=\"text\">\n\t\t\t\t\t<h5 class=\"clean_heading\"><a href=\"https:\/\/www.estudiodecomunicacion.com\/en\/servicios\/relaciones-publicas\/\" target=\"_self\" rel=\"bookmark\">Public Relations<\/a><\/h5>\n\t\t\t\t\t\n\t\t\t\t<\/section> \n\n\t\t\t\n<\/div> \n<!-- \/ portfolio box-->\n<\/div>\n<\/div>\r\n\t\t\t\t\t<\/div>\r\n\t\t\t\t\t\r\n\t\t\t\t<div id=\"slider-portfolio-dynamicID-315990-dots\" class=\"dots-holder\">\r\n\t\t\t\t<\/div>\r\n\t\t\t\r\n\t\t\t\t<\/div>\r\n\t\t\t[vc_empty_space][\/vc_column][\/vc_row][vc_row rt_row_background_width=&#8221;default&#8221; rt_row_style=&#8221;default-style&#8221; rt_row_borders=&#8221;&#8221; rt_row_paddings=&#8221;true&#8221; rt_bg_effect=&#8221;classic&#8221; rt_bg_image_repeat=&#8221;repeat&#8221; rt_bg_size=&#8221;cover&#8221; rt_bg_position=&#8221;right top&#8221; rt_bg_attachment=&#8221;scroll&#8221; rt_bg_video_format=&#8221;self-hosted&#8221;][vc_column width=&#8221;1\/2&#8243; rt_wrp_col_paddings=&#8221;false&#8221; rt_border_top=&#8221;&#8221; rt_border_bottom=&#8221;&#8221; rt_border_left=&#8221;&#8221; rt_border_right=&#8221;&#8221; rt_border_top_mobile=&#8221;&#8221; rt_border_bottom_mobile=&#8221;&#8221; rt_border_left_mobile=&#8221;&#8221; rt_border_right_mobile=&#8221;&#8221; rt_bg_image_repeat=&#8221;repeat&#8221; rt_bg_size=&#8221;auto auto&#8221; rt_bg_position=&#8221;right top&#8221; rt_bg_attachment=&#8221;scroll&#8221;][vc_empty_space height=&#8221;42px&#8221;]<section id=\"staff-621445\" class=\"team border_grid clearfix  \"><div class=\"row clearfix\"><div class=\"col col-sm-12\">\n\n \n<div class=\"loop post-31589 staff type-staff status-publish has-post-thumbnail hentry\" id=\"person-31589\">\t\n\t\t<div class=\"person_image\">\n\t\t<div class=\"person_image_wrapper\">\n\t\t\t\n\t\t\t\t\t\t\t<a href=\"https:\/\/www.estudiodecomunicacion.com\/en\/equipo\/fernando-nadal-socio-director-chile\/\"><img decoding=\"async\" src=\"https:\/\/www.estudiodecomunicacion.com\/wp-content\/uploads\/2017\/10\/Fernando-Nadal-1.jpg\" alt=\"\" class=\"\" \/><\/a>\n\t\t\t\t\t\t\n\t\t<\/div>\n\t<\/div>\n\t\n\t\t\t<h5 class=\"person_name\"><a href=\"https:\/\/www.estudiodecomunicacion.com\/en\/equipo\/fernando-nadal-socio-director-chile\/\">Fernando Nadal<\/a><\/h5>\n\t\n\t\n\t<div class=\"profile\">\n\t\tManaging Partner, Chile\t<\/div> \n\n\t<div class=\"person_links_wrapper\"><ul class=\"social_media\"><li class=\"mail\"><a class=\"icon-mail\" target=\"_self\" href=\"mailto:fnadal@estudiodecomunicacion.cl\" title=\"Email\"><span>Email<\/span><\/a><\/li><li class=\"twitter\"><a class=\"icon-twitter\" target=\"_blank\" href=\"https:\/\/twitter.com\/fernandonadalm\" title=\"X\"><span>X<\/span><\/a><\/li><li class=\"linkedin\"><a class=\"icon-linkedin\" target=\"_blank\" href=\"https:\/\/www.linkedin.com\/in\/fernando-nadal-moya-570b1321\/\" title=\"Linkedin\"><span>Linkedin<\/span><\/a><\/li><\/ul><\/div>\t\n<\/div>\n<\/div>\n<\/div><\/section>[\/vc_column][vc_column width=&#8221;1\/2&#8243; rt_wrp_col_paddings=&#8221;false&#8221; rt_border_top=&#8221;&#8221; rt_border_bottom=&#8221;&#8221; rt_border_left=&#8221;&#8221; rt_border_right=&#8221;&#8221; rt_border_top_mobile=&#8221;&#8221; rt_border_bottom_mobile=&#8221;&#8221; rt_border_left_mobile=&#8221;&#8221; rt_border_right_mobile=&#8221;&#8221; rt_bg_image_repeat=&#8221;repeat&#8221; rt_bg_size=&#8221;auto auto&#8221; rt_bg_position=&#8221;right top&#8221; rt_bg_attachment=&#8221;scroll&#8221;][vc_empty_space height=&#8221;42px&#8221;][vc_column_text]Fernando Nadal ha trabajado durante 20 a\u00f1os como responsable de las secciones de Empresas y Finanzas de los diarios espa\u00f1oles El Economista, Ya, ABC, El Pa\u00eds y Expansi\u00f3n.<\/p>\n<p>En 1998, asumi\u00f3 en Chile el cargo de Gerente Corporativo de Comunicaci\u00f3n de Enersis (holding el\u00e9ctrico controlado por ENDESA), puesto que compatibiliz\u00f3 con el de director de Comunicaci\u00f3n de Endesa Internacional, desde el que dirigi\u00f3 la pol\u00edtica de comunicaci\u00f3n del holding chileno, poniendo en marcha la organizaci\u00f3n y la estrategia de comunicaci\u00f3n de las empresas de ENDESA en Argentina, Brasil, Colombia, Chile y Per\u00fa.<\/p>\n<p>Fue consejero de varias compa\u00f1\u00edas latinoamericanas: Elesur (Chile), Cerj (Brasil), Coelce (Brasil) y Edesur (Argentina), as\u00ed como director de la Fundaci\u00f3n Chilectra Activa (Chile).<\/p>\n<p>Tras cinco a\u00f1os residiendo en Santiago, en 2003 regres\u00f3 a Espa\u00f1a para hacerse cargo de la Direcci\u00f3n de Comunicaci\u00f3n Corporativa y Latinoam\u00e9rica de ENDESA, asumiendo, adem\u00e1s, el cargo de secretario ejecutivo del Comit\u00e9 de Delegados de Endesa en Am\u00e9rica Latina.<\/p>\n<p>A principios de 2006 entr\u00f3 como Director General de Comunicaci\u00f3n del Real Madrid, y en febrero de 2009 dej\u00f3 Espa\u00f1a para asumir la vicepresidencia de Estudio de Comunicaci\u00f3n en Chile.[\/vc_column_text][\/vc_column][\/vc_row][\/vc_section][vc_row rt_row_background_width=&#8221;default&#8221; rt_row_style=&#8221;default-style&#8221; rt_row_borders=&#8221;&#8221; rt_row_paddings=&#8221;true&#8221; rt_bg_effect=&#8221;classic&#8221; rt_bg_image_repeat=&#8221;repeat&#8221; rt_bg_size=&#8221;cover&#8221; rt_bg_position=&#8221;right top&#8221; rt_bg_attachment=&#8221;scroll&#8221; rt_bg_video_format=&#8221;self-hosted&#8221;][vc_column width=&#8221;1\/3&#8243; rt_wrp_col_paddings=&#8221;false&#8221; rt_border_top=&#8221;&#8221; rt_border_bottom=&#8221;&#8221; rt_border_left=&#8221;&#8221; rt_border_right=&#8221;&#8221; rt_border_top_mobile=&#8221;&#8221; rt_border_bottom_mobile=&#8221;&#8221; rt_border_left_mobile=&#8221;&#8221; rt_border_right_mobile=&#8221;&#8221; rt_bg_image_repeat=&#8221;repeat&#8221; rt_bg_size=&#8221;auto auto&#8221; rt_bg_position=&#8221;right top&#8221; rt_bg_attachment=&#8221;scroll&#8221;][\/vc_column][vc_column width=&#8221;1\/3&#8243; rt_wrp_col_paddings=&#8221;false&#8221; rt_border_top=&#8221;&#8221; rt_border_bottom=&#8221;&#8221; rt_border_left=&#8221;&#8221; rt_border_right=&#8221;&#8221; rt_border_top_mobile=&#8221;&#8221; rt_border_bottom_mobile=&#8221;&#8221; rt_border_left_mobile=&#8221;&#8221; rt_border_right_mobile=&#8221;&#8221; rt_bg_image_repeat=&#8221;repeat&#8221; rt_bg_size=&#8221;auto auto&#8221; rt_bg_position=&#8221;right top&#8221; rt_bg_attachment=&#8221;scroll&#8221;]\n<div class=\"wpcf7 no-js\" id=\"wpcf7-f30768-o1\" lang=\"es-ES\" dir=\"ltr\" data-wpcf7-id=\"30768\">\n<div class=\"screen-reader-response\"><p role=\"status\" aria-live=\"polite\" aria-atomic=\"true\"><\/p> <ul><\/ul><\/div>\n<form action=\"\/en\/wp-json\/wp\/v2\/pages\/33369#wpcf7-f30768-o1\" method=\"post\" class=\"wpcf7-form init\" aria-label=\"Formulario de contacto\" novalidate=\"novalidate\" data-status=\"init\">\n<fieldset class=\"hidden-fields-container\"><input type=\"hidden\" name=\"_wpcf7\" value=\"30768\" \/><input type=\"hidden\" name=\"_wpcf7_version\" value=\"6.1.5\" \/><input type=\"hidden\" name=\"_wpcf7_locale\" value=\"es_ES\" \/><input type=\"hidden\" name=\"_wpcf7_unit_tag\" value=\"wpcf7-f30768-o1\" \/><input type=\"hidden\" name=\"_wpcf7_container_post\" value=\"0\" \/><input type=\"hidden\" name=\"_wpcf7_posted_data_hash\" value=\"\" \/>\n<\/fieldset>\n<p><label> Suscr\u00edbete a nuestra Newsletter<br \/>\n<\/label><label> Nombre y Apellidos (requerido)<br \/>\n<span class=\"wpcf7-form-control-wrap\" data-name=\"your-name\"><input size=\"40\" maxlength=\"400\" class=\"wpcf7-form-control wpcf7-text wpcf7-validates-as-required\" aria-required=\"true\" aria-invalid=\"false\" value=\"\" type=\"text\" name=\"your-name\" \/><\/span> <\/label>\n<\/p>\n<p><label> Empresa (requerido)<br \/>\n<span class=\"wpcf7-form-control-wrap\" data-name=\"your-company-name\"><input size=\"40\" maxlength=\"400\" class=\"wpcf7-form-control wpcf7-text wpcf7-validates-as-required\" aria-required=\"true\" aria-invalid=\"false\" value=\"\" type=\"text\" name=\"your-company-name\" \/><\/span> <\/label>\n<\/p>\n<p><label> Tu correo electr\u00f3nico (requerido)<br \/>\n<span class=\"wpcf7-form-control-wrap\" data-name=\"your-email\"><input size=\"40\" maxlength=\"400\" class=\"wpcf7-form-control wpcf7-email wpcf7-validates-as-required wpcf7-text wpcf7-validates-as-email\" aria-required=\"true\" aria-invalid=\"false\" value=\"\" type=\"email\" name=\"your-email\" \/><\/span> <\/label>\n<\/p>\n<p><span class=\"wpcf7-form-control-wrap\" data-name=\"acceptance-486\"><span class=\"wpcf7-form-control wpcf7-acceptance\"><span class=\"wpcf7-list-item\"><label><input type=\"checkbox\" name=\"acceptance-486\" value=\"1\" aria-invalid=\"false\" \/><span class=\"wpcf7-list-item-label\">Acepto la<\/span><\/label><\/span><\/span><\/span><a href=\"https:\/\/www.estudiodecomunicacion.com\/politica-de-privacidad\/\"> pol\u00edtica de privacidad<\/a><br \/>\n<span class=\"wpcf7-form-control-wrap\" data-name=\"acceptance-737\"><span class=\"wpcf7-form-control wpcf7-acceptance\"><span class=\"wpcf7-list-item\"><label><input type=\"checkbox\" name=\"acceptance-737\" value=\"1\" aria-invalid=\"false\" \/><span class=\"wpcf7-list-item-label\">Deseo recibir informaci\u00f3n<\/span><\/label><\/span><\/span><\/span>\n<\/p>\n<p><input class=\"wpcf7-form-control wpcf7-submit has-spinner\" type=\"submit\" value=\"Enviar\" \/>\n<\/p><p style=\"display: none !important;\" class=\"akismet-fields-container\" data-prefix=\"_wpcf7_ak_\"><label>&#916;<textarea name=\"_wpcf7_ak_hp_textarea\" cols=\"45\" rows=\"8\" maxlength=\"100\"><\/textarea><\/label><input type=\"hidden\" id=\"ak_js_1\" name=\"_wpcf7_ak_js\" value=\"36\"\/><script>document.getElementById( \"ak_js_1\" ).setAttribute( \"value\", ( new Date() ).getTime() );<\/script><\/p><div class=\"wpcf7-response-output\" aria-hidden=\"true\"><\/div>\n<\/form>\n<\/div>\n[\/vc_column][vc_column width=&#8221;1\/3&#8243; rt_wrp_col_paddings=&#8221;false&#8221; rt_border_top=&#8221;&#8221; rt_border_bottom=&#8221;&#8221; rt_border_left=&#8221;&#8221; rt_border_right=&#8221;&#8221; rt_border_top_mobile=&#8221;&#8221; rt_border_bottom_mobile=&#8221;&#8221; rt_border_left_mobile=&#8221;&#8221; rt_border_right_mobile=&#8221;&#8221; rt_bg_image_repeat=&#8221;repeat&#8221; rt_bg_size=&#8221;auto auto&#8221; rt_bg_position=&#8221;right top&#8221; rt_bg_attachment=&#8221;scroll&#8221;][\/vc_column][\/vc_row]<\/p>\n<\/div>","protected":false},"excerpt":{"rendered":"<p>[vc_row full_height=&#8221;yes&#8221; rt_row_background_width=&#8221;fullwidth&#8221; rt_row_content_width=&#8221;fullwidth&#8221; rt_row_style=&#8221;default-style&#8221; rt_row_borders=&#8221;&#8221; rt_row_paddings=&#8221;false&#8221; rt_bg_effect=&#8221;classic&#8221; rt_bg_image_repeat=&#8221;repeat&#8221; rt_bg_size=&#8221;cover&#8221; rt_bg_position=&#8221;right top&#8221; rt_bg_attachment=&#8221;scroll&#8221; rt_bg_video_format=&#8221;self-hosted&#8221;][vc_column rt_color_set=&#8221;light-style&#8221; rt_wrp_col_paddings=&#8221;false&#8221; rt_border_top=&#8221;&#8221; rt_border_bottom=&#8221;&#8221; rt_border_left=&#8221;&#8221; rt_border_right=&#8221;&#8221; rt_border_top_mobile=&#8221;&#8221; rt_border_bottom_mobile=&#8221;&#8221; rt_border_left_mobile=&#8221;&#8221; rt_border_right_mobile=&#8221;&#8221; rt_bg_image_repeat=&#8221;repeat&#8221; rt_bg_size=&#8221;auto auto&#8221; rt_bg_position=&#8221;right top&#8221; rt_bg_attachment=&#8221;scroll&#8221; rt_bg_color=&#8221;#031e2f&#8221;][rev_slider_vc alias=&#8221;chile&#8221;][vc_row_inner rt_row_style=&#8221;global-style&#8221; rt_row_borders=&#8221;&#8221; rt_row_paddings=&#8221;true&#8221; rt_bg_effect=&#8221;classic&#8221; rt_bg_image_repeat=&#8221;repeat&#8221; rt_bg_size=&#8221;cover&#8221; rt_bg_position=&#8221;right top&#8221; rt_bg_attachment=&#8221;scroll&#8221; rt_bg_video_format=&#8221;self-hosted&#8221; class=&#8221;intro&#8221; rt_padding_top=&#8221;0&#8243; rt_padding_bottom=&#8221;0&#8243; rt_padding_left=&#8221;15&#8243; rt_padding_right=&#8221;15&#8243;][vc_column_inner rt_wrp_col_paddings=&#8221;false&#8221; rt_border_top=&#8221;&#8221; rt_border_bottom=&#8221;&#8221; rt_border_left=&#8221;&#8221; rt_border_right=&#8221;&#8221; rt_border_top_mobile=&#8221;&#8221; rt_border_bottom_mobile=&#8221;&#8221; rt_border_left_mobile=&#8221;&#8221; [&hellip;]<\/p>\n","protected":false},"author":106,"featured_media":0,"parent":0,"menu_order":0,"comment_status":"closed","ping_status":"closed","template":"","meta":{"_monsterinsights_skip_tracking":false,"_monsterinsights_sitenote_active":false,"_monsterinsights_sitenote_note":"","_monsterinsights_sitenote_category":0,"footnotes":""},"class_list":["post-33369","page","type-page","status-publish","hentry"],"yoast_head":"<!-- This site is optimized with the Yoast SEO Premium plugin v27.4 (Yoast SEO v27.4) - https:\/\/yoast.com\/product\/yoast-seo-premium-wordpress\/ -->\n<title>Chile - Estudio de Comunicaci\u00f3n<\/title>\n<meta name=\"robots\" content=\"index, follow, max-snippet:-1, max-image-preview:large, max-video-preview:-1\" \/>\n<link rel=\"canonical\" href=\"https:\/\/www.estudiodecomunicacion.com\/en\/chile\/\" \/>\n<meta property=\"og:locale\" content=\"en_US\" \/>\n<meta property=\"og:type\" content=\"article\" \/>\n<meta property=\"og:title\" content=\"Chile\" \/>\n<meta property=\"og:description\" content=\"[vc_row full_height=&#8221;yes&#8221; rt_row_background_width=&#8221;fullwidth&#8221; rt_row_content_width=&#8221;fullwidth&#8221; rt_row_style=&#8221;default-style&#8221; rt_row_borders=&#8221;&#8221; rt_row_paddings=&#8221;false&#8221; rt_bg_effect=&#8221;classic&#8221; rt_bg_image_repeat=&#8221;repeat&#8221; rt_bg_size=&#8221;cover&#8221; rt_bg_position=&#8221;right top&#8221; rt_bg_attachment=&#8221;scroll&#8221; rt_bg_video_format=&#8221;self-hosted&#8221;][vc_column rt_color_set=&#8221;light-style&#8221; rt_wrp_col_paddings=&#8221;false&#8221; rt_border_top=&#8221;&#8221; rt_border_bottom=&#8221;&#8221; rt_border_left=&#8221;&#8221; rt_border_right=&#8221;&#8221; rt_border_top_mobile=&#8221;&#8221; rt_border_bottom_mobile=&#8221;&#8221; rt_border_left_mobile=&#8221;&#8221; rt_border_right_mobile=&#8221;&#8221; rt_bg_image_repeat=&#8221;repeat&#8221; rt_bg_size=&#8221;auto auto&#8221; rt_bg_position=&#8221;right top&#8221; rt_bg_attachment=&#8221;scroll&#8221; rt_bg_color=&#8221;#031e2f&#8221;][rev_slider_vc alias=&#8221;chile&#8221;][vc_row_inner rt_row_style=&#8221;global-style&#8221; rt_row_borders=&#8221;&#8221; rt_row_paddings=&#8221;true&#8221; rt_bg_effect=&#8221;classic&#8221; rt_bg_image_repeat=&#8221;repeat&#8221; rt_bg_size=&#8221;cover&#8221; rt_bg_position=&#8221;right top&#8221; rt_bg_attachment=&#8221;scroll&#8221; rt_bg_video_format=&#8221;self-hosted&#8221; class=&#8221;intro&#8221; rt_padding_top=&#8221;0&#8243; rt_padding_bottom=&#8221;0&#8243; rt_padding_left=&#8221;15&#8243; rt_padding_right=&#8221;15&#8243;][vc_column_inner rt_wrp_col_paddings=&#8221;false&#8221; rt_border_top=&#8221;&#8221; rt_border_bottom=&#8221;&#8221; rt_border_left=&#8221;&#8221; rt_border_right=&#8221;&#8221; rt_border_top_mobile=&#8221;&#8221; rt_border_bottom_mobile=&#8221;&#8221; rt_border_left_mobile=&#8221;&#8221; [&hellip;]\" \/>\n<meta property=\"og:url\" content=\"https:\/\/www.estudiodecomunicacion.com\/en\/chile\/\" \/>\n<meta property=\"og:site_name\" content=\"Estudio de Comunicaci\u00f3n\" \/>\n<meta property=\"article:publisher\" content=\"https:\/\/www.facebook.com\/estudiodecomunicacion\" \/>\n<meta property=\"article:modified_time\" content=\"2018-06-27T08:28:44+00:00\" \/>\n<meta name=\"twitter:card\" content=\"summary_large_image\" \/>\n<meta name=\"twitter:site\" content=\"@EstComunicacion\" \/>\n<meta name=\"twitter:label1\" content=\"Est. reading time\" \/>\n\t<meta name=\"twitter:data1\" content=\"6 minutes\" \/>\n<script type=\"application\/ld+json\" class=\"yoast-schema-graph\">{\"@context\":\"https:\\\/\\\/schema.org\",\"@graph\":[{\"@type\":\"WebPage\",\"@id\":\"https:\\\/\\\/www.estudiodecomunicacion.com\\\/en\\\/chile\\\/\",\"url\":\"https:\\\/\\\/www.estudiodecomunicacion.com\\\/en\\\/chile\\\/\",\"name\":\"Chile - Estudio de Comunicaci\u00f3n\",\"isPartOf\":{\"@id\":\"https:\\\/\\\/www.estudiodecomunicacion.com\\\/#website\"},\"datePublished\":\"2018-04-19T16:08:43+00:00\",\"dateModified\":\"2018-06-27T08:28:44+00:00\",\"breadcrumb\":{\"@id\":\"https:\\\/\\\/www.estudiodecomunicacion.com\\\/en\\\/chile\\\/#breadcrumb\"},\"inLanguage\":\"en-US\",\"potentialAction\":[{\"@type\":\"ReadAction\",\"target\":[\"https:\\\/\\\/www.estudiodecomunicacion.com\\\/en\\\/chile\\\/\"]}]},{\"@type\":\"BreadcrumbList\",\"@id\":\"https:\\\/\\\/www.estudiodecomunicacion.com\\\/en\\\/chile\\\/#breadcrumb\",\"itemListElement\":[{\"@type\":\"ListItem\",\"position\":1,\"name\":\"Portada\",\"item\":\"https:\\\/\\\/www.estudiodecomunicacion.com\\\/en\\\/\"},{\"@type\":\"ListItem\",\"position\":2,\"name\":\"Chile\"}]},{\"@type\":\"WebSite\",\"@id\":\"https:\\\/\\\/www.estudiodecomunicacion.com\\\/#website\",\"url\":\"https:\\\/\\\/www.estudiodecomunicacion.com\\\/\",\"name\":\"Estudio de Comunicaci\u00f3n - Consultores de Comunicaci\u00f3n y Relaciones P\u00fablicas\",\"description\":\"Consultora de Comunicaci\u00f3n y Relaciones P\u00fablicas\",\"publisher\":{\"@id\":\"https:\\\/\\\/www.estudiodecomunicacion.com\\\/#organization\"},\"potentialAction\":[{\"@type\":\"SearchAction\",\"target\":{\"@type\":\"EntryPoint\",\"urlTemplate\":\"https:\\\/\\\/www.estudiodecomunicacion.com\\\/?s={search_term_string}\"},\"query-input\":{\"@type\":\"PropertyValueSpecification\",\"valueRequired\":true,\"valueName\":\"search_term_string\"}}],\"inLanguage\":\"en-US\"},{\"@type\":\"Organization\",\"@id\":\"https:\\\/\\\/www.estudiodecomunicacion.com\\\/#organization\",\"name\":\"Estudio de Comunicaci\u00f3n\",\"url\":\"https:\\\/\\\/www.estudiodecomunicacion.com\\\/\",\"logo\":{\"@type\":\"ImageObject\",\"inLanguage\":\"en-US\",\"@id\":\"https:\\\/\\\/www.estudiodecomunicacion.com\\\/#\\\/schema\\\/logo\\\/image\\\/\",\"url\":\"https:\\\/\\\/www.estudiodecomunicacion.com\\\/wp-content\\\/uploads\\\/2018\\\/02\\\/EC_LogoEC.R_LogoLazo-03-03.png\",\"contentUrl\":\"https:\\\/\\\/www.estudiodecomunicacion.com\\\/wp-content\\\/uploads\\\/2018\\\/02\\\/EC_LogoEC.R_LogoLazo-03-03.png\",\"width\":431,\"height\":401,\"caption\":\"Estudio de Comunicaci\u00f3n\"},\"image\":{\"@id\":\"https:\\\/\\\/www.estudiodecomunicacion.com\\\/#\\\/schema\\\/logo\\\/image\\\/\"},\"sameAs\":[\"https:\\\/\\\/www.facebook.com\\\/estudiodecomunicacion\",\"https:\\\/\\\/x.com\\\/EstComunicacion\",\"https:\\\/\\\/www.instagram.com\\\/estcomunicacion\\\/\",\"https:\\\/\\\/www.linkedin.com\\\/company\\\/estudio-de-comunicacion\\\/?originalSubdomain=es\",\"https:\\\/\\\/www.youtube.com\\\/user\\\/EstComunicacion\"]}]}<\/script>\n<!-- \/ Yoast SEO Premium plugin. -->","yoast_head_json":{"title":"Chile - Estudio de Comunicaci\u00f3n","robots":{"index":"index","follow":"follow","max-snippet":"max-snippet:-1","max-image-preview":"max-image-preview:large","max-video-preview":"max-video-preview:-1"},"canonical":"https:\/\/www.estudiodecomunicacion.com\/en\/chile\/","og_locale":"en_US","og_type":"article","og_title":"Chile","og_description":"[vc_row full_height=&#8221;yes&#8221; rt_row_background_width=&#8221;fullwidth&#8221; rt_row_content_width=&#8221;fullwidth&#8221; rt_row_style=&#8221;default-style&#8221; rt_row_borders=&#8221;&#8221; rt_row_paddings=&#8221;false&#8221; rt_bg_effect=&#8221;classic&#8221; rt_bg_image_repeat=&#8221;repeat&#8221; rt_bg_size=&#8221;cover&#8221; rt_bg_position=&#8221;right top&#8221; rt_bg_attachment=&#8221;scroll&#8221; rt_bg_video_format=&#8221;self-hosted&#8221;][vc_column rt_color_set=&#8221;light-style&#8221; rt_wrp_col_paddings=&#8221;false&#8221; rt_border_top=&#8221;&#8221; rt_border_bottom=&#8221;&#8221; rt_border_left=&#8221;&#8221; rt_border_right=&#8221;&#8221; rt_border_top_mobile=&#8221;&#8221; rt_border_bottom_mobile=&#8221;&#8221; rt_border_left_mobile=&#8221;&#8221; rt_border_right_mobile=&#8221;&#8221; rt_bg_image_repeat=&#8221;repeat&#8221; rt_bg_size=&#8221;auto auto&#8221; rt_bg_position=&#8221;right top&#8221; rt_bg_attachment=&#8221;scroll&#8221; rt_bg_color=&#8221;#031e2f&#8221;][rev_slider_vc alias=&#8221;chile&#8221;][vc_row_inner rt_row_style=&#8221;global-style&#8221; rt_row_borders=&#8221;&#8221; rt_row_paddings=&#8221;true&#8221; rt_bg_effect=&#8221;classic&#8221; rt_bg_image_repeat=&#8221;repeat&#8221; rt_bg_size=&#8221;cover&#8221; rt_bg_position=&#8221;right top&#8221; rt_bg_attachment=&#8221;scroll&#8221; rt_bg_video_format=&#8221;self-hosted&#8221; class=&#8221;intro&#8221; rt_padding_top=&#8221;0&#8243; rt_padding_bottom=&#8221;0&#8243; rt_padding_left=&#8221;15&#8243; rt_padding_right=&#8221;15&#8243;][vc_column_inner rt_wrp_col_paddings=&#8221;false&#8221; rt_border_top=&#8221;&#8221; rt_border_bottom=&#8221;&#8221; rt_border_left=&#8221;&#8221; rt_border_right=&#8221;&#8221; rt_border_top_mobile=&#8221;&#8221; rt_border_bottom_mobile=&#8221;&#8221; rt_border_left_mobile=&#8221;&#8221; [&hellip;]","og_url":"https:\/\/www.estudiodecomunicacion.com\/en\/chile\/","og_site_name":"Estudio de Comunicaci\u00f3n","article_publisher":"https:\/\/www.facebook.com\/estudiodecomunicacion","article_modified_time":"2018-06-27T08:28:44+00:00","twitter_card":"summary_large_image","twitter_site":"@EstComunicacion","twitter_misc":{"Est. reading time":"6 minutes"},"schema":{"@context":"https:\/\/schema.org","@graph":[{"@type":"WebPage","@id":"https:\/\/www.estudiodecomunicacion.com\/en\/chile\/","url":"https:\/\/www.estudiodecomunicacion.com\/en\/chile\/","name":"Chile - Estudio de Comunicaci\u00f3n","isPartOf":{"@id":"https:\/\/www.estudiodecomunicacion.com\/#website"},"datePublished":"2018-04-19T16:08:43+00:00","dateModified":"2018-06-27T08:28:44+00:00","breadcrumb":{"@id":"https:\/\/www.estudiodecomunicacion.com\/en\/chile\/#breadcrumb"},"inLanguage":"en-US","potentialAction":[{"@type":"ReadAction","target":["https:\/\/www.estudiodecomunicacion.com\/en\/chile\/"]}]},{"@type":"BreadcrumbList","@id":"https:\/\/www.estudiodecomunicacion.com\/en\/chile\/#breadcrumb","itemListElement":[{"@type":"ListItem","position":1,"name":"Portada","item":"https:\/\/www.estudiodecomunicacion.com\/en\/"},{"@type":"ListItem","position":2,"name":"Chile"}]},{"@type":"WebSite","@id":"https:\/\/www.estudiodecomunicacion.com\/#website","url":"https:\/\/www.estudiodecomunicacion.com\/","name":"Estudio de Comunicaci\u00f3n - Consultores de Comunicaci\u00f3n y Relaciones P\u00fablicas","description":"Consultora de Comunicaci\u00f3n y Relaciones P\u00fablicas","publisher":{"@id":"https:\/\/www.estudiodecomunicacion.com\/#organization"},"potentialAction":[{"@type":"SearchAction","target":{"@type":"EntryPoint","urlTemplate":"https:\/\/www.estudiodecomunicacion.com\/?s={search_term_string}"},"query-input":{"@type":"PropertyValueSpecification","valueRequired":true,"valueName":"search_term_string"}}],"inLanguage":"en-US"},{"@type":"Organization","@id":"https:\/\/www.estudiodecomunicacion.com\/#organization","name":"Estudio de Comunicaci\u00f3n","url":"https:\/\/www.estudiodecomunicacion.com\/","logo":{"@type":"ImageObject","inLanguage":"en-US","@id":"https:\/\/www.estudiodecomunicacion.com\/#\/schema\/logo\/image\/","url":"https:\/\/www.estudiodecomunicacion.com\/wp-content\/uploads\/2018\/02\/EC_LogoEC.R_LogoLazo-03-03.png","contentUrl":"https:\/\/www.estudiodecomunicacion.com\/wp-content\/uploads\/2018\/02\/EC_LogoEC.R_LogoLazo-03-03.png","width":431,"height":401,"caption":"Estudio de Comunicaci\u00f3n"},"image":{"@id":"https:\/\/www.estudiodecomunicacion.com\/#\/schema\/logo\/image\/"},"sameAs":["https:\/\/www.facebook.com\/estudiodecomunicacion","https:\/\/x.com\/EstComunicacion","https:\/\/www.instagram.com\/estcomunicacion\/","https:\/\/www.linkedin.com\/company\/estudio-de-comunicacion\/?originalSubdomain=es","https:\/\/www.youtube.com\/user\/EstComunicacion"]}]}},"_links":{"self":[{"href":"https:\/\/www.estudiodecomunicacion.com\/en\/wp-json\/wp\/v2\/pages\/33369","targetHints":{"allow":["GET"]}}],"collection":[{"href":"https:\/\/www.estudiodecomunicacion.com\/en\/wp-json\/wp\/v2\/pages"}],"about":[{"href":"https:\/\/www.estudiodecomunicacion.com\/en\/wp-json\/wp\/v2\/types\/page"}],"author":[{"embeddable":true,"href":"https:\/\/www.estudiodecomunicacion.com\/en\/wp-json\/wp\/v2\/users\/106"}],"replies":[{"embeddable":true,"href":"https:\/\/www.estudiodecomunicacion.com\/en\/wp-json\/wp\/v2\/comments?post=33369"}],"version-history":[{"count":0,"href":"https:\/\/www.estudiodecomunicacion.com\/en\/wp-json\/wp\/v2\/pages\/33369\/revisions"}],"wp:attachment":[{"href":"https:\/\/www.estudiodecomunicacion.com\/en\/wp-json\/wp\/v2\/media?parent=33369"}],"curies":[{"name":"wp","href":"https:\/\/api.w.org\/{rel}","templated":true}]}}